
{"id":27525,"date":"2019-04-15T12:09:10","date_gmt":"2019-04-15T18:09:10","guid":{"rendered":"https:\/\/www.nfu.ca\/publications\/union-fermiere-trimestriel-printemps-2019\/"},"modified":"2025-02-14T13:06:58","modified_gmt":"2025-02-14T19:06:58","slug":"union-fermiere-trimestriel-printemps-2019","status":"publish","type":"publications","link":"https:\/\/www.nfu.ca\/fr\/publications\/union-fermiere-trimestriel-printemps-2019\/","title":{"rendered":"Union Fermi\u00e8re Trimestrielle : Printemps 2019"},"content":{"rendered":"<h3><strong>Dans ce num\u00e9ro :<\/strong><\/h3>\n<p><strong>Messages<\/strong> du comit\u00e9 consultatif de r\u00e9daction, de la pr\u00e9sidente Katie Ward, de la pr\u00e9sidente des femmes Toby Malloy, du pr\u00e9sident des jeunes Stuart Oke et des coordinateurs r\u00e9gionaux.<\/p>\n<p><strong>Pr\u00e9sentation de <\/strong>Marcelle Paulin, conseill\u00e8re pour les femmes de la r\u00e9gion 3 ; Stewart Wells, 2e vice-pr\u00e9sident (op\u00e9rations) ; Lyle Orchard, repr\u00e9sentant du CIP de la r\u00e9gion 6<\/p>\n<h3><strong>Articles :<\/strong><\/h3>\n<p><strong>Inspiration, motivation, validation et sens de la communaut\u00e9<\/strong> &#8211; <em>par Justin L., jeune membre de la r\u00e9gion 5 <\/em>&#8211; Communaut\u00e9, famille, inspiration et espoir. Ces mots repr\u00e9sentent les sentiments et les \u00e9motions que les gens ont exprim\u00e9s et partag\u00e9s lors de la derni\u00e8re journ\u00e9e de la Convergence des jeunes de l&rsquo;UNF 2019, qui s&rsquo;est tenue au camp RKY \u00e0 Parham, en Ontario.<\/p>\n<p><strong>Droits sur les semences de l\u00e9gumes et de fruits<\/strong> &#8211; Le gouvernement f\u00e9d\u00e9ral envisage maintenant d&rsquo;introduire des r\u00e8glements en vertu de la <em>loi sur la protection des obtentions v\u00e9g\u00e9tales<\/em> (LPOV) afin de supprimer compl\u00e8tement le privil\u00e8ge des fermi\u00e8res pour les nouvelles vari\u00e9t\u00e9s de l\u00e9gumes, de fruits et de cultures ornementales.<\/p>\n<p><strong>Honorer l&rsquo;esprit et l&rsquo;intention de la PEI Land Protections Act<\/strong> &#8211; <strong>par Doug Campbell, Directeur de la R\u00e9gion 1 District 1<\/strong> &#8211; L&rsquo;ann\u00e9e derni\u00e8re, la R\u00e9gion 1, District 1 de la Nationale des Fermiers s&rsquo;est concentr\u00e9e sur l&rsquo;intensit\u00e9 croissante de l&rsquo;accaparement des terres \u00e0 l&rsquo;\u00cele-du-Prince-\u00c9douard. L&rsquo;histoire de l&rsquo;\u00eele est impr\u00e9gn\u00e9e de la question fonci\u00e8re. Depuis des g\u00e9n\u00e9rations, les habitants de l&rsquo;\u00eele se sont battus pour avoir le droit de poss\u00e9der et de contr\u00f4ler la principale ressource de l&rsquo;\u00eele : la terre.<\/p>\n<p><strong>R\u00e9union r\u00e9gionale &#8211; La Via Campesina Am\u00e9rique du Nord, 26-30 janvier 2019<\/strong> &#8211; <em>par Joan Brady, coordinatrice r\u00e9gionale de La Via Campesina Am\u00e9rique du Nord<\/em> &#8211; Huit des dix organisations membres de La Via Campesina (LVC) Am\u00e9rique du Nord se sont r\u00e9unies \u00e0 Mexico pour discuter des priorit\u00e9s, \u00e9laborer un plan d&rsquo;action et explorer les \u00e9l\u00e9ments de la lutte commune.<\/p>\n<p><strong>La Via Campesina &#8211; R\u00e9union des secr\u00e9tariats r\u00e9gionaux Bruxelles, 11-13 f\u00e9vrier 2019<\/strong> &#8211; <em>par Carla Fehr, coordinatrice IPC de l&rsquo;UNF et secr\u00e9tariat r\u00e9gional de La Via Campesina Am\u00e9rique du Nord<\/em>&#8211; Lors de la r\u00e9union, nous avons discut\u00e9 des avanc\u00e9es, des forces et des d\u00e9fis des secr\u00e9tariats r\u00e9gionaux de LVC. Il existe une grande diversit\u00e9 d&rsquo;organisations, de langues et de cultures dans nos r\u00e9gions &#8211; c&rsquo;est une richesse importante mais aussi un d\u00e9fi.<\/p>\n<p><strong>Prot\u00e9ger les droits des paysans et des autres personnes travaillant dans les zones rurales<\/strong> &#8211; le discours d&rsquo;ouverture de la 49e convention annuelle de l&rsquo;UNF \u00e9tait une c\u00e9l\u00e9bration des ann\u00e9es de travail de La Via Campesina (LVC) pour que les droits des paysans et des personnes travaillant dans les zones rurales soient enfin reconnus par les Nations unies.<\/p>\n<p><strong>DON et le dilemme de la r\u00e9colte de ma\u00efs de l&rsquo;Ontario en 2018<\/strong> &#8211; <em>par Don Ciparis, UNF Region 3 Board Member and Region 3 Coordinator<\/em> &#8211; Les producteurs de ma\u00efs-grain de certaines parties du sud et de l&rsquo;est de l&rsquo;Ontario ont connu une r\u00e9colte 2018 qu&rsquo;ils esp\u00e8rent ne plus jamais avoir \u00e0 vivre.<\/p>\n<h3>Annonce :<\/h3>\n<ul>\n<li><strong>Congr\u00e8s du 50e anniversaire<\/strong> &#8211; Winnipeg, 25 &#8211; 27 novembre 2019<\/li>\n<li><strong>Prix Beingessner d&rsquo;excellence en r\u00e9daction<\/strong> &#8211; Th\u00e8me 2019 : Les fermi\u00e8res sont en premi\u00e8re ligne de la crise climatique. \u00c0 l&rsquo;heure o\u00f9 les fermiers doivent envisager et mettre en \u0153uvre des strat\u00e9gies d&rsquo;adaptation au climat et d&rsquo;att\u00e9nuation de ses effets, \u00e0 quoi ressemble pour vous l&rsquo;agriculture dans un climat en \u00e9volution ?<\/li>\n<li><strong>S\u00e9rie de webinaires du groupe de travail sur la solidarit\u00e9 autochtone<\/strong><\/li>\n<\/ul>\n<p>&nbsp;<\/p>\n","protected":false},"excerpt":{"rendered":"<p>Dans ce num\u00e9ro : Messages du comit\u00e9 consultatif de r\u00e9daction, de la pr\u00e9sidente Katie Ward, de la pr\u00e9sidente des femmes Toby Malloy, du pr\u00e9sident des jeunes Stuart Oke et des<\/p>\n","protected":false},"author":2,"featured_media":24313,"template":"","meta":{"_acf_changed":false,"_tec_requires_first_save":true,"_EventAllDay":false,"_EventTimezone":"","_EventStartDate":"","_EventEndDate":"","_EventStartDateUTC":"","_EventEndDateUTC":"","_EventShowMap":false,"_EventShowMapLink":false,"_EventURL":"","_EventCost":"","_EventCostDescription":"","_EventCurrencySymbol":"","_EventCurrencyCode":"","_EventCurrencyPosition":"","_EventDateTimeSeparator":"","_EventTimeRangeSeparator":"","_EventOrganizerID":[],"_EventVenueID":[],"_OrganizerEmail":"","_OrganizerPhone":"","_OrganizerWebsite":"","_VenueAddress":"","_VenueCity":"","_VenueCountry":"","_VenueProvince":"","_VenueState":"","_VenueZip":"","_VenuePhone":"","_VenueURL":"","_VenueStateProvince":"","_VenueLat":"","_VenueLng":"","_VenueShowMap":false,"_VenueShowMapLink":false,"_tribe_blocks_recurrence_rules":"","_tribe_blocks_recurrence_description":"","_tribe_blocks_recurrence_exclusions":"","_ecp_custom_4":"","_ecp_custom_7":"","_ecp_custom_9":"","_ecp_custom_10":"","_ecp_custom_12":"","_ecp_custom_13":""},"tags":[],"pub_types":[597,316],"post_region":[],"post_campaign":[],"pub-year":[470],"class_list":["post-27525","publications","type-publications","status-publish","has-post-thumbnail","hentry","pub_types-periodiques","pub_types-union-fermiere","pub-year-2019-fr"],"acf":[],"_links":{"self":[{"href":"https:\/\/www.nfu.ca\/fr\/wp-json\/wp\/v2\/publications\/27525","targetHints":{"allow":["GET"]}}],"collection":[{"href":"https:\/\/www.nfu.ca\/fr\/wp-json\/wp\/v2\/publications"}],"about":[{"href":"https:\/\/www.nfu.ca\/fr\/wp-json\/wp\/v2\/types\/publications"}],"author":[{"embeddable":true,"href":"https:\/\/www.nfu.ca\/fr\/wp-json\/wp\/v2\/users\/2"}],"wp:featuredmedia":[{"embeddable":true,"href":"https:\/\/www.nfu.ca\/fr\/wp-json\/wp\/v2\/media\/24313"}],"wp:attachment":[{"href":"https:\/\/www.nfu.ca\/fr\/wp-json\/wp\/v2\/media?parent=27525"}],"wp:term":[{"taxonomy":"post_tag","embeddable":true,"href":"https:\/\/www.nfu.ca\/fr\/wp-json\/wp\/v2\/tags?post=27525"},{"taxonomy":"pub_types","embeddable":true,"href":"https:\/\/www.nfu.ca\/fr\/wp-json\/wp\/v2\/pub_types?post=27525"},{"taxonomy":"post_region","embeddable":true,"href":"https:\/\/www.nfu.ca\/fr\/wp-json\/wp\/v2\/post_region?post=27525"},{"taxonomy":"post_campaign","embeddable":true,"href":"https:\/\/www.nfu.ca\/fr\/wp-json\/wp\/v2\/post_campaign?post=27525"},{"taxonomy":"pub-year","embeddable":true,"href":"https:\/\/www.nfu.ca\/fr\/wp-json\/wp\/v2\/pub-year?post=27525"}],"curies":[{"name":"wp","href":"https:\/\/api.w.org\/{rel}","templated":true}]}}