
{"id":27452,"date":"2020-11-30T18:04:01","date_gmt":"2020-12-01T00:04:01","guid":{"rendered":"https:\/\/www.nfu.ca\/publications\/14448\/"},"modified":"2020-11-30T18:04:01","modified_gmt":"2020-12-01T00:04:01","slug":"14448","status":"publish","type":"publications","link":"https:\/\/www.nfu.ca\/fr\/publications\/14448\/","title":{"rendered":"Vainqueur 2020 (22 &#8211; 30)"},"content":{"rendered":"<p>Prix Paul Beingessner Concours d&rsquo;essai Union Nationale des Fermiers<\/p>\n<p>Par : Rebecca MacInnis (Age 26)<\/p>\n<p>Il n&rsquo;est pas surprenant que l&rsquo;agriculture, comme beaucoup de choses dans notre nation coloniale, ait \u00e9t\u00e9 construite sur le dos et sans la reconnaissance des Noirs et des indig\u00e8nes. Du vol et du m\u00e9pris des terres et des pratiques autochtones \u00e0 l&rsquo;exploitation flagrante des corps noirs pendant l&rsquo;esclavage et au-del\u00e0, en passant par le mauvais traitement des travailleurs migrants, notre syst\u00e8me alimentaire capitaliste et exploiteur est intrins\u00e8quement d\u00e9fectueux.<\/p>\n<p>L&rsquo;agriculture n&rsquo;existe pas en vase clos, elle est intimement li\u00e9e \u00e0 la vie quotidienne de tous les habitants de la plan\u00e8te. Rendre le syst\u00e8me alimentaire plus juste signifie modifier tous les \u00e9l\u00e9ments avec lesquels il interagit. Une grande partie des messages concernant l&rsquo;activisme dans les m\u00e9dias grand public cible l&rsquo;individu et pr\u00e9tend que les choix des consommateurs ont un impact et peuvent faire la diff\u00e9rence. Si le fait de \u00ab\u00a0voter avec ses dollars\u00a0\u00bb ne doit pas \u00eatre n\u00e9glig\u00e9 dans tous les contextes, il est particuli\u00e8rement pr\u00e9judiciable lorsqu&rsquo;il s&rsquo;agit de nourriture, un produit que nous consommons tous au quotidien. L&rsquo;achat local et biologique est pr\u00e9sent\u00e9 comme propre et moral, tandis que les plats pr\u00e9par\u00e9s sont consid\u00e9r\u00e9s comme sales et bon march\u00e9.<\/p>\n<p>Cette justification rejette la responsabilit\u00e9 sur le mangeur en \u00e9tablissant un jugement bas\u00e9 sur ce qu&rsquo;il peut se permettre. La question syst\u00e9mique en jeu ici est celle de l&rsquo;in\u00e9galit\u00e9 du travail et de la libert\u00e9 de choix. Pour amorcer la transition vers un syst\u00e8me alimentaire plus juste et antiraciste, nous devons d&rsquo;abord prendre en compte le mouvement syndical. Pour moi, un syst\u00e8me alimentaire antiraciste et socialement juste commence par une augmentation du salaire minimum et une am\u00e9lioration des droits des travailleurs et se termine par l&rsquo;abolition du capitalisme. Tout changement qui d\u00e9pend encore d&rsquo;un fonctionnement dans un cadre capitaliste est destin\u00e9 \u00e0 rester une exploitation par nature. La pand\u00e9mie de Covid-19 a mis en lumi\u00e8re l&rsquo;exploitation dans notre soci\u00e9t\u00e9 et a rendu plus \u00e9vident que jamais le fait que les personnes les moins bien r\u00e9mun\u00e9r\u00e9es sont les plus essentielles. Nous devons recadrer notre monde et nos esprits pour entamer cette transition.<\/p>\n<p>Les droits du travail doivent \u00eatre remis en question dans tous les domaines, et pas seulement aupr\u00e8s des consommateurs. Qui peut se permettre d&rsquo;acheter quoi, et pourquoi certains travaux m\u00e9ritent-ils un salaire plus \u00e9lev\u00e9 ? Il s&rsquo;agit d&rsquo;un probl\u00e8me qui peut \u00eatre mis en \u00e9vidence dans les exploitations agricoles de tout le Canada. La norme actuelle veut que les stages agricoles, en particulier dans les petites exploitations biologiques, ne soient pas r\u00e9mun\u00e9r\u00e9s. Cette norme est pr\u00e9judiciable, car tout travail devrait \u00eatre r\u00e9mun\u00e9r\u00e9, mais surtout parce qu&rsquo;elle cr\u00e9e une barri\u00e8re \u00e0 l&rsquo;entr\u00e9e qui fait que seules les personnes suffisamment privil\u00e9gi\u00e9es peuvent acqu\u00e9rir les \u00ab\u00a0qualifications\u00a0\u00bb n\u00e9cessaires pour devenir fermi\u00e8res. La corporatisation de notre syst\u00e8me alimentaire a favoris\u00e9 la d\u00e9gradation des connaissances agricoles, mais le travail non r\u00e9mun\u00e9r\u00e9 ne devrait pas \u00eatre la m\u00e9thode par laquelle nous les r\u00e9introduisons. Nous sommes arriv\u00e9s \u00e0 un point o\u00f9 nous devons nous \u00e9loigner des cours magistraux dispens\u00e9s par des hommes blancs, sans tenir compte des connaissances traditionnelles sur lesquelles ils sont si souvent fond\u00e9s. Nous devons nous \u00e9loigner de la mauvaise repr\u00e9sentation qui montre l&rsquo;agriculture comme une monoculture de visages blancs. Nous connaissons les effets n\u00e9gatifs des monocultures et nous devons renforcer, diversifier et cr\u00e9er de la r\u00e9silience dans notre syst\u00e8me.<\/p>\n<p>C&rsquo;est \u00e0 ce moment-l\u00e0 que nous, jeunes fermi\u00e8res et fermiers, devons nous mobiliser. En tant que colon blanc, je dois me d\u00e9centrer de cette histoire et nous, les jeunes, devons faire preuve de solidarit\u00e9 et amplifier les voix des<a rel=\"noopener\" target=\"_blank\" href=\"https:\/\/www.cbc.ca\/news\/indigenous\/mi-kmaw-fishers-reaction-emergency-debate-1.5769918\"> p\u00eacheurs <\/a> <a rel=\"noopener\" target=\"_blank\" href=\"https:\/\/www.cbc.ca\/news\/indigenous\/mi-kmaw-fishers-reaction-emergency-debate-1.5769918\">m i&rsquo;kmaq <\/a> qui exercent leurs droits issus des trait\u00e9s, des <a rel=\"noopener\" target=\"_blank\" href=\"https:\/\/migrantrights.ca\/latest-news\/\">travailleurs migrants qui <\/a>luttent pour un logement d\u00e9cent, des<a rel=\"noopener\" target=\"_blank\" href=\"https:\/\/nefoclandtrust.org\/\"> fermiers de couleur du <\/a> <a rel=\"noopener\" target=\"_blank\" href=\"https:\/\/nefoclandtrust.org\/\">Nord-Est <\/a> qui travaillent pour que les terres soient confi\u00e9es \u00e0 des fiduciaires. Nous devons faire plus que reconna\u00eetre notre pr\u00e9sence sur les terres indig\u00e8nes, dans mon cas les Mi&rsquo;kma&rsquo;ki non c\u00e9d\u00e9s. Nous devons participer au <a rel=\"noopener\" target=\"_blank\" href=\"http:\/\/4rsyouth.ca\/land-back-what-do-we-mean\/\">mouvement Land Back<\/a>: restituer les terres et exiger le respect des droits issus des trait\u00e9s. Nous devons abolir la police, cr\u00e9er des logements abordables pour tous et exiger des salaires d\u00e9cents. Nous devons \u00eatre solidaires des mouvements paysans de base et faire pression en faveur d&rsquo;une r\u00e9forme agraire pour redistribuer les ressources fonci\u00e8res. Nous devons travailler en coop\u00e9ration et nous opposer \u00e0 la mainmise des entreprises. L&rsquo;alimentation est politique. Puissions-nous, nous les jeunes, exploiter ce fait en regardant au-del\u00e0 du syst\u00e8me agricole pour rendre la soci\u00e9t\u00e9 dans son ensemble plus antiraciste et plus juste.<\/p>\n","protected":false},"excerpt":{"rendered":"<p>Prix Paul Beingessner Concours d&rsquo;essai Union Nationale des Fermiers Par : Rebecca MacInnis (Age 26) Il n&rsquo;est pas surprenant que l&rsquo;agriculture, comme beaucoup de choses dans notre nation coloniale, ait<\/p>\n","protected":false},"author":2,"featured_media":25048,"template":"","meta":{"_acf_changed":false,"_tec_requires_first_save":true,"_EventAllDay":false,"_EventTimezone":"","_EventStartDate":"","_EventEndDate":"","_EventStartDateUTC":"","_EventEndDateUTC":"","_EventShowMap":false,"_EventShowMapLink":false,"_EventURL":"","_EventCost":"","_EventCostDescription":"","_EventCurrencySymbol":"","_EventCurrencyCode":"","_EventCurrencyPosition":"","_EventDateTimeSeparator":"","_EventTimeRangeSeparator":"","_EventOrganizerID":[],"_EventVenueID":[],"_OrganizerEmail":"","_OrganizerPhone":"","_OrganizerWebsite":"","_VenueAddress":"","_VenueCity":"","_VenueCountry":"","_VenueProvince":"","_VenueState":"","_VenueZip":"","_VenuePhone":"","_VenueURL":"","_VenueStateProvince":"","_VenueLat":"","_VenueLng":"","_VenueShowMap":false,"_VenueShowMapLink":false,"_tribe_blocks_recurrence_rules":"","_tribe_blocks_recurrence_description":"","_tribe_blocks_recurrence_exclusions":"","_ecp_custom_4":"","_ecp_custom_7":"","_ecp_custom_9":"","_ecp_custom_10":"","_ecp_custom_12":"","_ecp_custom_13":""},"tags":[],"pub_types":[315],"post_region":[],"post_campaign":[],"pub-year":[471],"class_list":["post-27452","publications","type-publications","status-publish","has-post-thumbnail","hentry","pub_types-prix-paul-beingessner","pub-year-2020-fr"],"acf":[],"_links":{"self":[{"href":"https:\/\/www.nfu.ca\/fr\/wp-json\/wp\/v2\/publications\/27452","targetHints":{"allow":["GET"]}}],"collection":[{"href":"https:\/\/www.nfu.ca\/fr\/wp-json\/wp\/v2\/publications"}],"about":[{"href":"https:\/\/www.nfu.ca\/fr\/wp-json\/wp\/v2\/types\/publications"}],"author":[{"embeddable":true,"href":"https:\/\/www.nfu.ca\/fr\/wp-json\/wp\/v2\/users\/2"}],"wp:featuredmedia":[{"embeddable":true,"href":"https:\/\/www.nfu.ca\/fr\/wp-json\/wp\/v2\/media\/25048"}],"wp:attachment":[{"href":"https:\/\/www.nfu.ca\/fr\/wp-json\/wp\/v2\/media?parent=27452"}],"wp:term":[{"taxonomy":"post_tag","embeddable":true,"href":"https:\/\/www.nfu.ca\/fr\/wp-json\/wp\/v2\/tags?post=27452"},{"taxonomy":"pub_types","embeddable":true,"href":"https:\/\/www.nfu.ca\/fr\/wp-json\/wp\/v2\/pub_types?post=27452"},{"taxonomy":"post_region","embeddable":true,"href":"https:\/\/www.nfu.ca\/fr\/wp-json\/wp\/v2\/post_region?post=27452"},{"taxonomy":"post_campaign","embeddable":true,"href":"https:\/\/www.nfu.ca\/fr\/wp-json\/wp\/v2\/post_campaign?post=27452"},{"taxonomy":"pub-year","embeddable":true,"href":"https:\/\/www.nfu.ca\/fr\/wp-json\/wp\/v2\/pub-year?post=27452"}],"curies":[{"name":"wp","href":"https:\/\/api.w.org\/{rel}","templated":true}]}}