
{"id":27641,"date":"2021-01-18T20:15:55","date_gmt":"2021-01-19T02:15:55","guid":{"rendered":"https:\/\/www.nfu.ca\/policy\/soumission-au-comite-consultatif-pour-les-questions-foncieres\/"},"modified":"2021-01-18T20:15:55","modified_gmt":"2021-01-19T02:15:55","slug":"soumission-au-comite-consultatif-pour-les-questions-foncieres","status":"publish","type":"policy","link":"https:\/\/www.nfu.ca\/fr\/policy\/soumission-au-comite-consultatif-pour-les-questions-foncieres\/","title":{"rendered":"Soumission au Comit\u00e9 consultatif des questions fonci\u00e8res"},"content":{"rendered":"<p><b><i>Pr\u00e9sent\u00e9 au Comit\u00e9 \u00e0 Summerside, \u00ce.-P.-\u00c9., le 12 janvier 2021<\/i><\/b><\/p>\n<p><span style=\"font-weight: 400;\">District I<\/span><b>, <\/b> <span style=\"font-weight: 400;\">La R\u00e9gion 1 de la Nationale des Fermiers est heureuse de pouvoir se pr\u00e9senter devant le Comit\u00e9 des questions fonci\u00e8res. Nous commencerons notre pr\u00e9sentation en familiarisant les membres du comit\u00e9 avec notre organisation. Cr\u00e9\u00e9e en 1969 sur la sc\u00e8ne nationale, la Nationale des Fermiers est la seule organisation agricole canadienne constitu\u00e9e en vertu d&rsquo;une loi du Parlement du Canada (chapitre 80 des Statuts) dont le mandat est de promouvoir l&rsquo;am\u00e9lioration de la situation \u00e9conomique et sociale des fermiers canadiens. Nous sommes la seule organisation agricole nationale b\u00e9n\u00e9vole canadienne qui s&rsquo;engage \u00e0 faire en sorte que les exploitations agricoles familiales, dont beaucoup sont constitu\u00e9es en soci\u00e9t\u00e9 \u00e0 des fins fiscales, constituent la principale unit\u00e9 de production alimentaire. L&rsquo;UNF promeut des pratiques agricoles respectueuses de l&rsquo;environnement, le d\u00e9veloppement de communaut\u00e9s rurales saines et dynamiques, et l&rsquo;assurance d&rsquo;un approvisionnement suffisant en aliments sains et nutritifs pour les Canadiens gr\u00e2ce \u00e0 des pratiques agricoles durables. La liste compl\u00e8te de nos objectifs peut \u00eatre consult\u00e9e sur le site web national.<\/span><\/p>\n<p><span style=\"font-weight: 400;\">Le district 1 est la section locale de l&rsquo;organisation nationale. Nous avons de nombreux membres et une forte pr\u00e9sence dans l&rsquo;\u00cele-du-Prince-\u00c9douard. L&rsquo;histoire nous a appris que la r\u00e9alisation des objectifs susmentionn\u00e9s pour les fermiers de l&rsquo;\u00cele-du-Prince-\u00c9douard, ainsi que pour les autres habitants de l&rsquo;\u00eele, d\u00e9pend largement de la propri\u00e9t\u00e9 et de l&rsquo;utilisation de nos terres, qui constituent la principale ressource naturelle de la province. Depuis la colonisation europ\u00e9enne, les terres de l&rsquo;\u00eele, \u00e0 la fois fertiles et magnifiques, ont \u00e9t\u00e9 constamment menac\u00e9es par la propri\u00e9t\u00e9 et le contr\u00f4le de personnes absentes, d&rsquo;\u00e9trangers et d&rsquo;entreprises. Tous les habitants de l&rsquo;\u00eele devraient donc pouvoir se r\u00e9f\u00e9rer \u00e0 l&rsquo;exp\u00e9rience de notre peuple indig\u00e8ne, les Mi&rsquo;Kmaq, qui ont souffert de la perte de leur terre natale avec l&rsquo;arriv\u00e9e de nos anc\u00eatres, dont beaucoup ont \u00e9t\u00e9 chass\u00e9s de leurs terres en Europe. C&rsquo;est pourquoi la Nationale des Fermiers concentre depuis longtemps son \u00e9nergie sur la question des terres de l&rsquo;\u00eele. Nous avons jou\u00e9 un r\u00f4le d\u00e9terminant dans la mise en place de la<\/span> <i><br \/>\n  <span style=\"font-weight: 400;\"> Loi sur la protection des terres <\/span><br \/>\n<\/i><span style=\"font-weight: 400;\">adopt\u00e9e par l&rsquo;Assembl\u00e9e l\u00e9gislative de l&rsquo;\u00cele-du-Prince-\u00c9douard en 1982 pour garantir que les terres agricoles de l&rsquo;\u00eele restent entre les mains et sous le contr\u00f4le des v\u00e9ritables fermi\u00e8res et fermiers de l&rsquo;\u00eele. <\/span> <\/p>\n<p><span style=\"font-weight: 400;\">Depuis l&rsquo;adoption de la <\/span><i><br \/>\n  <span style=\"font-weight: 400;\">Loi sur la protection des terres<\/span><br \/>\n<\/i><b><br \/>\n  <i>,<\/i><br \/>\n<\/b><span style=\"font-weight: 400;\">  l&rsquo;UNF a \u00e9t\u00e9 tr\u00e8s d\u00e9\u00e7ue de constater que la loi a \u00e9t\u00e9 ignor\u00e9e, manipul\u00e9e et contourn\u00e9e pour permettre \u00e0 des individus et \u00e0 des soci\u00e9t\u00e9s d&rsquo;atteindre leurs propres objectifs de profit et de contr\u00f4le. Toutefois, cela n&rsquo;est pas surprenant si l&rsquo;on consid\u00e8re l&rsquo;imbrication croissante des gouvernements et des entreprises \u00e0 l&rsquo;\u00e9chelle mondiale qui, au cours des quatre derni\u00e8res d\u00e9cennies, a aliment\u00e9 la concentration croissante des richesses et des ressources entre les mains d&rsquo;un nombre de plus en plus restreint d&rsquo;individus et d&rsquo;entreprises. Aujourd&rsquo;hui, nous en sommes \u00e0 la quatri\u00e8me r\u00e9vision ou \u00e9tude de la loi, alors que les violations se poursuivent.  <\/span><\/p>\n<p><span style=\"font-weight: 400;\">La terre, le sol, l&rsquo;eau et l&rsquo;air des \u00eeles sont des biens publics. Cette r\u00e9alit\u00e9 fait que le  <\/span><i><span style=\"font-weight: 400;\">Loi sur la protection des terres<\/span><\/i><span style=\"font-weight: 400;\">  une des l\u00e9gislations les plus importantes, sinon la plus importante, jamais adopt\u00e9e dans cette province. Horace Carver, dans son \u00e9tude sur les terres, l&rsquo;a intitul\u00e9e \u00ab\u00a0Le don de la comp\u00e9tence\u00a0\u00bb. Les g\u00e9n\u00e9rations de propri\u00e9taires terriens ne sont que des occupants \u00e0 court terme \u00e0 qui l&rsquo;on a confi\u00e9 la responsabilit\u00e9 d&rsquo;une bonne gestion des biens publics pour les g\u00e9n\u00e9rations actuelles et futures. Les  <\/span><i><br \/>\n  <span style=\"font-weight: 400;\">Loi sur la protection des terres<\/span><br \/>\n<\/i><span style=\"font-weight: 400;\"> est plus que jamais d&rsquo;actualit\u00e9, car l&rsquo;\u00cele-du-Prince-\u00c9douard est devenue un produit de base dans l&rsquo;accaparement des terres \u00e0 l&rsquo;\u00e9chelle mondiale. <\/span> <\/p>\n<p><span style=\"font-weight: 400;\">La loi sur la protection des terres <\/span><i><br \/>\n  <span style=\"font-weight: 400;\">Loi sur la protection des terres<\/span><br \/>\n<\/i><span style=\"font-weight: 400;\">La loi sur la protection des terres, adopt\u00e9e en 1982, r\u00e9pondait en partie \u00e0 une demande des Irving&rsquo;s Cavendish Farms, les successeurs de l&rsquo;usine Seabrook Frozen Food de New Annan, qui avait fait faillite, d&rsquo;acheter 6 000 acres suppl\u00e9mentaires pour les ajouter aux 3 000 acres qu&rsquo;ils poss\u00e9daient d\u00e9j\u00e0. <\/span> <\/p>\n<p><span style=\"font-weight: 400;\">On savait alors que la possession de terres par le transformateur Cavendish Farms le mettrait en concurrence directe avec les fermiers ind\u00e9pendants et lui conf\u00e9rerait une position de contr\u00f4le accrue dans le secteur de la transformation des pommes de terre. Cela renforcerait \u00e9galement leur influence sur le gouvernement. L&rsquo;esprit et l&rsquo;intention de la<\/span><i><span style=\"font-weight: 400;\">  Loi sur la protection des terres<\/span><\/i><span style=\"font-weight: 400;\">  \u00e9tait de veiller \u00e0 ce que les fermi\u00e8res et les transformateurs ind\u00e9pendants pratiquent l&rsquo;agriculture et la transformation de mani\u00e8re \u00e0 ce que les deux puissent s&rsquo;\u00e9panouir dans une relation de d\u00e9pendance et de productivit\u00e9 \u00e9gales. Il s&rsquo;agissait de s&rsquo;assurer que le gouvernement b\u00e9n\u00e9ficierait de la diversit\u00e9 des richesses produites et, par le biais de la fiscalit\u00e9, serait en mesure de fournir des services \u00e0 tous les habitants de l&rsquo;\u00eele. Dans les premiers temps de la  <\/span><i><span style=\"font-weight: 400;\">Loi sur la protection des terres<\/span><\/i><span style=\"font-weight: 400;\">Les fermes Cavendish, comme d&rsquo;autres, ont d\u00fb se d\u00e9faire de certaines terres pour se conformer aux dispositions de la loi. Il y avait de l&rsquo;espoir pour l&rsquo;avenir de l&rsquo;exploitation familiale et de l&rsquo;agriculture dans la province.<\/span><\/p>\n<p><span style=\"font-weight: 400;\">En raison de la mani\u00e8re dont les gouvernements successifs de l&rsquo;\u00eele ont g\u00e9r\u00e9 et appliqu\u00e9 la<\/span><i><br \/>\n  <span style=\"font-weight: 400;\"> loi sur la protection des terres<\/span><br \/>\n<\/i><span style=\"font-weight: 400;\">Nous nous retrouvons donc, 39 ans plus tard, \u00e0 l&rsquo;endroit m\u00eame que la loi \u00e9tait cens\u00e9e emp\u00eacher. Le transformateur de frites et la famille Irving d\u00e9tiennent des titres de propri\u00e9t\u00e9 sur de vastes superficies de terres agricoles (sans intention apparente de cesser d&rsquo;en acqu\u00e9rir) sur lesquelles ils cultivent des pommes de terre en concurrence directe avec les fermi\u00e8res de l&rsquo;\u00eele. Bien que beaucoup ne soient pas encore pr\u00eats \u00e0 l&rsquo;admettre publiquement, cette situation a permis aux Fermes Cavendish de prendre le dessus dans le secteur de la transformation. De nombreux fermiers ind\u00e9pendants ont \u00e9t\u00e9 \u00e9cart\u00e9s, d&rsquo;autres ont lutt\u00e9 pour rester viables et d&rsquo;autres encore ont accept\u00e9 de se plier aux r\u00e8gles du transformateur en demandant d&rsquo;augmenter leur superficie en pommes de terre et de faire pression pour la lev\u00e9e des restrictions en mati\u00e8re de terres et d&rsquo;eau.  <\/span><\/p>\n<p><span style=\"font-weight: 400;\">Soixante pour cent des pommes de terre de l&rsquo;\u00cele-du-Prince-\u00c9douard sont utilis\u00e9es pour la transformation, dont la majorit\u00e9 est vendue \u00e0 Cavendish Farms, selon l&rsquo;\u00e9tude du minist\u00e8re de l&rsquo;agriculture et des terres, r\u00e9alis\u00e9e par le docteur Ziad Ghaith et publi\u00e9e en d\u00e9cembre 2020. Cette concentration du pouvoir a co\u00fbt\u00e9 cher \u00e0 la sant\u00e9 du sol de l&rsquo;\u00eele, \u00e0 la propri\u00e9t\u00e9 fonci\u00e8re, \u00e0 la sant\u00e9 d&rsquo;une industrie de semences de pommes de terre autrefois de renomm\u00e9e mondiale, \u00e0 la sant\u00e9 financi\u00e8re et mentale des fermi\u00e8res, au bien-\u00eatre des communaut\u00e9s rurales, \u00e0 la survie et \u00e0 la prosp\u00e9rit\u00e9 des petites entreprises agricoles rurales ind\u00e9pendantes, ainsi qu&rsquo;\u00e0 l&rsquo;autonomie de notre gouvernement. Le pouvoir de n\u00e9gociation et la position financi\u00e8re des transformateurs et de tous les habitants de l&rsquo;\u00eele ne feront que s&rsquo;affaiblir au fur et \u00e0 mesure que le transformateur prendra le contr\u00f4le d&rsquo;une plus grande partie des terres et de l&rsquo;eau. Les marges des fermi\u00e8res sont de plus en plus minces alors que les co\u00fbts ne cessent de grimper.  <\/span><\/p>\n<p><span style=\"font-weight: 400;\">Nos gouvernements \u00e9lus et nos bureaucrates ont laiss\u00e9 faire. Ce n&rsquo;est un secret pour personne qu&rsquo;il existe une \u00ab\u00a0relation sp\u00e9ciale\u00a0\u00bb entre le gouvernement et les Irving. Cependant, il n&rsquo;y a plus d&rsquo;excuse \u00e0 l&rsquo;adh\u00e9sion des gouvernements \u00e0 la th\u00e9orie \u00e9conomique du ruissellement qui est devenue un mod\u00e8le de plus en plus dominant pour les gouvernements \u00e0 partir de l&rsquo;\u00e8re Ronald Reagan aux \u00c9tats-Unis.  <\/span><\/p>\n<p><span style=\"font-weight: 400;\">L&rsquo;\u00e9conomie \u00e0 effet de levier repose sur l&rsquo;hypoth\u00e8se que les investisseurs, les entreprises et les soci\u00e9t\u00e9s sont les moteurs de la croissance. Les gouvernements ont accord\u00e9 \u00e0 ces entit\u00e9s des incitations telles que des r\u00e9ductions d&rsquo;imp\u00f4ts, d&rsquo;autres avantages financiers et des r\u00e9glementations plus souples, en partant du principe qu&rsquo;elles d\u00e9velopperaient leurs activit\u00e9s, embaucheraient davantage de personnes et stimuleraient l&rsquo;\u00e9conomie. Les gouvernements pensent que les recettes perdues \u00e0 cause des r\u00e9ductions d&rsquo;imp\u00f4ts seront remplac\u00e9es par les avantages qui seront accord\u00e9s aux riches. Mais la r\u00e9alit\u00e9 de l&rsquo;\u00e9conomie de ruissellement, c&rsquo;est qu&rsquo;au lieu que la prosp\u00e9rit\u00e9 se r\u00e9percute vers le bas, la prosp\u00e9rit\u00e9 s&rsquo;est r\u00e9percut\u00e9e vers le haut et l&rsquo;in\u00e9galit\u00e9 des revenus s&rsquo;est aggrav\u00e9e.<\/span><\/p>\n<p><span style=\"font-weight: 400;\">Le Fonds mon\u00e9taire international a rejet\u00e9 la th\u00e9orie du ruissellement apr\u00e8s avoir d\u00e9termin\u00e9 que les d\u00e9penses des secteurs \u00e0 revenus moyens et faibles sont les moteurs de l&rsquo;\u00e9conomie. Dans un rapport r\u00e9dig\u00e9 par cinq \u00e9conomistes, le fonds affirme que \u00ab\u00a0l&rsquo;augmentation de la part des revenus des classes moyennes et inf\u00e9rieures augmente en fait la croissance, tandis que l&rsquo;augmentation de la part des revenus des vingt pour cent les plus riches entra\u00eene une croissance plus faible &#8211; en d&rsquo;autres termes, lorsque les riches s&rsquo;enrichissent, les b\u00e9n\u00e9fices ne se r\u00e9percutent pas vers le bas\u00a0\u00bb.  <\/span><\/p>\n<p><span style=\"font-weight: 400;\">N&rsquo;est-ce pas ce que nous constatons ici, sur l&rsquo;\u00cele-du-Prince-\u00c9douard ? Alors que le gouvernement autorise la concentration de notre ressource principale entre les mains d&rsquo;un plus petit nombre de personnes, comme les Fermes Cavendish, et d&rsquo;un nombre d\u00e9croissant de producteurs sous contrat, la richesse s&rsquo;\u00e9coule vers le haut, et non vers le bas. Par cons\u00e9quent, il convient de se demander si les terres que les Fermes Cavendish utilisent actuellement pour cultiver des pommes de terre \u00e9taient exploit\u00e9es par des fermiers ind\u00e9pendants<\/span><b>,<\/b><span style=\"font-weight: 400;\"> la diminution de la puissance du processeur<\/span><b>,<\/b><span style=\"font-weight: 400;\">  Cette province conna\u00eetrait-elle une plus grande distribution de la richesse entre davantage de mains et les coffres du gouvernement seraient-ils davantage enrichis par le ph\u00e9nom\u00e8ne de ruissellement ? Le gouvernement provincial devrait examiner la r\u00e9cente d\u00e9cision du gouvernement f\u00e9d\u00e9ral de veiller \u00e0 ce que les permis de p\u00eache restent entre les mains des p\u00eacheurs ind\u00e9pendants et ne soient pas transf\u00e9r\u00e9s \u00e0 des entreprises de transformation. Manifestement, ils ont tir\u00e9 des le\u00e7ons.<\/span><\/p>\n<p><span style=\"font-weight: 400;\">Avec un timing suspect, le gouvernement a publi\u00e9 ces derniers jours des statistiques sur la valeur de l&rsquo;industrie de la pomme de terre pour l&rsquo;\u00e9conomie de l&rsquo;\u00eele. Les chiffres sont certainement impressionnants. Le communiqu\u00e9 de presse est essentiellement une bonne nouvelle, mais l&rsquo;aspect n\u00e9gatif de l&rsquo;\u00e9quation est largement absent du bref communiqu\u00e9 de presse et du rapport r\u00e9dig\u00e9 par le docteur Ziad Ghaith, \u00e9conomiste au minist\u00e8re de l&rsquo;agriculture et des terres. Mais ce qui est peut-\u00eatre le plus troublant dans les chiffres \u00e9num\u00e9r\u00e9s dans le rapport, c&rsquo;est que 78 % des recettes totales des cultures commerciales de l&rsquo;\u00cele-du-Prince-\u00c9douard sont repr\u00e9sent\u00e9es par la production de pommes de terre. Nous devons nous demander pourquoi nous sommes si enclins \u00e0 mettre nos \u0153ufs dans le m\u00eame panier, surtout maintenant que l&rsquo;\u00cele-du-Prince-\u00c9douard a \u00e9t\u00e9 d\u00e9pass\u00e9e en termes de production par deux autres provinces canadiennes et que les agents pathog\u00e8nes des pommes de terre, tels que la galle verruqueuse, peuvent avoir un impact sur la viabilit\u00e9 \u00e9conomique en fermant les march\u00e9s mondiaux. Il y a de nombreuses raisons de se diversifier plut\u00f4t que d&rsquo;encourager une nouvelle croissance du secteur de la pomme de terre. Il y a vingt ans d\u00e9j\u00e0, les fermi\u00e8res ont \u00e9t\u00e9 invit\u00e9es \u00e0 se diversifier et \u00e0 rechercher des cultures de substitution \u00e0 la s\u00e9cheresse en raison du changement climatique \u00e0 venir.  <\/span><\/p>\n<p><span style=\"font-weight: 400;\">Cavendish Farms n&rsquo;est certainement pas la seule \u00e0 violer l&rsquo;esprit et l&rsquo;intention de la Loi sur la protection des terres. <\/span><i><br \/>\n  <span style=\"font-weight: 400;\">Loi sur la protection des terres<\/span><br \/>\n<\/i><span style=\"font-weight: 400;\">. D&rsquo;autres soci\u00e9t\u00e9s agricoles, telles que Vanco, font de m\u00eame, tout en se faisant passer pour une exploitation familiale. Leur accaparement des terres a un impact sur les autres acteurs du secteur, ce qui, \u00e0 son tour, a un impact sur la stabilit\u00e9 \u00e9conomique sous-jacente de la province.  <\/span><\/p>\n<p><span style=\"font-weight: 400;\">Ensuite, les investisseurs \u00e9trangers manipulent ouvertement la loi sur la protection des terres. <\/span><i><br \/>\n  <span style=\"font-weight: 400;\">Loi sur la protection des terres <\/span><br \/>\n<\/i> <span style=\"font-weight: 400;\">sans que le gouvernement ne r\u00e9agisse, ce que l&rsquo;on ne peut que supposer \u00eatre influenc\u00e9 par le sujet sensible du racisme. Toutefois, la carte raciale ne doit pas \u00eatre utilis\u00e9e comme un moyen de contourner les lois de la province. Un tel comportement ne rend pas service au v\u00e9ritable probl\u00e8me du racisme et de l&rsquo;in\u00e9galit\u00e9 auquel sont confront\u00e9es de nombreuses personnes.  <\/span><\/p>\n<p><span style=\"font-weight: 400;\">L&rsquo;Union Nationale des Fermiers s&rsquo;oppose \u00e0 l&rsquo;augmentation des limites des terres pour ces cinq raisons principales.  <\/span><\/p>\n<p><b>1)<\/b><span style=\"font-weight: 400;\">  Ce ne serait que dans l&rsquo;int\u00e9r\u00eat d&rsquo;un tr\u00e8s petit nombre d&rsquo;acteurs agricoles. La principale demande de lev\u00e9e ou d&rsquo;augmentation des limites \u00e9mane principalement du secteur de la transformation de la pomme de terre et de Cavendish Farms. Cependant, d&rsquo;autres secteurs agricoles subissent d\u00e9j\u00e0 les cons\u00e9quences n\u00e9gatives de l&rsquo;expansion de ce secteur. Les prix \u00e9lev\u00e9s des terres pay\u00e9s par le secteur de la pomme de terre font qu&rsquo;il est difficile, voire impossible, pour les autres secteurs agricoles d&rsquo;\u00eatre comp\u00e9titifs et d&rsquo;obtenir les terres dont ils ont besoin pour assurer leur viabilit\u00e9. Alors qu&rsquo;auparavant les banques ne consid\u00e9raient pas la terre comme une garantie, elles en sont aujourd&rsquo;hui avides et axent leur expansion et leur capital d&rsquo;exploitation sur les propri\u00e9t\u00e9s fonci\u00e8res. Il est donc tr\u00e8s difficile pour les petites fermi\u00e8res de maintenir des pratiques agricoles durables. Les \u00e9leveurs ne peuvent m\u00eame pas compter sur le foin et l&rsquo;ensilage des fermi\u00e8res, car peu d&rsquo;entre elles souhaitent en faire une culture de rotation. La paille devient \u00e9galement difficile d&rsquo;acc\u00e8s, car les producteurs de pommes de terre consid\u00e8rent d\u00e9sormais qu&rsquo;il s&rsquo;agit d&rsquo;une vente au comptant au plus offrant, et pas n\u00e9cessairement \u00e0 un fermier voisin. Nombre d&rsquo;entre eux ne sont plus int\u00e9ress\u00e9s par l&rsquo;\u00e9change de terres pour les laisser reposer de la production de pommes de terre, car les prix \u00e9lev\u00e9s qu&rsquo;ils paient pour les terres n\u00e9cessitent une agriculture intensive pour obtenir le plus grand rendement possible afin d&rsquo;effectuer les paiements bancaires.  <\/span><\/p>\n<p><b>2)<\/b><span style=\"font-weight: 400;\">  Le changement climatique est une r\u00e9alit\u00e9. Les fermi\u00e8res et les transformateurs, quelle que soit la taille de leur \u00e9quipement, ne peuvent planter, entretenir, soigner et r\u00e9colter que ce que M\u00e8re Nature leur permet. L&rsquo;automne 2018 l&rsquo;a prouv\u00e9, puisque 7 000 acres de pommes de terre ont \u00e9t\u00e9 laiss\u00e9es en terre. Qui absorbe cette perte ? Les fermi\u00e8res ne peuvent pas se le permettre, et le reste du public ne devrait pas avoir \u00e0 supporter le recours accru aux assurances ou aux programmes d&rsquo;indemnisation gouvernementaux. N&rsquo;est-il pas pr\u00e9f\u00e9rable de prendre soin des terres actuelles afin d&rsquo;obtenir de meilleurs rendements ?<\/span><\/p>\n<p><b>3)<\/b><span style=\"font-weight: 400;\">  Si les \u00e9conomies d&rsquo;\u00e9chelle fonctionnent dans certaines industries, elles n&rsquo;ont pas fonctionn\u00e9 dans l&rsquo;agriculture pour le fermier en tant que producteur primaire. D&rsquo;apr\u00e8s l&rsquo;exp\u00e9rience personnelle des fermi\u00e8res, alors que nous nous effor\u00e7ons de devenir plus efficaces, notre endettement augmente et nos marges se resserrent, tandis que les entreprises de transformation profitent de la rentabilit\u00e9 en obtenant plus pour moins cher. Lorsque Horace Carver a r\u00e9alis\u00e9 son \u00e9tude sur les terres, The Gift of Jurisdiction : Notre province insulaire, en 2013, il a tent\u00e9 de trouver des \u00e9tudes prouvant que la rentabilit\u00e9 agricole augmenterait avec l&rsquo;agrandissement des propri\u00e9t\u00e9s fonci\u00e8res. Aucune \u00e9tude de ce type n&rsquo;a pu \u00eatre trouv\u00e9e. L&rsquo;UNF n&rsquo;a pas trouv\u00e9 d&rsquo;\u00e9tudes pour \u00e9tayer cette th\u00e9orie ; seuls les t\u00e9moignages personnels de nombreux fermiers prouvent le contraire.  <\/span><\/p>\n<p><b>4)<\/b><span style=\"font-weight: 400;\">  Questions de succession. M\u00eame avec les limites actuelles, il est difficile pour la prochaine g\u00e9n\u00e9ration d&rsquo;essayer d&rsquo;entrer dans l&rsquo;agriculture en rachetant une exploitation. Si les jeunes fermi\u00e8res parviennent \u00e0 s&rsquo;installer, elles sont accabl\u00e9es par des dettes lourdes et souvent \u00e9crasantes. Il y a aussi la question de savoir qui est pr\u00eat \u00e0 garantir la dette, ce qui peut donner un grand contr\u00f4le sur l&rsquo;op\u00e9ration. Les participations importantes laissent la porte ouverte \u00e0 des pressions et \u00e0 un contr\u00f4le accrus de la part des entreprises, des pays \u00e9trangers et des promoteurs. La succession est un probl\u00e8me difficile et troublant auquel sont confront\u00e9s de nombreux fermiers qui quittent le secteur. En tant que province, nous devons trouver des moyens de rendre ce syst\u00e8me viable pour la personne qui part et pour la prochaine g\u00e9n\u00e9ration qui commence.  <\/span><\/p>\n<p><b>5)<\/b><span style=\"font-weight: 400;\">  R\u00e9sultats discutables en ce qui concerne l&rsquo;augmentation des limites territoriales. Les fermi\u00e8res qui souhaitent des limites plus \u00e9lev\u00e9es cherchent-elles \u00e0 gagner leur vie et \u00e0 obtenir un retour sur investissement d\u00e9cent, ou essaient-elles d&rsquo;\u00eatre les plus grosses entreprises du jeu ? Comme l&rsquo;a d\u00e9clar\u00e9 un fermiere, \u00ab\u00a0si vous ne pouvez pas gagner votre vie avec les limites actuelles des terres, vous ne pourrez pas le faire en les doublant. Vous devez vous poser la question de savoir pour qui vous travaillez\u00a0\u00bb. Malheureusement, trop de fermi\u00e8res travaillent actuellement pour enrichir les marges b\u00e9n\u00e9ficiaires des transformateurs, des fabricants de machines, de semences et d&rsquo;intrants chimiques, etc, dont beaucoup sont int\u00e9gr\u00e9s verticalement. Cela a un impact sur les opportunit\u00e9s et les moyens de subsistance des petites entreprises locales.  <\/span><\/p>\n<p><span style=\"font-weight: 400;\">La Nationale des Fermiers estime que les terres sensibles sur le plan environnemental et les terres marginales ne devraient pas \u00eatre fermi\u00e8res. Nous sommes d&rsquo;accord avec la recommandation d&rsquo;Horace Carver selon laquelle les terres non arables doivent \u00eatre retir\u00e9es du patrimoine foncier des fermi\u00e8res afin d&rsquo;all\u00e9ger la pression environnementale sur les terres sensibles et les for\u00eats. Cependant, bien que sa recommandation ait \u00e9t\u00e9 accept\u00e9e, nous continuons \u00e0 voir de grandes quantit\u00e9s de for\u00eats coup\u00e9es pour cr\u00e9er de nouvelles propri\u00e9t\u00e9s fonci\u00e8res. Il convient de se demander si ces nouvelles terres agricoles sont prises en compte dans la superficie totale des terres d\u00e9tenues par une exploitation. Il est tr\u00e8s pr\u00e9occupant de constater qu&rsquo;aucun service gouvernemental ne suit actuellement l&rsquo;\u00e9volution de l&rsquo;ensemble des propri\u00e9t\u00e9s fonci\u00e8res. Si ces terres ne sont pas comptabilis\u00e9es, il s&rsquo;agit d&rsquo;une violation de la loi sur la protection de l&rsquo;environnement.  <\/span><i><span style=\"font-weight: 400;\">Loi sur la protection des terres<\/span><\/i><span style=\"font-weight: 400;\">. Il s&rsquo;agit \u00e9galement d&rsquo;une d\u00e9gradation environnementale pour nos for\u00eats insulaires, qui ont leur propre valeur \u00e9conomique et leur importance environnementale en mati\u00e8re de s\u00e9questration du carbone, de contr\u00f4le de l&rsquo;\u00e9rosion \u00e9olienne et des sols, et d&rsquo;habitat pour la faune et la flore.<\/span><\/p>\n<p><span style=\"font-weight: 400;\">Lorsqu&rsquo;il s&rsquo;agit de terres agricoles de l&rsquo;\u00eele, il est important de savoir qui en est le propri\u00e9taire. Il ne peut s&rsquo;agir de transformateurs ou d&rsquo;autres soci\u00e9t\u00e9s, sous pr\u00e9texte qu&rsquo;ils sont fermiers. La propri\u00e9t\u00e9 doit revenir aux fermiers ind\u00e9pendants, ainsi qu&rsquo;au gouvernement provincial, par l&rsquo;interm\u00e9diaire d&rsquo;une banque fonci\u00e8re. L&rsquo;\u00cele-du-Prince-\u00c9douard poss\u00e8de tr\u00e8s peu de terres publiques. Le nombre d&rsquo;acres est indiqu\u00e9 dans le rapport Carver et dans le rapport de Kevin Arsenault sur les r\u00e9serves fonci\u00e8res. L&rsquo;\u00eele se trouve donc en position de faiblesse par rapport aux autres provinces, d&rsquo;autant plus que la terre est notre principale ressource. Compte tenu de ce fait et de l&rsquo;accaparement des terres \u00e0 l&rsquo;\u00e9chelle mondiale, il devrait \u00eatre \u00e9vident qu&rsquo;il est n\u00e9cessaire d&rsquo;accro\u00eetre les propri\u00e9t\u00e9s fonci\u00e8res publiques afin d&rsquo;aider les jeunes \u00e0 se lancer dans la production alimentaire et d&rsquo;aider les petites fermi\u00e8res actuelles \u00e0 rester viables.<\/span><\/p>\n<p><span style=\"font-weight: 400;\">Si l&rsquo;\u00cele-du-Prince-\u00c9douard veut vraiment devenir une \u00eele alimentaire, elle doit reconna\u00eetre la valeur de la mise en r\u00e9serve de terres agricoles. Il faut \u00e9galement prendre conscience que l&rsquo;importance des terres agricoles de l&rsquo;\u00eele ne fera que cro\u00eetre \u00e0 l&rsquo;avenir. Le Canada est un pays dot\u00e9 d&rsquo;une vaste superficie, dont seulement 7,3 % (Statistique Canada) se pr\u00eatent \u00e0 la production alimentaire. Malheureusement, certaines des meilleures terres agricoles sont d\u00e9vor\u00e9es par l&rsquo;\u00e9talement urbain et le d\u00e9veloppement, ce qui accro\u00eet la pression sur les terres restantes et met en p\u00e9ril l&rsquo;avenir de notre pays, qui doit \u00eatre capable de se nourrir lui-m\u00eame.  <\/span><\/p>\n<p><span style=\"font-weight: 400;\">Il faut \u00e9galement reconna\u00eetre que la base de l&rsquo;exploitation agricole d&rsquo;un fermiere est sa terre. Si la terre appartient \u00e0 quelqu&rsquo;un d&rsquo;autre, le fermier n&rsquo;a aucune garantie d&rsquo;acc\u00e8s \u00e0 long terme pour la production alimentaire. Le propri\u00e9taire peut \u00e9galement imposer l&rsquo;utilisation de ses terres, par exemple en interdisant l&rsquo;\u00e9pandage de fumier.  <\/span><\/p>\n<p><span style=\"font-weight: 400;\">La Nationale des Fermiers ne souhaite pas que les municipalit\u00e9s soient charg\u00e9es du zonage des terres agricoles pour la simple raison que leurs besoins et leurs d\u00e9sirs sont centr\u00e9s sur la croissance commerciale, industrielle et r\u00e9sidentielle plut\u00f4t que sur la production de denr\u00e9es alimentaires. Les terres agricoles doivent rester sous la juridiction provinciale.  <\/span><\/p>\n<p><span style=\"font-weight: 400;\">La loi sur l&rsquo;am\u00e9nagement du territoire en cours d&rsquo;\u00e9laboration est le m\u00e9canisme qui permet de consid\u00e9rer les terres agricoles comme telles, ce qui les prot\u00e8ge contre le d\u00e9veloppement et garantit qu&rsquo;elles restent dans la production agricole. Il doit s&rsquo;agir d&rsquo;un acte fort visant \u00e0 garantir que les terres agricoles sont r\u00e9ellement prot\u00e9g\u00e9es contre le d\u00e9veloppement commercial, industriel, r\u00e9sidentiel et des chalets au bord de l&rsquo;eau. Toutefois, elle n&rsquo;a d&rsquo;utilit\u00e9 que si elle est appliqu\u00e9e. Nous ne pouvons pas permettre que des terres agricoles soient achet\u00e9es sous pr\u00e9texte qu&rsquo;elles restent agricoles et qu&rsquo;elles soient ensuite rezon\u00e9es pour \u00eatre d\u00e9velopp\u00e9es par des int\u00e9r\u00eats \u00e9trangers et locaux. Le gouvernement n&rsquo;a eu aucune r\u00e9percussion sur les actions entreprises ces derniers temps.  <\/span><\/p>\n<p><span style=\"font-weight: 400;\">Une loi sur la transparence de la propri\u00e9t\u00e9 fonci\u00e8re est n\u00e9cessaire pour s&rsquo;assurer que l&rsquo;on sait qui sont les v\u00e9ritables b\u00e9n\u00e9ficiaires de tout achat de terrain, ainsi que pour s&rsquo;assurer qu&rsquo;il existe une m\u00e9thode permettant de rendre compte de l&rsquo;achat de terrains par plusieurs personnes utilisant le m\u00eame compte. Cela permettrait de d\u00e9busquer publiquement les entreprises et les organisations qui utilisent des \u00e9chappatoires pour acheter de grandes superficies de terres.<\/span><\/p>\n<p><span style=\"font-weight: 400;\">La terre \u00e9tant notre ressource naturelle la plus pr\u00e9cieuse, elle devrait \u00eatre une pr\u00e9occupation majeure de tous les gouvernements de l&rsquo;\u00eele. Mais la plupart des quatre derni\u00e8res d\u00e9cennies ont montr\u00e9 que le destin et la protection de notre territoire sont trop importants pour \u00eatre laiss\u00e9s entre les mains de nos repr\u00e9sentants \u00e9lus. Les hommes politiques se succ\u00e8dent et aucun outil p\u00e9dagogique clair n&rsquo;a \u00e9t\u00e9 mis en place pour s&rsquo;assurer qu&rsquo;ils connaissent la loi, l&rsquo;esprit et l&rsquo;intention de son objectif, la raison pour laquelle elle \u00e9tait, et est toujours, n\u00e9cessaire. Le syst\u00e8me dont nous disposons dans le cadre de la  <\/span><i><span style=\"font-weight: 400;\">Loi sur la protection des terres<\/span><\/i><span style=\"font-weight: 400;\">La loi sur la protection des consommateurs, qui a \u00e9t\u00e9 adopt\u00e9e par le Parlement europ\u00e9en, aurait fonctionn\u00e9 si nos repr\u00e9sentants \u00e9lus et nos bureaucrates avaient compris et appliqu\u00e9 la loi, et s&rsquo;ils avaient align\u00e9 la lettre de la loi sur l&rsquo;esprit et l&rsquo;intention de la loi. Cela aurait fonctionn\u00e9 s&rsquo;ils avaient \u00e9t\u00e9 transparents et responsables devant le public au lieu d&rsquo;\u00eatre influenc\u00e9s par des objectifs corporatistes, des relations sp\u00e9ciales et des tactiques d&rsquo;intimidation.  <\/span><\/p>\n<p><span style=\"font-weight: 400;\">Alors, si nos repr\u00e9sentants \u00e9lus n&rsquo;ont pas \u00e9t\u00e9 dispos\u00e9s \u00e0 appliquer ce qui existe d\u00e9j\u00e0, que veulent-ils obtenir avec cette soi-disant modernisation de la loi ? Cherchent-ils simplement un moyen facile de c\u00e9der \u00e0 la pression et de r\u00e9pondre \u00e0 l&rsquo;appel de la minorit\u00e9 pour augmenter les limites des terres agricoles pour le secteur des entreprises tout en c\u00e9dant \u00e0 la pression de l&rsquo;accaparement des terres par des \u00e9trangers ? Si tel est le cas, l&rsquo;approbation finale de la vente et de l&rsquo;achat de terrains ne peut \u00eatre laiss\u00e9e au Conseil ex\u00e9cutif, qui semble incapable, et souvent r\u00e9ticent, \u00e0 soutenir la loi et \u00e0 mettre en \u0153uvre les m\u00eames r\u00e8gles pour tous les acteurs.  <\/span><\/p>\n<p><span style=\"font-weight: 400;\">Il semble que la Commission de r\u00e9gulation et d&rsquo;appel de l&rsquo;\u00eele ne soit pas non plus la solution dans le cadre du syst\u00e8me actuel. Il est difficile de s&rsquo;\u00e9tendre sur leur efficacit\u00e9 \u00e0 prot\u00e9ger nos terres alors qu&rsquo;aucune transparence n&rsquo;est exig\u00e9e sur les recommandations qu&rsquo;ils adressent au Conseil ex\u00e9cutif ou sur les enqu\u00eates fonci\u00e8res qu&rsquo;ils n&rsquo;ont pas men\u00e9es. Et lorsque le ministre de l&rsquo;IRAC ne sait pas \u00e0 qui il doit rendre des comptes, il y a vraiment un probl\u00e8me, d&rsquo;autant plus qu&rsquo;ils sont bien pay\u00e9s par les contribuables de l&rsquo;\u00cele-du-Prince-\u00c9douard. L&rsquo;IRAC admet \u00e9galement qu&rsquo;elle d\u00e9pend du syst\u00e8me d&rsquo;honneur, dont nous pouvons clairement voir qu&rsquo;il n&rsquo;a pas fonctionn\u00e9.  <\/span><\/p>\n<p><span style=\"font-weight: 400;\">La pr\u00e9occupation premi\u00e8re de l&rsquo;IRAC est de respecter la lettre de la loi. Ils \u00e9chouent donc \u00e0 la  <\/span><i><span style=\"font-weight: 400;\">Loi sur la protection des terres  <\/span><\/i><span style=\"font-weight: 400;\">en ne respectant pas son esprit et son intention, dont ils admettent \u00eatre parfaitement conscients. En raison du manque de transparence, il n&rsquo;est pas certain que l&rsquo;IRAC informe les dirigeants \u00e9lus du gouvernement des lacunes de la loi et des moyens de les combler. Ils n&rsquo;ont gu\u00e8re besoin de mener des enqu\u00eates sur les transactions fonci\u00e8res dans le cadre de ce champ d&rsquo;application \u00e9troit. Pour eux, il n&rsquo;y a pas de zone grise, c&rsquo;est tout simplement noir ou blanc. Il en r\u00e9sulte que des soci\u00e9t\u00e9s, des particuliers et certains avocats et agents immobiliers contournent la loi avec la complaisance du gouvernement.  <\/span><\/p>\n<p><span style=\"font-weight: 400;\">Nous avons besoin d&rsquo;un bien meilleur syst\u00e8me de gestion, de mise en \u0153uvre et d&rsquo;application de la<\/span><i><br \/>\n  <span style=\"font-weight: 400;\"> loi sur la protection des terres<\/span><br \/>\n<\/i><span style=\"font-weight: 400;\">  afin de prot\u00e9ger notre ressource principale. Aujourd&rsquo;hui, c&rsquo;est le minist\u00e8re des transports, de l&rsquo;infrastructure et de l&rsquo;\u00e9nergie qui est charg\u00e9 d&rsquo;acheter les terres de l&rsquo;\u00eele \u00e0 des fins gouvernementales. Nous avons le minist\u00e8re de l&rsquo;agriculture et des terres, mais nous nous demandons s&rsquo;il a m\u00eame un r\u00f4le d\u00e9fini en mati\u00e8re de terres. L&rsquo;IRAC est cens\u00e9e superviser la  <\/span><i><span style=\"font-weight: 400;\">Loi sur la protection des terres<\/span><\/i><span style=\"font-weight: 400;\">et le Conseil ex\u00e9cutif de l&rsquo;\u00cele-du-Prince-\u00c9douard passe beaucoup de temps \u00e0 approuver des ventes de terres dont il n&rsquo;a peut-\u00eatre qu&rsquo;une compr\u00e9hension limit\u00e9e. Elle est d\u00e9sordonn\u00e9e, inefficace et met en p\u00e9ril notre avenir social et \u00e9conomique.  <\/span><\/p>\n<p><span style=\"font-weight: 400;\">Nous pensons qu&rsquo;un d\u00e9partement ou une agence fonci\u00e8re devrait \u00eatre cr\u00e9\u00e9 pour traiter toutes les questions fonci\u00e8res en vertu de la loi sur la protection des terres. <\/span><i><br \/>\n  <span style=\"font-weight: 400;\">Loi sur la protection des terres<\/span><br \/>\n<\/i><span style=\"font-weight: 400;\">. En tant que minist\u00e8re ou agence propre, il serait responsable devant un ministre et le public, mais \u00e9tabli avec une structure de gestion qui lui permettrait de travailler en toute ind\u00e9pendance par rapport au gouvernement et d&rsquo;\u00eatre libre de toute influence politique. Cela devrait constituer un grand soulagement pour les d\u00e9put\u00e9s provinciaux.  <\/span><\/p>\n<p><span style=\"font-weight: 400;\">Le gouvernement donnerait au d\u00e9partement\/\u00e0 l&rsquo;agence le pouvoir et les ressources n\u00e9cessaires pour mettre en \u0153uvre et faire respecter la loi sur la protection des terres (Lands Protection Act). <\/span><i><br \/>\n  <span style=\"font-weight: 400;\">Loi sur la protection des terres<\/span><br \/>\n<\/i><span style=\"font-weight: 400;\">  en mettant l&rsquo;accent sur l&rsquo;esprit et l&rsquo;intention. Il serait charg\u00e9 par le gouvernement de recommander la l\u00e9gislation n\u00e9cessaire pour combler les lacunes dans le respect de l&rsquo;esprit et de l&rsquo;intention de la directive. Elle devra pr\u00e9senter un rapport semestriel \u00e0 l&rsquo;Assembl\u00e9e l\u00e9gislative et faire l&rsquo;objet d&rsquo;un audit. Les employ\u00e9s seraient tenus de rendre des comptes dans le cadre d&rsquo;un processus qui devrait \u00eatre mis au point. Tous les incidents li\u00e9s \u00e0 des tentatives d&rsquo;ing\u00e9rence politique devraient faire l&rsquo;objet d&rsquo;un rapport public.  <\/span><\/p>\n<p><span style=\"font-weight: 400;\">Il serait charg\u00e9 de former tous les membres de l&rsquo;Assembl\u00e9e l\u00e9gislative \u00e0 la loi sur la protection des terres. <\/span><i><br \/>\n  <span style=\"font-weight: 400;\">Loi sur la protection des terres.<\/span><br \/>\n<\/i><\/p>\n<p><span style=\"font-weight: 400;\">Toutes les transactions fonci\u00e8res devraient \u00eatre r\u00e9pertori\u00e9es en toute transparence, ce qui est essentiel pour servir et conserver notre d\u00e9mocratie et notre territoire. Si l&rsquo;on ne fait rien de mal, cela ne devrait pas poser de probl\u00e8me.  <\/span><\/p>\n<p><span style=\"font-weight: 400;\">Le d\u00e9partement\/agence fonci\u00e8re effectuerait des recherches sur toutes les transactions fonci\u00e8res et suivrait l&rsquo;argent, qui serait publiquement r\u00e9pertori\u00e9. Elle aurait le pouvoir de d\u00e9terminer ce qu&rsquo;est une soci\u00e9t\u00e9 et d&rsquo;enqu\u00eater sur les propri\u00e9t\u00e9s fonci\u00e8res d&rsquo;une soci\u00e9t\u00e9, telles que d\u00e9finies dans la loi sur la protection de l&rsquo;environnement.  <\/span><i><br \/>\n  <span style=\"font-weight: 400;\">Loi sur la protection des terres<\/span><br \/>\n<\/i><b>. <\/b><span style=\"font-weight: 400;\">Les actionnaires, les directeurs, etc. devraient \u00eatre divulgu\u00e9s.<\/span><\/p>\n<p><span style=\"font-weight: 400;\">Toutes les transactions fonci\u00e8res passeraient par l&rsquo;agence, et non plus seulement les transactions portant sur une superficie de cinq acres ou plus. Cela inclut les transferts de terres entre r\u00e9sidents de l&rsquo;\u00eele.<\/span><\/p>\n<p><span style=\"font-weight: 400;\">Elle aurait le pouvoir de porter plainte contre les avocats, les agents immobiliers, les soci\u00e9t\u00e9s et les particuliers qui tentent de contourner la loi et ses limites territoriales.<\/span><\/p>\n<p><span style=\"font-weight: 400;\">Elle aurait le pouvoir d&rsquo;ordonner la cession des terres qui ne sont pas couvertes par la loi.  <\/span><\/p>\n<p><span style=\"font-weight: 400;\">Elle garantirait que les terres agricoles d\u00e9sign\u00e9es ne puissent pas \u00eatre retir\u00e9es de cette d\u00e9signation \u00e0 des fins de d\u00e9veloppement et que, quel que soit leur propri\u00e9taire, elles soient maintenues dans un syst\u00e8me de production alimentaire durable.<\/span><\/p>\n<p><span style=\"font-weight: 400;\">Elle superviserait la cr\u00e9ation et l&rsquo;administration d&rsquo;une banque fonci\u00e8re.  <\/span><\/p>\n<p><span style=\"font-weight: 400;\">Il permettrait de cartographier toutes les terres arables et non arables et de suivre l&rsquo;utilisation des terres, en particulier les terres \u00e9cologiquement sensibles, afin de s&rsquo;assurer qu&rsquo;elles ne sont pas exploit\u00e9es. Elle travaillerait en \u00e9troite collaboration avec un minist\u00e8re de l&rsquo;agriculture reconstruit et renforc\u00e9 pour mettre en \u0153uvre et faire respecter la loi sur la rotation des cultures. Elle lierait l&rsquo;utilisation des terres \u00e0 la fois \u00e0 la  <\/span><i><span style=\"font-weight: 400;\">Loi sur la protection des terres<\/span><\/i><span style=\"font-weight: 400;\">  et la loi sur la rotation des cultures. Elle travaillerait en \u00e9troite collaboration avec la sylviculture.<\/span><\/p>\n<p><span style=\"font-weight: 400;\">Elle garantirait la pr\u00e9servation des paysages et des panoramas de l&rsquo;\u00cele-du-Prince-\u00c9douard, non seulement pour les habitants de l&rsquo;\u00eele, mais aussi pour soutenir notre deuxi\u00e8me secteur d&rsquo;activit\u00e9, le tourisme.  <\/span><\/p>\n<p><span style=\"font-weight: 400;\">Un syst\u00e8me d&rsquo;appel sur les transactions fonci\u00e8res serait disponible par le biais d&rsquo;un comit\u00e9 quasi-judiciaire. Une telle voie de recours n&rsquo;existe pas aujourd&rsquo;hui.<\/span><\/p>\n<p><span style=\"font-weight: 400;\">Un tel d\u00e9partement ou agence pourrait garantir la propri\u00e9t\u00e9, l&rsquo;utilisation et la protection des terres de l&rsquo;\u00eele. Les grandes d\u00e9cisions concernant les terres agricoles seraient soustraites \u00e0 la sph\u00e8re politique et \u00e0 l&rsquo;influence des politiques et des entreprises. Toutes les parties seraient ainsi sur un pied d&rsquo;\u00e9galit\u00e9. Les habitants de l&rsquo;\u00eele pouvaient avoir la certitude que leur ressource principale et leur patrie seraient prot\u00e9g\u00e9es \u00e0 l&rsquo;avenir. Bien entendu, de nombreux autres d\u00e9tails devront \u00eatre r\u00e9gl\u00e9s.  <\/span><\/p>\n<p><span style=\"font-weight: 400;\">Les dirigeants de l&rsquo;\u00cele-du-Prince-\u00c9douard ont fait preuve de pr\u00e9voyance en 1982 et l&rsquo;\u00cele s&rsquo;est bien positionn\u00e9e pour l&rsquo;avenir. Cependant, la balle a \u00e9t\u00e9 l\u00e2ch\u00e9e et nous sommes maintenant proches du point de non-retour si l&rsquo;on veut que l&rsquo;Union europ\u00e9enne se dote d&rsquo;un syst\u00e8me de gestion de l&rsquo;information.<\/span> <i><br \/>\n  <span style=\"font-weight: 400;\"> Loi sur la protection des terres<\/span><br \/>\n<\/i><span style=\"font-weight: 400;\"> n&rsquo;est pas renforc\u00e9e et appliqu\u00e9e. <\/span> <\/p>\n<p><span style=\"font-weight: 400;\">Allons-nous \u00eatre les ma\u00eetres de notre propre avenir ou rester les locataires de notre propre terre ? Le gouvernement doit prendre conscience du fait que notre terre est notre plus grande ressource. Sa propri\u00e9t\u00e9, son utilisation et sa fertilit\u00e9 doivent \u00eatre prot\u00e9g\u00e9es. Nos repr\u00e9sentants gouvernementaux doivent prendre conscience du fait que ce qui est bon pour l&rsquo;entreprise n&rsquo;est pas n\u00e9cessairement avantageux pour les citoyens.  <\/span><\/p>\n<p><span style=\"font-weight: 400;\">Des g\u00e9n\u00e9rations plus tard, nous sommes toujours t\u00e9moins des r\u00e9percussions individuelles, sociales et \u00e9conomiques du d\u00e9placement des peuples indig\u00e8nes de leurs terres. Nous ne serons pas diff\u00e9rents si le gouvernement ne prend pas des mesures imm\u00e9diates. La pand\u00e9mie a montr\u00e9 que lorsque le gouvernement a la volont\u00e9, il peut faire bouger les choses rapidement. Les fondations et la structure sont en place gr\u00e2ce \u00e0 la  <\/span><i><span style=\"font-weight: 400;\">Loi sur la protection des terres.<\/span><\/i><span style=\"font-weight: 400;\">  Nous avons besoin d&rsquo;un v\u00e9ritable leadership.  <\/span><\/p>\n<p><span style=\"font-weight: 400;\">Nous avons \u00e9num\u00e9r\u00e9 les trois points cl\u00e9s de la Nationale des Fermiers, suivis de recommandations suppl\u00e9mentaires, comme indiqu\u00e9 dans notre pr\u00e9sentation.  <\/span><\/p>\n<p><span style=\"font-weight: 400;\"> <\/span><\/p>\n<p><b>POINTS CL\u00c9S<\/b><span style=\"font-weight: 400;\">:<\/span><\/p>\n<ol>\n<li style=\"font-weight: 400;\" aria-level=\"1\"><span style=\"font-weight: 400;\">Le gouvernement renforce encore la <\/span><i><br \/>\n  <span style=\"font-weight: 400;\">Loi sur la protection des terres<\/span><br \/>\n<\/i><span style=\"font-weight: 400;\">  afin que la lettre de la loi refl\u00e8te l&rsquo;esprit et l&rsquo;intention de la loi. Et que la loi soit appliqu\u00e9e dans toute sa rigueur, y compris en ordonnant la cession de terres.  <\/span><\/li>\n<\/ol>\n<p><span style=\"font-weight: 400;\"> <\/span><\/p>\n<ol>\n<li style=\"font-weight: 400;\" aria-level=\"1\"><span style=\"font-weight: 400;\">Gouvernement <\/span><b>NE PAS<\/b><span style=\"font-weight: 400;\"> augmenter les limites des terres pour r\u00e9pondre aux besoins des Fermes Cavendish et d&rsquo;un petit nombre de fermiers transformateurs, ce qui entra\u00eenerait des probl\u00e8mes suppl\u00e9mentaires pour d&rsquo;autres secteurs agricoles et pour les fermiers transformateurs, qui ne souhaitent pas \u00eatre contraints d&rsquo;augmenter leur superficie. <\/span> <\/li>\n<\/ol>\n<p><span style=\"font-weight: 400;\"> <\/span><\/p>\n<ol>\n<li style=\"font-weight: 400;\" aria-level=\"1\"><span style=\"font-weight: 400;\">Une loi sur la transparence de la propri\u00e9t\u00e9 fonci\u00e8re doit \u00eatre adopt\u00e9e afin de d\u00e9busquer publiquement les entreprises et les organisations qui utilisent des \u00e9chappatoires pour acheter de grandes superficies de terres. Entre-temps, le registre des soci\u00e9t\u00e9s commerciales doit \u00eatre modifi\u00e9 pour permettre l&rsquo;inscription des actionnaires et doit devenir plus convivial.<\/span><\/li>\n<\/ol>\n<p>&nbsp;<\/p>\n<p><b>Nous vous recommandons (sans ordre d&rsquo;importance particulier) :<\/b><\/p>\n<ul>\n<li style=\"font-weight: 400;\" aria-level=\"1\"><span style=\"font-weight: 400;\">Que le gouvernement commence \u00e0 mettre en place une banque de terres agricoles, dont l&rsquo;utilisation serait fermement li\u00e9e \u00e0 la loi sur la rotation des cultures.<\/span><\/li>\n<\/ul>\n<p>&nbsp;<\/p>\n<ul>\n<li style=\"font-weight: 400;\" aria-level=\"1\"><span style=\"font-weight: 400;\">Le gouvernement reconna\u00eet que la terre, le sol, l&rsquo;eau et l&rsquo;air de l&rsquo;\u00eele sont des biens publics.  <\/span><\/li>\n<\/ul>\n<p><span style=\"font-weight: 400;\"> <\/span><\/p>\n<ul>\n<li style=\"font-weight: 400;\" aria-level=\"1\"><span style=\"font-weight: 400;\">Le gouvernement reconna\u00eet l&rsquo;importance de la<\/span><i><br \/>\n  <span style=\"font-weight: 400;\"> loi sur la protection des terres<\/span><br \/>\n<\/i><span style=\"font-weight: 400;\">et s&rsquo;engagent \u00e0 mieux conna\u00eetre et comprendre son r\u00f4le dans la protection de notre ressource principale. <\/span> <\/li>\n<\/ul>\n<p><span style=\"font-weight: 400;\"> <\/span><\/p>\n<ul>\n<li style=\"font-weight: 400;\" aria-level=\"1\"><span style=\"font-weight: 400;\">Le gouvernement consolide la gestion des terres au sein d&rsquo;une agence unique dot\u00e9e des pouvoirs \u00e9num\u00e9r\u00e9s dans la pr\u00e9sentation et d\u00e9velopp\u00e9s avec l&rsquo;aide du public.  <\/span><\/li>\n<\/ul>\n<p><span style=\"font-weight: 400;\"> <\/span><\/p>\n<ul>\n<li style=\"font-weight: 400;\" aria-level=\"1\"><span style=\"font-weight: 400;\">Le gouvernement doit jouer un r\u00f4le de premier plan dans la diversification de l&rsquo;agriculture insulaire, afin d&rsquo;\u00e9viter une d\u00e9pendance aussi forte \u00e0 l&rsquo;\u00e9gard du secteur de la pomme de terre, ce qui mettrait en p\u00e9ril la stabilit\u00e9 de notre \u00e9conomie.  <\/span><\/li>\n<\/ul>\n<p><span style=\"font-weight: 400;\"> <\/span><\/p>\n<ul>\n<li style=\"font-weight: 400;\" aria-level=\"1\"><span style=\"font-weight: 400;\">Comme l&rsquo;ont recommand\u00e9 le juge Ralph Thompson et Horace Carver, les terres sensibles du point de vue de l&rsquo;environnement et les terres marginales ne doivent pas \u00eatre cultiv\u00e9es, mais maintenues comme terres non arables dans l&rsquo;ensemble des terres d&rsquo;une exploitation agricole.<\/span><\/li>\n<\/ul>\n<p><span style=\"font-weight: 400;\"> <\/span><\/p>\n<ul>\n<li style=\"font-weight: 400;\" aria-level=\"1\"><span style=\"font-weight: 400;\">Les terres agricoles de l&rsquo;\u00eele doivent rester consacr\u00e9es \u00e0 la production alimentaire<\/span><\/li>\n<\/ul>\n<p>&nbsp;<\/p>\n<ul>\n<li style=\"font-weight: 400;\" aria-level=\"1\"><span style=\"font-weight: 400;\">Le zonage et la gestion des terres agricoles doivent rester de la comp\u00e9tence provinciale et ne pas \u00eatre confi\u00e9s aux municipalit\u00e9s.<\/span><\/li>\n<\/ul>\n<p><span style=\"font-weight: 400;\"> <\/span><\/p>\n<p><span style=\"font-weight: 400;\">Respectueusement soumis par la Nationale des Fermiers, District 1, R\u00e9gion 1<\/span><\/p>\n","protected":false},"excerpt":{"rendered":"<p>Pr\u00e9sent\u00e9 au Comit\u00e9 \u00e0 Summerside, \u00ce.-P.-\u00c9., le 12 janvier 2021 District I, La R\u00e9gion 1 de la Nationale des Fermiers est heureuse de pouvoir se pr\u00e9senter devant le Comit\u00e9 des<\/p>\n","protected":false},"author":2,"featured_media":24696,"template":"","meta":{"_acf_changed":false,"_tec_requires_first_save":true,"_EventAllDay":false,"_EventTimezone":"","_EventStartDate":"","_EventEndDate":"","_EventStartDateUTC":"","_EventEndDateUTC":"","_EventShowMap":false,"_EventShowMapLink":false,"_EventURL":"","_EventCost":"","_EventCostDescription":"","_EventCurrencySymbol":"","_EventCurrencyCode":"","_EventCurrencyPosition":"","_EventDateTimeSeparator":"","_EventTimeRangeSeparator":"","_EventOrganizerID":[],"_EventVenueID":[],"_OrganizerEmail":"","_OrganizerPhone":"","_OrganizerWebsite":"","_VenueAddress":"","_VenueCity":"","_VenueCountry":"","_VenueProvince":"","_VenueState":"","_VenueZip":"","_VenuePhone":"","_VenueURL":"","_VenueStateProvince":"","_VenueLat":"","_VenueLng":"","_VenueShowMap":false,"_VenueShowMapLink":false,"_tribe_blocks_recurrence_rules":"","_tribe_blocks_recurrence_description":"","_tribe_blocks_recurrence_exclusions":"","_ecp_custom_4":"","_ecp_custom_7":"","_ecp_custom_9":"","_ecp_custom_10":"","_ecp_custom_12":"","_ecp_custom_13":""},"tags":[373,378,384,379],"policy_types":[308],"post_region":[317,318],"post_campaign":[332,345,346],"archive-year":[497],"class_list":["post-27641","policy","type-policy","status-publish","has-post-thumbnail","hentry","tag-agroalimentaire","tag-environnement","tag-nouveaux-fermiers","tag-revenu-agricole","policy_types-bref-unf","post_region-region-1-fr","post_region-region-1-district-1","post_campaign-changement-climatique","post_campaign-proteger-patrimoine-commun","post_campaign-qualite-de-vie-en-milieu-rural","archive-year-2021-fr"],"acf":[],"_links":{"self":[{"href":"https:\/\/www.nfu.ca\/fr\/wp-json\/wp\/v2\/policy\/27641","targetHints":{"allow":["GET"]}}],"collection":[{"href":"https:\/\/www.nfu.ca\/fr\/wp-json\/wp\/v2\/policy"}],"about":[{"href":"https:\/\/www.nfu.ca\/fr\/wp-json\/wp\/v2\/types\/policy"}],"author":[{"embeddable":true,"href":"https:\/\/www.nfu.ca\/fr\/wp-json\/wp\/v2\/users\/2"}],"wp:featuredmedia":[{"embeddable":true,"href":"https:\/\/www.nfu.ca\/fr\/wp-json\/wp\/v2\/media\/24696"}],"wp:attachment":[{"href":"https:\/\/www.nfu.ca\/fr\/wp-json\/wp\/v2\/media?parent=27641"}],"wp:term":[{"taxonomy":"post_tag","embeddable":true,"href":"https:\/\/www.nfu.ca\/fr\/wp-json\/wp\/v2\/tags?post=27641"},{"taxonomy":"policy_types","embeddable":true,"href":"https:\/\/www.nfu.ca\/fr\/wp-json\/wp\/v2\/policy_types?post=27641"},{"taxonomy":"post_region","embeddable":true,"href":"https:\/\/www.nfu.ca\/fr\/wp-json\/wp\/v2\/post_region?post=27641"},{"taxonomy":"post_campaign","embeddable":true,"href":"https:\/\/www.nfu.ca\/fr\/wp-json\/wp\/v2\/post_campaign?post=27641"},{"taxonomy":"archive-year","embeddable":true,"href":"https:\/\/www.nfu.ca\/fr\/wp-json\/wp\/v2\/archive-year?post=27641"}],"curies":[{"name":"wp","href":"https:\/\/api.w.org\/{rel}","templated":true}]}}