
{"id":26385,"date":"2017-09-28T14:43:39","date_gmt":"2017-09-28T20:43:39","guid":{"rendered":"https:\/\/www.nfu.ca\/apprendre\/changement-climatique\/"},"modified":"2025-10-08T12:57:34","modified_gmt":"2025-10-08T18:57:34","slug":"changement-climatique","status":"publish","type":"page","link":"https:\/\/www.nfu.ca\/fr\/apprendre\/changement-climatique\/","title":{"rendered":"Changement climatique"},"content":{"rendered":"\n<header class=\"wp-block-cover alignfull has-custom-content-position is-position-bottom-center banner-top\" id=\"banner-top\"><span aria-hidden=\"true\" class=\"wp-block-cover__background has-background-dim has-background-gradient\" style=\"background-color:#727b82;background:linear-gradient(180deg,rgba(0,0,0,0.97) 0%,rgba(0,0,0,0.05) 69%)\"><\/span><img loading=\"lazy\" decoding=\"async\" width=\"1800\" height=\"800\" src=\"https:\/\/www.nfu.ca\/wp-content\/uploads\/2017\/09\/nfu-campaign-climate-change-william-bossen-cropped.jpg\" class=\"wp-block-cover__image-background wp-post-image\" alt=\"\" data-object-fit=\"cover\" srcset=\"https:\/\/www.nfu.ca\/wp-content\/uploads\/2017\/09\/nfu-campaign-climate-change-william-bossen-cropped.jpg 1800w, https:\/\/www.nfu.ca\/wp-content\/uploads\/2017\/09\/nfu-campaign-climate-change-william-bossen-cropped-300x133.jpg 300w, https:\/\/www.nfu.ca\/wp-content\/uploads\/2017\/09\/nfu-campaign-climate-change-william-bossen-cropped-768x341.jpg 768w, https:\/\/www.nfu.ca\/wp-content\/uploads\/2017\/09\/nfu-campaign-climate-change-william-bossen-cropped-1024x455.jpg 1024w, https:\/\/www.nfu.ca\/wp-content\/uploads\/2017\/09\/nfu-campaign-climate-change-william-bossen-cropped-1080x480.jpg 1080w\" sizes=\"auto, (max-width: 1800px) 100vw, 1800px\" \/><div class=\"wp-block-cover__inner-container is-layout-flow wp-block-cover-is-layout-flow\">\n<p class=\"has-text-align-left has-large-font-size\"><\/p>\n<\/div><\/header>\n\n<div class=\"wp-block-stackable-hero alignwide stk-block-hero stk-block stk-08fda9e is-style-default\" data-v=\"2\" id=\"content-first\" data-block-id=\"08fda9e\"><style>.stk-08fda9e .stk-block-hero__content{min-height:500px !important;align-items:center !important;display:flex !important;}<\/style><div class=\"stk-block-hero__content stk-content-align stk-08fda9e-column alignwide stk-container stk-08fda9e-container stk--no-background stk--no-padding\"><div class=\"stk-block-content stk-inner-blocks has-text-align-left stk-08fda9e-inner-blocks\"><ol class=\"breadcrumb\"><li><a href=\"https:\/\/www.nfu.ca\/fr\/\">National Farmers Union<\/a><\/li><\/ol>\n\n\n\n<div class=\"wp-block-stackable-heading stk-block-heading stk-block-heading--v2 stk-block stk-6c2c9d1 page-title\" id=\"climate-change\" data-block-id=\"6c2c9d1\"><h1 class=\"stk-block-heading__text\">Changement climatique<\/h1><\/div>\n\n\n\n<div class=\"wp-block-stackable-columns stk-block-columns stk-block stk-1786798\" data-block-id=\"1786798\"><div class=\"stk-row stk-inner-blocks stk-block-content stk-content-align stk-1786798-column\">\n<div class=\"wp-block-stackable-column stk-block-column stk-column stk-block stk-62e807b\" data-v=\"4\" data-block-id=\"62e807b\"><style>@media screen and (min-width: 768px){.stk-62e807b {flex:var(--stk-flex-grow, 1) 1 calc(66% - var(--stk-column-gap, 0px) * 1 \/ 2 ) !important;}}<\/style><div class=\"stk-column-wrapper stk-block-column__content stk-container stk-62e807b-container stk--no-background stk--no-padding\"><div class=\"stk-block-content stk-inner-blocks stk-62e807b-inner-blocks\">\n<div class=\"wp-block-stackable-text stk-block-text stk-block stk-cc84f95 lead\" data-block-id=\"cc84f95\"><p class=\"stk-block-text__text\">Les fermi\u00e8res sont en premi\u00e8re ligne face au changement climatique.<\/p><\/div>\n\n\n\n<div class=\"wp-block-stackable-text stk-block-text stk-block stk-76bd81f\" data-block-id=\"76bd81f\"><p class=\"stk-block-text__text\">Nous avons besoin de stabilit\u00e9 climatique pour produire nos cultures, \u00e9lever notre b\u00e9tail, gagner notre vie, maintenir la sant\u00e9 de notre \u00e9cosyst\u00e8me agricole et fournir les aliments que les Canadiens consomment. Nous sommes \u00e9galement en mesure de contribuer \u00e0 la r\u00e9duction de l&#8217;empreinte carbone du Canada en modifiant nos pratiques agricoles afin de r\u00e9duire les \u00e9missions des exploitations.<\/p><\/div>\n\n\n\n<div class=\"wp-block-stackable-text stk-block-text stk-block stk-b5b8788\" data-block-id=\"b5b8788\"><p class=\"stk-block-text__text\">L&rsquo;UNF joue un r\u00f4le de premier plan pour aider les fermi\u00e8res \u00e0 r\u00e9duire leurs \u00e9missions et \u00e0 s&rsquo;adapter au changement climatique. Nombre de nos membres agissent d\u00e9j\u00e0 : ils mettent en \u0153uvre une production \u00e0 faible \u00e9mission de carbone dans leurs propres exploitations. Nous voulons partager nos connaissances et notre exp\u00e9rience avec les fermi\u00e8res et les d\u00e9cideurs politiques.<\/p><\/div>\n\n\n\n<blockquote class=\"wp-block-quote is-layout-flow wp-block-quote-is-layout-flow\">\n<div class=\"wp-block-stackable-text stk-block-text stk-block stk-a79c62b\" data-block-id=\"a79c62b\"><p class=\"stk-block-text__text\">\u201cThe unchecked use of fossil fuels over the past 200 years has caught up with us. Today we have a duty to correct the damage done, but we also have a great opportunity to learn how we can work with Nature, including soil microorganisms, insects, plants, animals and water to produce abundant, healthy food without damaging our atmosphere.\u201d <\/p><\/div>\n<cite>Ian Robson, coordinateur de la r\u00e9gion 5 de l&rsquo;UNF (Manitoba)<\/cite><\/blockquote>\n\n\n\n<div class=\"wp-block-stackable-text stk-block-text stk-block stk-b10b122\" data-block-id=\"b10b122\"><p class=\"stk-block-text__text\">L&rsquo;agriculture doit \u00e0 la fois s&rsquo;adapter et s&rsquo;att\u00e9nuer pour jouer son r\u00f4le dans la pr\u00e9vention d&rsquo;un changement climatique catastrophique. L&rsquo;UNF croit en une action qui place les connaissances des fermi\u00e8res au centre. Nous \u00e9laborons et d\u00e9fendons des politiques fond\u00e9es sur des donn\u00e9es probantes qui profitent \u00e0 la fois aux fermiers et au climat.<\/p><\/div>\n\n\n\n<div class=\"wp-block-stackable-text stk-block-text stk-block stk-8723010\" data-block-id=\"8723010\"><p class=\"stk-block-text__text\">L&rsquo;UNF a adopt\u00e9 les positions suivantes concernant le changement climatique :<\/p><\/div>\n\n\n\n<ul class=\"wp-block-list\">\n<li>L&rsquo;UNF exige que tous les niveaux de gouvernement reconnaissent la n\u00e9cessit\u00e9 de r\u00e9duire massivement et d&rsquo;urgence les \u00e9missions de gaz \u00e0 effet de serre.<\/li>\n\n\n\n<li>Le r\u00e9chauffement de la plan\u00e8te r\u00e9sulte de l&rsquo;augmentation des \u00e9missions de gaz \u00e0 effet de serre, dont le dioxyde de carbone. Le carbone peut \u00eatre s\u00e9questr\u00e9 gr\u00e2ce \u00e0 des pratiques appropri\u00e9es de conservation des sols. Il existe des propositions visant \u00e0 mesurer le carbone stock\u00e9 en termes de cr\u00e9dits de carbone qui peuvent \u00eatre commercialis\u00e9s et \u00e9chang\u00e9s entre les pays. Il semble tr\u00e8s probable que l&rsquo;\u00e9change de cr\u00e9dits carbone conduira les pays riches \u00e0 acheter des cr\u00e9dits aux fermi\u00e8res des pays en voie de d\u00e9veloppement et que cette pratique pourrait permettre une augmentation r\u00e9elle des gaz \u00e0 effet de serre. Par cons\u00e9quent, l&rsquo;UNF estime que chaque pays doit \u00eatre responsable de la r\u00e9duction des gaz \u00e0 effet de serre \u00e0 l&rsquo;int\u00e9rieur de ses fronti\u00e8res. L&rsquo;UNF estime en outre que les cr\u00e9dits carbone ne doivent pas \u00eatre commercialis\u00e9s et \u00e9chang\u00e9s entre les nations, les entreprises ou les individus.     <\/li>\n\n\n\n<li>L&rsquo;UNF a soutenu l&rsquo;accord de Kyoto et a exhort\u00e9 le gouvernement f\u00e9d\u00e9ral \u00e0 le ratifier.<\/li>\n\n\n\n<li>L&rsquo;UNF fournit des informations, un soutien et des strat\u00e9gies d&rsquo;att\u00e9nuation du changement climatique aux fermi\u00e8res.<\/li>\n\n\n\n<li>L&rsquo;UNF encourage tous les niveaux de gouvernement \u00e0 cr\u00e9er des programmes complets de rabais pour l&rsquo;agriculture bas\u00e9s sur des r\u00e9ductions mesurables des \u00e9missions de carbone \u00e0 la ferme et sur l&rsquo;augmentation de la s\u00e9questration du carbone.<\/li>\n<\/ul>\n\n\n\n<p>L&rsquo;UNF est un membre fondateur de <a href=\"https:\/\/farmersforclimatesolutions.ca\/\" target=\"_blank\" rel=\"noopener\">Farmers for Climate Solutions<\/a>.<\/p>\n\n\n\n<div class=\"wp-block-stackable-heading stk-block-heading stk-block-heading--v2 stk-block stk-b145bb5\" id=\"detailed-analyses\" data-block-id=\"b145bb5\"><h2 class=\"stk-block-heading__text\">Analyses d\u00e9taill\u00e9es<\/h2><\/div>\n\n\n\n<div class=\"wp-block-stackable-feature-grid stk-block-feature-grid stk-block-columns stk--column-wrap-desktop stk-block stk-f8dda91 is-style-horizontal\" data-block-id=\"f8dda91\"><style>.stk-f8dda91-column{flex-wrap:wrap !important;--stk-flex-grow:0 !important;}<\/style><div class=\"stk-row stk-inner-blocks stk-block-content stk-content-align stk-f8dda91-column\">\n<div class=\"wp-block-stackable-column stk-block-column stk-column stk-block stk-cf20ba5\" data-v=\"4\" data-block-id=\"cf20ba5\"><style>.stk-cf20ba5-container{margin-top:12px !important;margin-right:12px !important;margin-bottom:12px !important;margin-left:12px !important;border-top-left-radius:12px !important;border-top-right-radius:12px !important;border-bottom-right-radius:12px !important;border-bottom-left-radius:12px !important;overflow:hidden !important;padding-top:0px !important;padding-right:0px !important;padding-bottom:0px !important;padding-left:0px !important;}@media screen and (min-width: 768px){.stk-cf20ba5 {flex:var(--stk-flex-grow, 1) 1 calc(100% - var(--stk-column-gap, 0px) * 0 \/ 1 ) !important;}}<\/style><div class=\"stk-column-wrapper stk-block-column__content stk-container stk-cf20ba5-container stk-hover-parent\"><div class=\"stk-block-content stk-inner-blocks stk-cf20ba5-inner-blocks\">\n<div class=\"wp-block-stackable-columns stk-block-columns stk-block stk-f82de37\" data-block-id=\"f82de37\"><div class=\"stk-row stk-inner-blocks stk-block-content stk-content-align stk-f82de37-column\">\n<div class=\"wp-block-stackable-column stk-block-column stk-column stk-block stk-420b162\" data-v=\"4\" data-block-id=\"420b162\"><style>@media screen and (min-width: 768px){.stk-420b162 {flex:var(--stk-flex-grow, 1) 1 25% !important;}}<\/style><div class=\"stk-column-wrapper stk-block-column__content stk-container stk-420b162-container stk--no-background stk--no-padding\"><div class=\"stk-block-content stk-inner-blocks stk-420b162-inner-blocks\">\n<div class=\"wp-block-stackable-image stk-block-image stk-block stk-db486f5\" data-block-id=\"db486f5\"><style>.stk-db486f5 .stk-img-wrapper img{border-radius:12px !important;}<\/style><figure><a class=\"stk-link\" href=\"https:\/\/www.nfu.ca\/publications\/sustainable-aviation-fuel\/\"><span class=\"stk-img-wrapper stk-image--shape-stretch\"><img loading=\"lazy\" decoding=\"async\" class=\"stk-img wp-image-31654\" src=\"https:\/\/www.nfu.ca\/wp-content\/uploads\/2024\/11\/SAF-Op-1-212x300.png\" width=\"212\" height=\"300\" alt=\"Banni&#xE8;re repr&#xE9;sentant des vaches dans une ferme\" srcset=\"https:\/\/www.nfu.ca\/wp-content\/uploads\/2024\/11\/SAF-Op-1-212x300.png 212w, https:\/\/www.nfu.ca\/wp-content\/uploads\/2024\/11\/SAF-Op-1-724x1024.png 724w, https:\/\/www.nfu.ca\/wp-content\/uploads\/2024\/11\/SAF-Op-1-768x1086.png 768w, https:\/\/www.nfu.ca\/wp-content\/uploads\/2024\/11\/SAF-Op-1-1086x1536.png 1086w, https:\/\/www.nfu.ca\/wp-content\/uploads\/2024\/11\/SAF-Op-1-707x1000.png 707w, https:\/\/www.nfu.ca\/wp-content\/uploads\/2024\/11\/SAF-Op-1.png 1414w\" sizes=\"auto, (max-width: 212px) 100vw, 212px\" \/><\/span><\/a><\/figure><\/div>\n<\/div><\/div><\/div>\n\n\n\n<div class=\"wp-block-stackable-column stk-block-column stk-column stk-block stk-5a89e72\" data-v=\"4\" data-block-id=\"5a89e72\"><style>@media screen and (min-width: 768px){.stk-5a89e72 {flex:var(--stk-flex-grow, 1) 1 75% !important;}}<\/style><div class=\"stk-column-wrapper stk-block-column__content stk-container stk-5a89e72-container stk--no-background stk--no-padding\"><div class=\"stk-block-content stk-inner-blocks stk-5a89e72-inner-blocks\">\n<div class=\"wp-block-stackable-heading stk-block-heading stk-block-heading--v2 stk-block stk-60fc632\" id=\"a-href-https-www-nfu-ca-publications-ag-ghg-emissions-in-cad-3rd-edition-a-a-href-https-www-nfu-ca-publications-ag-ghg-emissions-in-cad-3rd-edition-gricultural-greenhouse-gas-emissions-in-canada-a-a\" data-block-id=\"60fc632\"><h5 class=\"stk-block-heading__text\"><a href=\"https:\/\/www.nfu.ca\/fr\/publications\/sustainable-aviation-fuel\/\">Carburant aviation durable (SAF) : Une analyse critique ax\u00e9e sur l&rsquo;agriculture, la terre et l&rsquo;alimentation<\/a><\/h5><\/div>\n\n\n\n<div class=\"wp-block-stackable-text stk-block-text stk-block stk-330b3a4\" data-block-id=\"330b3a4\"><p class=\"stk-block-text__text\">Les carburants a\u00e9ronautiques durables (SAF) pr\u00e9sentent des risques importants pour la s\u00e9curit\u00e9 alimentaire, la biodiversit\u00e9 et les objectifs climatiques, tout en ne relevant pas le v\u00e9ritable d\u00e9fi des \u00e9missions de l&rsquo;aviation. Le rapport met en \u00e9vidence les compromis et les limites plan\u00e9taires ignor\u00e9s par le m\u00e9gaprojet SAF. <\/p><\/div>\n<\/div><\/div><\/div>\n<\/div><\/div>\n<\/div><\/div><\/div>\n\n\n\n<div class=\"wp-block-stackable-column stk-block-column stk-column stk-block stk-54923a8\" data-v=\"4\" data-block-id=\"54923a8\"><style>.stk-54923a8-container{margin-top:12px !important;margin-right:12px !important;margin-bottom:12px !important;margin-left:12px !important;border-top-left-radius:12px !important;border-top-right-radius:12px !important;border-bottom-right-radius:12px !important;border-bottom-left-radius:12px !important;overflow:hidden !important;padding-top:0px !important;padding-right:0px !important;padding-bottom:0px !important;padding-left:0px !important;}@media screen and (min-width: 768px){.stk-54923a8 {flex:var(--stk-flex-grow, 1) 1 calc(100% - var(--stk-column-gap, 0px) * 0 \/ 1 ) !important;}}<\/style><div class=\"stk-column-wrapper stk-block-column__content stk-container stk-54923a8-container stk-hover-parent\"><div class=\"stk-block-content stk-inner-blocks stk-54923a8-inner-blocks\">\n<div class=\"wp-block-stackable-columns stk-block-columns stk-block stk-9526c3a\" data-block-id=\"9526c3a\"><div class=\"stk-row stk-inner-blocks stk-block-content stk-content-align stk-9526c3a-column\">\n<div class=\"wp-block-stackable-column stk-block-column stk-column stk-block stk-fd88509\" data-v=\"4\" data-block-id=\"fd88509\"><style>@media screen and (min-width: 768px){.stk-fd88509 {flex:var(--stk-flex-grow, 1) 1 25% !important;}}<\/style><div class=\"stk-column-wrapper stk-block-column__content stk-container stk-fd88509-container stk--no-background stk--no-padding\"><div class=\"stk-block-content stk-inner-blocks stk-fd88509-inner-blocks\">\n<div class=\"wp-block-stackable-image stk-block-image stk-block stk-a4133fb\" data-block-id=\"a4133fb\"><style>.stk-a4133fb .stk-img-wrapper img{border-radius:12px !important;}<\/style><figure><a class=\"stk-link\" href=\"https:\/\/www.nfu.ca\/publications\/tried-and-true-the-case-for-reinstituting-efficacy-testing-for-non-fertilizer-supplements\/\"><span class=\"stk-img-wrapper stk-image--shape-stretch\"><img loading=\"lazy\" decoding=\"async\" class=\"stk-img wp-image-30789\" src=\"https:\/\/www.nfu.ca\/wp-content\/uploads\/2024\/10\/ET-Non-F-op.-1-212x300.png\" width=\"212\" height=\"300\" alt=\"Banni&#xE8;re repr&#xE9;sentant des vaches dans une ferme\" srcset=\"https:\/\/www.nfu.ca\/wp-content\/uploads\/2024\/10\/ET-Non-F-op.-1-212x300.png 212w, https:\/\/www.nfu.ca\/wp-content\/uploads\/2024\/10\/ET-Non-F-op.-1-724x1024.png 724w, https:\/\/www.nfu.ca\/wp-content\/uploads\/2024\/10\/ET-Non-F-op.-1-768x1086.png 768w, https:\/\/www.nfu.ca\/wp-content\/uploads\/2024\/10\/ET-Non-F-op.-1-1086x1536.png 1086w, https:\/\/www.nfu.ca\/wp-content\/uploads\/2024\/10\/ET-Non-F-op.-1-707x1000.png 707w, https:\/\/www.nfu.ca\/wp-content\/uploads\/2024\/10\/ET-Non-F-op.-1.png 1414w\" sizes=\"auto, (max-width: 212px) 100vw, 212px\" \/><\/span><\/a><\/figure><\/div>\n<\/div><\/div><\/div>\n\n\n\n<div class=\"wp-block-stackable-column stk-block-column stk-column stk-block stk-090c2f6\" data-v=\"4\" data-block-id=\"090c2f6\"><style>@media screen and (min-width: 768px){.stk-090c2f6 {flex:var(--stk-flex-grow, 1) 1 75% !important;}}<\/style><div class=\"stk-column-wrapper stk-block-column__content stk-container stk-090c2f6-container stk--no-background stk--no-padding\"><div class=\"stk-block-content stk-inner-blocks stk-090c2f6-inner-blocks\">\n<div class=\"wp-block-stackable-heading stk-block-heading stk-block-heading--v2 stk-block stk-5407fa7\" id=\"a-href-https-www-nfu-ca-publications-ag-ghg-emissions-in-cad-3rd-edition-a-a-href-https-www-nfu-ca-publications-ag-ghg-emissions-in-cad-3rd-edition-gricultural-greenhouse-gas-emissions-in-canada-a-a\" data-block-id=\"5407fa7\"><h5 class=\"stk-block-heading__text\"><a href=\"https:\/\/www.nfu.ca\/fr\/publications\/lessai-de-lefficacite-des-complements-alimentaires-non-fertilisants\/\" data-type=\"link\" data-id=\"https:\/\/www.nfu.ca\/publications\/tried-and-true-the-case-for-reinstituting-efficacy-testing-for-non-fertilizer-supplements\/\">Une m\u00e9thode \u00e9prouv\u00e9e et efficace : Un plaidoyer pour le r\u00e9tablissement des tests d\u2019efficacit\u00e9 sur les suppl\u00e9ments non fertilisants.<\/a><\/h5><\/div>\n\n\n\n<div class=\"wp-block-stackable-text stk-block-text stk-block stk-c535106\" data-block-id=\"c535106\"><p class=\"stk-block-text__text\">Le r\u00e9tablissement des tests d&rsquo;efficacit\u00e9 pour les suppl\u00e9ments non fertilisants au Canada renforcera la durabilit\u00e9 de l&rsquo;agriculture, soutiendra la sant\u00e9 des sols et fournira aux fermi\u00e8res des solutions scientifiquement valid\u00e9es et rentables.<\/p><\/div>\n<\/div><\/div><\/div>\n<\/div><\/div>\n<\/div><\/div><\/div>\n\n\n\n<div class=\"wp-block-stackable-column stk-block-column stk-column stk-block stk-4a16963\" data-v=\"4\" data-block-id=\"4a16963\"><style>.stk-4a16963-container{margin-top:12px !important;margin-right:12px !important;margin-bottom:12px !important;margin-left:12px !important;border-top-left-radius:12px !important;border-top-right-radius:12px !important;border-bottom-right-radius:12px !important;border-bottom-left-radius:12px !important;overflow:hidden !important;padding-top:0px !important;padding-right:0px !important;padding-bottom:0px !important;padding-left:0px !important;}@media screen and (min-width: 768px){.stk-4a16963 {flex:var(--stk-flex-grow, 1) 1 calc(100% - var(--stk-column-gap, 0px) * 0 \/ 1 ) !important;}}<\/style><div class=\"stk-column-wrapper stk-block-column__content stk-container stk-4a16963-container stk-hover-parent\"><div class=\"stk-block-content stk-inner-blocks stk-4a16963-inner-blocks\">\n<div class=\"wp-block-stackable-columns stk-block-columns stk-block stk-f56df15\" data-block-id=\"f56df15\"><div class=\"stk-row stk-inner-blocks stk-block-content stk-content-align stk-f56df15-column\">\n<div class=\"wp-block-stackable-column stk-block-column stk-column stk-block stk-9d12ce3\" data-v=\"4\" data-block-id=\"9d12ce3\"><style>@media screen and (min-width: 768px){.stk-9d12ce3 {flex:var(--stk-flex-grow, 1) 1 25% !important;}}<\/style><div class=\"stk-column-wrapper stk-block-column__content stk-container stk-9d12ce3-container stk--no-background stk--no-padding\"><div class=\"stk-block-content stk-inner-blocks stk-9d12ce3-inner-blocks\">\n<div class=\"wp-block-stackable-image stk-block-image stk-block stk-8a52838\" data-block-id=\"8a52838\"><style>.stk-8a52838 .stk-img-wrapper img{border-radius:12px !important;}<\/style><figure><a class=\"stk-link\" href=\"https:\/\/www.nfu.ca\/publications\/reasons-why-offsets-wrong-approach\/\"><span class=\"stk-img-wrapper stk-image--shape-stretch\"><img loading=\"lazy\" decoding=\"async\" class=\"stk-img wp-image-17863\" src=\"https:\/\/www.nfu.ca\/wp-content\/uploads\/2023\/08\/18-Reasons-Why-Agricultural-Soil-Carbon-Offsets-are-the-Wrong-Approach-to-the-Climate-Crisis-212x300.png\" width=\"212\" height=\"300\" alt=\"Banni&#xE8;re repr&#xE9;sentant des vaches dans une ferme\" srcset=\"https:\/\/www.nfu.ca\/wp-content\/uploads\/2023\/08\/18-Reasons-Why-Agricultural-Soil-Carbon-Offsets-are-the-Wrong-Approach-to-the-Climate-Crisis-212x300.png 212w, https:\/\/www.nfu.ca\/wp-content\/uploads\/2023\/08\/18-Reasons-Why-Agricultural-Soil-Carbon-Offsets-are-the-Wrong-Approach-to-the-Climate-Crisis-724x1024.png 724w, https:\/\/www.nfu.ca\/wp-content\/uploads\/2023\/08\/18-Reasons-Why-Agricultural-Soil-Carbon-Offsets-are-the-Wrong-Approach-to-the-Climate-Crisis-768x1086.png 768w, https:\/\/www.nfu.ca\/wp-content\/uploads\/2023\/08\/18-Reasons-Why-Agricultural-Soil-Carbon-Offsets-are-the-Wrong-Approach-to-the-Climate-Crisis-1086x1536.png 1086w, https:\/\/www.nfu.ca\/wp-content\/uploads\/2023\/08\/18-Reasons-Why-Agricultural-Soil-Carbon-Offsets-are-the-Wrong-Approach-to-the-Climate-Crisis-707x1000.png 707w, https:\/\/www.nfu.ca\/wp-content\/uploads\/2023\/08\/18-Reasons-Why-Agricultural-Soil-Carbon-Offsets-are-the-Wrong-Approach-to-the-Climate-Crisis.png 1414w\" sizes=\"auto, (max-width: 212px) 100vw, 212px\" \/><\/span><\/a><\/figure><\/div>\n<\/div><\/div><\/div>\n\n\n\n<div class=\"wp-block-stackable-column stk-block-column stk-column stk-block stk-7dcf4ab\" data-v=\"4\" data-block-id=\"7dcf4ab\"><style>@media screen and (min-width: 768px){.stk-7dcf4ab {flex:var(--stk-flex-grow, 1) 1 75% !important;}}<\/style><div class=\"stk-column-wrapper stk-block-column__content stk-container stk-7dcf4ab-container stk--no-background stk--no-padding\"><div class=\"stk-block-content stk-inner-blocks stk-7dcf4ab-inner-blocks\">\n<div class=\"wp-block-stackable-heading stk-block-heading stk-block-heading--v2 stk-block stk-6cf775f\" id=\"a-href-https-www-nfu-ca-publications-ag-ghg-emissions-in-cad-3rd-edition-a-a-href-https-www-nfu-ca-publications-ag-ghg-emissions-in-cad-3rd-edition-gricultural-greenhouse-gas-emissions-in-canada-a-a\" data-block-id=\"6cf775f\"><h5 class=\"stk-block-heading__text\"><a href=\"https:\/\/www.nfu.ca\/fr\/publications\/raisons-pourquoi-les-compensations-sont-elles-une-mauvaise-approche\/\">18 raisons pour lesquelles la compensation des \u00e9missions de carbone des sols agricoles n&rsquo;est pas la bonne solution pour lutter contre la crise climatique, et ce que nous devrions faire \u00e0 la place<\/a> <\/h5><\/div>\n\n\n\n<div class=\"wp-block-stackable-text stk-block-text stk-block stk-7cdbf3e\" data-block-id=\"7cdbf3e\"><p class=\"stk-block-text__text\">L&rsquo;UNF demande instamment au gouvernement canadien de mettre en veilleuse les projets de protocoles de compensation bas\u00e9s sur le sol.<\/p><\/div>\n<\/div><\/div><\/div>\n<\/div><\/div>\n<\/div><\/div><\/div>\n\n\n\n<div class=\"wp-block-stackable-column stk-block-column stk-column stk-block stk-322fced\" data-v=\"4\" data-block-id=\"322fced\"><style>.stk-322fced-container{border-top-left-radius:12px !important;border-top-right-radius:12px !important;border-bottom-right-radius:12px !important;border-bottom-left-radius:12px !important;overflow:hidden !important;padding-top:0px !important;padding-right:0px !important;padding-bottom:0px !important;padding-left:0px !important;}@media screen and (min-width: 768px){.stk-322fced {flex:var(--stk-flex-grow, 1) 1 calc(100% - var(--stk-column-gap, 0px) * 0 \/ 1 ) !important;}}<\/style><div class=\"stk-column-wrapper stk-block-column__content stk-container stk-322fced-container stk-hover-parent\"><div class=\"stk-block-content stk-inner-blocks stk-322fced-inner-blocks\">\n<div class=\"wp-block-stackable-columns stk-block-columns stk-block stk-6a3a74f\" data-block-id=\"6a3a74f\"><div class=\"stk-row stk-inner-blocks stk-block-content stk-content-align stk-6a3a74f-column\">\n<div class=\"wp-block-stackable-column stk-block-column stk-column stk-block stk-e967cb2\" data-v=\"4\" data-block-id=\"e967cb2\"><style>@media screen and (min-width: 768px){.stk-e967cb2 {flex:var(--stk-flex-grow, 1) 1 25% !important;}}<\/style><div class=\"stk-column-wrapper stk-block-column__content stk-container stk-e967cb2-container stk--no-background stk--no-padding\"><div class=\"stk-block-content stk-inner-blocks stk-e967cb2-inner-blocks\">\n<div class=\"wp-block-stackable-image stk-block-image stk-block stk-8c77200\" data-block-id=\"8c77200\"><style>.stk-8c77200 .stk-img-wrapper img{border-radius:12px !important;}<\/style><figure><a class=\"stk-link\" href=\"https:\/\/www.nfu.ca\/wp-content\/uploads\/2023\/04\/NFU-input-to-Sust-Ag-Strategy-final.pdf\" target=\"_blank\" rel=\"noreferrer noopener\"><span class=\"stk-img-wrapper stk-image--shape-stretch\"><img loading=\"lazy\" decoding=\"async\" class=\"stk-img wp-image-17238\" src=\"https:\/\/www.nfu.ca\/wp-content\/uploads\/2023\/04\/Screen-Shot-2023-04-04-at-1.51.05-PM-232x300.png\" width=\"232\" height=\"300\" alt=\"Banni&#xE8;re repr&#xE9;sentant des vaches dans une ferme\" srcset=\"https:\/\/www.nfu.ca\/wp-content\/uploads\/2023\/04\/Screen-Shot-2023-04-04-at-1.51.05-PM-232x300.png 232w, https:\/\/www.nfu.ca\/wp-content\/uploads\/2023\/04\/Screen-Shot-2023-04-04-at-1.51.05-PM.png 544w\" sizes=\"auto, (max-width: 232px) 100vw, 232px\" \/><\/span><\/a><\/figure><\/div>\n<\/div><\/div><\/div>\n\n\n\n<div class=\"wp-block-stackable-column stk-block-column stk-column stk-block stk-9904ded\" data-v=\"4\" data-block-id=\"9904ded\"><style>@media screen and (min-width: 768px){.stk-9904ded {flex:var(--stk-flex-grow, 1) 1 75% !important;}}<\/style><div class=\"stk-column-wrapper stk-block-column__content stk-container stk-9904ded-container stk--no-background stk--no-padding\"><div class=\"stk-block-content stk-inner-blocks stk-9904ded-inner-blocks\">\n<div class=\"wp-block-stackable-heading stk-block-heading stk-block-heading--v2 stk-block stk-efb3553\" id=\"a-href-https-www-nfu-ca-wp-content-uploads-2023-04-nfu-input-to-sust-ag-strategy-final-pdf-target-blank-rel-noreferrer-noopener-canadian-agriculture-the-challenge-of-achieving-authentic-sustainability-a\" data-block-id=\"efb3553\"><h5 class=\"stk-block-heading__text\"><a href=\"https:\/\/www.nfu.ca\/wp-content\/uploads\/2023\/04\/NFU-input-to-Sust-Ag-Strategy-final.pdf\" target=\"_blank\" rel=\"noreferrer noopener\">L&rsquo;agriculture canadienne : Le d\u00e9fi d&rsquo;une durabilit\u00e9 authentique<\/a><\/h5><\/div>\n\n\n\n<p>Un rapport en trois parties sur les macro-tendances au sein des syst\u00e8mes \u00e9conomiques humains mondiaux, les d\u00e9fis de l&rsquo;agriculture canadienne en mati\u00e8re de durabilit\u00e9 et les r\u00e9ponses de l&rsquo;UNF au questionnaire SAS d&rsquo;AAC.<\/p>\n<\/div><\/div><\/div>\n<\/div><\/div>\n<\/div><\/div><\/div>\n\n\n\n<div class=\"wp-block-stackable-column stk-block-column stk-column stk-block stk-fd92a2a\" data-v=\"4\" data-block-id=\"fd92a2a\"><style>.stk-fd92a2a-container{border-top-left-radius:12px !important;border-top-right-radius:12px !important;border-bottom-right-radius:12px !important;border-bottom-left-radius:12px !important;overflow:hidden !important;padding-top:0px !important;padding-right:0px !important;padding-bottom:0px !important;padding-left:0px !important;}@media screen and (min-width: 768px){.stk-fd92a2a {flex:var(--stk-flex-grow, 1) 1 calc(100% - var(--stk-column-gap, 0px) * 0 \/ 1 ) !important;}}<\/style><div class=\"stk-column-wrapper stk-block-column__content stk-container stk-fd92a2a-container stk-hover-parent\"><div class=\"stk-block-content stk-inner-blocks stk-fd92a2a-inner-blocks\">\n<div class=\"wp-block-stackable-columns stk-block-columns stk-block stk-e380e49\" data-block-id=\"e380e49\"><div class=\"stk-row stk-inner-blocks stk-block-content stk-content-align stk-e380e49-column\">\n<div class=\"wp-block-stackable-column stk-block-column stk-column stk-block stk-354a036\" data-v=\"4\" data-block-id=\"354a036\"><style>@media screen and (min-width: 768px){.stk-354a036 {flex:var(--stk-flex-grow, 1) 1 25% !important;}}<\/style><div class=\"stk-column-wrapper stk-block-column__content stk-container stk-354a036-container stk--no-background stk--no-padding\"><div class=\"stk-block-content stk-inner-blocks stk-354a036-inner-blocks\">\n<div class=\"wp-block-stackable-image stk-block-image stk-block stk-837859b\" data-block-id=\"837859b\"><style>.stk-837859b .stk-img-wrapper img{border-radius:12px !important;object-position:50% 0% !important;}<\/style><figure><a class=\"stk-link\" href=\"https:\/\/www.nfu.ca\/publications\/nfu-proposed-cfra\/\"><span class=\"stk-img-wrapper stk-image--shape-stretch\"><img loading=\"lazy\" decoding=\"async\" class=\"stk-img wp-image-16363\" src=\"https:\/\/www.nfu.ca\/wp-content\/uploads\/2022\/12\/PFRA-Title-Page-232x300.png\" width=\"232\" height=\"300\" alt=\"Banni&#xE8;re repr&#xE9;sentant des vaches dans une ferme\" srcset=\"https:\/\/www.nfu.ca\/wp-content\/uploads\/2022\/12\/PFRA-Title-Page-232x300.png 232w, https:\/\/www.nfu.ca\/wp-content\/uploads\/2022\/12\/PFRA-Title-Page-792x1024.png 792w, https:\/\/www.nfu.ca\/wp-content\/uploads\/2022\/12\/PFRA-Title-Page-768x993.png 768w, https:\/\/www.nfu.ca\/wp-content\/uploads\/2022\/12\/PFRA-Title-Page-1187x1536.png 1187w, https:\/\/www.nfu.ca\/wp-content\/uploads\/2022\/12\/PFRA-Title-Page.png 1376w\" sizes=\"auto, (max-width: 232px) 100vw, 232px\" \/><\/span><\/a><\/figure><\/div>\n<\/div><\/div><\/div>\n\n\n\n<div class=\"wp-block-stackable-column stk-block-column stk-column stk-block stk-c42b258\" data-v=\"4\" data-block-id=\"c42b258\"><style>@media screen and (min-width: 768px){.stk-c42b258 {flex:var(--stk-flex-grow, 1) 1 75% !important;}}<\/style><div class=\"stk-column-wrapper stk-block-column__content stk-container stk-c42b258-container stk--no-background stk--no-padding\"><div class=\"stk-block-content stk-inner-blocks stk-c42b258-inner-blocks\">\n<div class=\"wp-block-stackable-heading stk-block-heading stk-block-heading--v2 stk-block stk-540b9b1\" id=\"a-href-https-www-nfu-ca-publications-nfu-proposed-cfra-the-nf-us-proposed-cfra-canadian-farm-resilience-agency-a\" data-block-id=\"540b9b1\"><h5 class=\"stk-block-heading__text\"><a href=\"https:\/\/www.nfu.ca\/fr\/publications\/unf-propose-cfra\/\">La proposition de l&rsquo;Agence canadienne de r\u00e9silience agricole (ACRA) sur le site UNF.<\/a><\/h5><\/div>\n\n\n\n<div class=\"wp-block-stackable-text stk-block-text stk-block stk-a68dc9a\" data-block-id=\"a68dc9a\"><p class=\"stk-block-text__text\">Neuf membres et responsables de l&rsquo;UNF organisent des r\u00e9unions avec des d\u00e9put\u00e9s individuels pour aider \u00e0 faire progresser l&rsquo;Agence canadienne de r\u00e9silience agricole 2022-2023 propos\u00e9e par l&rsquo;UNF.<\/p><\/div>\n<\/div><\/div><\/div>\n<\/div><\/div>\n<\/div><\/div><\/div>\n\n\n\n<div class=\"wp-block-stackable-column stk-block-column stk-column stk-block stk-63bf59f\" data-v=\"4\" data-block-id=\"63bf59f\"><style>.stk-63bf59f-container{border-top-left-radius:12px !important;border-top-right-radius:12px !important;border-bottom-right-radius:12px !important;border-bottom-left-radius:12px !important;overflow:hidden !important;padding-top:0px !important;padding-right:0px !important;padding-bottom:0px !important;padding-left:0px !important;}@media screen and (min-width: 768px){.stk-63bf59f {flex:var(--stk-flex-grow, 1) 1 calc(100% - var(--stk-column-gap, 0px) * 0 \/ 1 ) !important;}}<\/style><div class=\"stk-column-wrapper stk-block-column__content stk-container stk-63bf59f-container stk-hover-parent\"><div class=\"stk-block-content stk-inner-blocks stk-63bf59f-inner-blocks\">\n<div class=\"wp-block-stackable-columns stk-block-columns stk-block stk-77e5a0c\" data-block-id=\"77e5a0c\"><div class=\"stk-row stk-inner-blocks stk-block-content stk-content-align stk-77e5a0c-column\">\n<div class=\"wp-block-stackable-column stk-block-column stk-column stk-block stk-687aba5\" data-v=\"4\" data-block-id=\"687aba5\"><style>@media screen and (min-width: 768px){.stk-687aba5 {flex:var(--stk-flex-grow, 1) 1 25% !important;}}<\/style><div class=\"stk-column-wrapper stk-block-column__content stk-container stk-687aba5-container stk--no-background stk--no-padding\"><div class=\"stk-block-content stk-inner-blocks stk-687aba5-inner-blocks\">\n<div class=\"wp-block-stackable-image stk-block-image stk-block stk-b0474f1\" data-block-id=\"b0474f1\"><style>.stk-b0474f1 .stk-img-wrapper img{border-radius:12px !important;}<\/style><figure><a class=\"stk-link\" href=\"https:\/\/www.nfu.ca\/publications\/nitrogen-report-2022\/\"><span class=\"stk-img-wrapper stk-image--shape-stretch\"><img loading=\"lazy\" decoding=\"async\" class=\"stk-img wp-image-21203\" src=\"https:\/\/www.nfu.ca\/wp-content\/uploads\/2024\/04\/NFU-Nitrogen-Fertilizer-report-cover-v3-pdf-232x300.jpg\" width=\"232\" height=\"300\" alt=\"Banni&#xE8;re repr&#xE9;sentant des vaches dans une ferme\" srcset=\"https:\/\/www.nfu.ca\/wp-content\/uploads\/2024\/04\/NFU-Nitrogen-Fertilizer-report-cover-v3-pdf-232x300.jpg 232w, https:\/\/www.nfu.ca\/wp-content\/uploads\/2024\/04\/NFU-Nitrogen-Fertilizer-report-cover-v3-pdf-791x1024.jpg 791w, https:\/\/www.nfu.ca\/wp-content\/uploads\/2024\/04\/NFU-Nitrogen-Fertilizer-report-cover-v3-pdf-768x994.jpg 768w, https:\/\/www.nfu.ca\/wp-content\/uploads\/2024\/04\/NFU-Nitrogen-Fertilizer-report-cover-v3-pdf.jpg 1088w\" sizes=\"auto, (max-width: 232px) 100vw, 232px\" \/><\/span><\/a><\/figure><\/div>\n<\/div><\/div><\/div>\n\n\n\n<div class=\"wp-block-stackable-column stk-block-column stk-column stk-block stk-bb0dc95\" data-v=\"4\" data-block-id=\"bb0dc95\"><style>.stk-bb0dc95 {align-self:flex-start !important;}@media screen and (min-width: 768px){.stk-bb0dc95 {flex:var(--stk-flex-grow, 1) 1 75% !important;}}<\/style><div class=\"stk-column-wrapper stk-block-column__content stk-container stk-bb0dc95-container stk--no-background stk--no-padding\"><div class=\"has-text-align-left stk-block-content stk-inner-blocks stk-bb0dc95-inner-blocks\">\n<div class=\"wp-block-stackable-heading stk-block-heading stk-block-heading--v2 stk-block stk-229c9f4\" id=\"a-href-https-www-nfu-ca-publications-nitrogen-report-2022-critical-nutrient-key-farm-input-and-major-environmental-problem-a\" data-block-id=\"229c9f4\"><h5 class=\"stk-block-heading__text\"><a href=\"https:\/\/www.nfu.ca\/fr\/publications\/rapport-sur-lazote-2022\/\">\u00c9l\u00e9ment nutritif essentiel, intrant agricole cl\u00e9 et probl\u00e8me environnemental majeur<\/a><\/h5><\/div>\n\n\n\n<div class=\"wp-block-stackable-text stk-block-text stk-block stk-8724e55\" data-block-id=\"8724e55\"><p class=\"stk-block-text__text\">Une vue d&rsquo;ensemble de l&rsquo;engrais azot\u00e9, de ses nombreux avantages et de ses effets n\u00e9gatifs, et des arguments en faveur de son optimisation.<\/p><\/div>\n<\/div><\/div><\/div>\n<\/div><\/div>\n<\/div><\/div><\/div>\n\n\n\n<div class=\"wp-block-stackable-column stk-block-column stk-column stk-block stk-fc9456f\" data-v=\"4\" data-block-id=\"fc9456f\"><style>.stk-fc9456f-container{border-top-left-radius:12px !important;border-top-right-radius:12px !important;border-bottom-right-radius:12px !important;border-bottom-left-radius:12px !important;overflow:hidden !important;padding-top:0px !important;padding-right:0px !important;padding-bottom:0px !important;padding-left:0px !important;}@media screen and (min-width: 768px){.stk-fc9456f {flex:var(--stk-flex-grow, 1) 1 calc(100% - var(--stk-column-gap, 0px) * 0 \/ 1 ) !important;}}<\/style><div class=\"stk-column-wrapper stk-block-column__content stk-container stk-fc9456f-container stk-hover-parent\"><div class=\"stk-block-content stk-inner-blocks stk-fc9456f-inner-blocks\">\n<div class=\"wp-block-stackable-columns stk-block-columns stk-block stk-5b0f966\" data-block-id=\"5b0f966\"><div class=\"stk-row stk-inner-blocks stk-block-content stk-content-align stk-5b0f966-column\">\n<div class=\"wp-block-stackable-column stk-block-column stk-column stk-block stk-5a5c6e0\" data-v=\"4\" data-block-id=\"5a5c6e0\"><style>@media screen and (min-width: 768px){.stk-5a5c6e0 {flex:var(--stk-flex-grow, 1) 1 25% !important;}}<\/style><div class=\"stk-column-wrapper stk-block-column__content stk-container stk-5a5c6e0-container stk--no-background stk--no-padding\"><div class=\"stk-block-content stk-inner-blocks stk-5a5c6e0-inner-blocks\">\n<div class=\"wp-block-stackable-image stk-block-image stk-block stk-1443bd5\" data-block-id=\"1443bd5\"><style>.stk-1443bd5 .stk-img-wrapper img{border-radius:12px !important;object-position:50% 0% !important;}<\/style><figure><a class=\"stk-link\" href=\"https:\/\/www.nfu.ca\/publications\/agricultural-greenhouse-gas-emissions-in-canada-2nd-edition\/\"><span class=\"stk-img-wrapper stk-image--shape-stretch\"><img loading=\"lazy\" decoding=\"async\" class=\"stk-img wp-image-15691\" src=\"https:\/\/www.nfu.ca\/wp-content\/uploads\/2022\/06\/GHG-Report-232x300.png\" width=\"232\" height=\"300\" alt=\"Banni&#xE8;re repr&#xE9;sentant des vaches dans une ferme\" srcset=\"https:\/\/www.nfu.ca\/wp-content\/uploads\/2022\/06\/GHG-Report-232x300.png 232w, https:\/\/www.nfu.ca\/wp-content\/uploads\/2022\/06\/GHG-Report-791x1024.png 791w, https:\/\/www.nfu.ca\/wp-content\/uploads\/2022\/06\/GHG-Report-768x994.png 768w, https:\/\/www.nfu.ca\/wp-content\/uploads\/2022\/06\/GHG-Report-1187x1536.png 1187w, https:\/\/www.nfu.ca\/wp-content\/uploads\/2022\/06\/GHG-Report.png 1545w\" sizes=\"auto, (max-width: 232px) 100vw, 232px\" \/><\/span><\/a><\/figure><\/div>\n<\/div><\/div><\/div>\n\n\n\n<div class=\"wp-block-stackable-column stk-block-column stk-column stk-block stk-4328b10\" data-v=\"4\" data-block-id=\"4328b10\"><style>.stk-4328b10 {align-self:flex-start !important;}@media screen and (min-width: 768px){.stk-4328b10 {flex:var(--stk-flex-grow, 1) 1 75% !important;}}<\/style><div class=\"stk-column-wrapper stk-block-column__content stk-container stk-4328b10-container stk--no-background stk--no-padding\"><div class=\"has-text-align-left stk-block-content stk-inner-blocks stk-4328b10-inner-blocks\">\n<div class=\"wp-block-stackable-heading stk-block-heading stk-block-heading--v2 stk-block stk-06e8542\" id=\"a-href-https-www-nfu-ca-publications-agricultural-greenhouse-gas-emissions-in-canada-2nd-edition-a-new-comprehensive-assessment-of-ag-ghg-emissions-second-edition-a\" data-block-id=\"06e8542\"><h5 class=\"stk-block-heading__text\"><a href=\"https:\/\/www.nfu.ca\/fr\/publications\/emissions-de-gaz-a-effet-de-serre-agricoles-au-canada-2nd-edition\/\">Une nouvelle \u00e9valuation compl\u00e8te des \u00e9missions de gaz \u00e0 effet de serre de l&rsquo;agriculture &#8211; Deuxi\u00e8me \u00e9dition<\/a><\/h5><\/div>\n\n\n\n<div class=\"wp-block-stackable-text stk-block-text stk-block stk-ebd6c72\" data-block-id=\"ebd6c72\"><p class=\"stk-block-text__text\">S&rsquo;appuyant sur le premier rapport, l&rsquo;UNF publie la deuxi\u00e8me \u00e9dition du rapport le plus complet et le plus d\u00e9taill\u00e9 sur les \u00e9missions de gaz \u00e0 effet de serre dans le secteur agricole au Canada.<\/p><\/div>\n<\/div><\/div><\/div>\n<\/div><\/div>\n<\/div><\/div><\/div>\n\n\n\n<div class=\"wp-block-stackable-column stk-block-column stk-column stk-block stk-5336cf1\" data-v=\"4\" data-block-id=\"5336cf1\"><style>.stk-5336cf1-container{border-top-left-radius:12px !important;border-top-right-radius:12px !important;border-bottom-right-radius:12px !important;border-bottom-left-radius:12px !important;overflow:hidden !important;padding-top:0px !important;padding-right:0px !important;padding-bottom:0px !important;padding-left:0px !important;}@media screen and (min-width: 768px){.stk-5336cf1 {flex:var(--stk-flex-grow, 1) 1 calc(100% - var(--stk-column-gap, 0px) * 0 \/ 1 ) !important;}}<\/style><div class=\"stk-column-wrapper stk-block-column__content stk-container stk-5336cf1-container stk-hover-parent\"><div class=\"stk-block-content stk-inner-blocks stk-5336cf1-inner-blocks\">\n<div class=\"wp-block-stackable-columns stk-block-columns stk-block stk-068b23a\" data-block-id=\"068b23a\"><div class=\"stk-row stk-inner-blocks stk-block-content stk-content-align stk-068b23a-column\">\n<div class=\"wp-block-stackable-column stk-block-column stk-column stk-block stk-1b3cb6b\" data-v=\"4\" data-block-id=\"1b3cb6b\"><style>@media screen and (min-width: 768px){.stk-1b3cb6b {flex:var(--stk-flex-grow, 1) 1 25% !important;}}<\/style><div class=\"stk-column-wrapper stk-block-column__content stk-container stk-1b3cb6b-container stk--no-background stk--no-padding\"><div class=\"stk-block-content stk-inner-blocks stk-1b3cb6b-inner-blocks\">\n<div class=\"wp-block-stackable-image stk-block-image stk-block stk-39c2641\" data-block-id=\"39c2641\"><style>.stk-39c2641 .stk-img-wrapper img{border-radius:12px !important;object-position:49% 19% !important;}<\/style><figure><a class=\"stk-link\" href=\"https:\/\/www.nfu.ca\/publications\/a-new-comprehensive-assessment-ghg-emissions-canada-2022\/\"><span class=\"stk-img-wrapper stk-image--shape-stretch\"><img loading=\"lazy\" decoding=\"async\" class=\"stk-img wp-image-15331\" src=\"https:\/\/www.nfu.ca\/wp-content\/uploads\/2022\/03\/Agricultural-Greenhouse-Gas-Emissions-in-Canada-A-New-Comprehensive-Assessment-Emissions-agricoles-de-gaz-a-effet-de-serre-au-Canada-Une-nouvelle-evaluation-globale-2-212x300.png\" width=\"212\" height=\"300\" alt=\"Banni&#xE8;re repr&#xE9;sentant des vaches dans une ferme\" srcset=\"https:\/\/www.nfu.ca\/wp-content\/uploads\/2022\/03\/Agricultural-Greenhouse-Gas-Emissions-in-Canada-A-New-Comprehensive-Assessment-Emissions-agricoles-de-gaz-a-effet-de-serre-au-Canada-Une-nouvelle-evaluation-globale-2-212x300.png 212w, https:\/\/www.nfu.ca\/wp-content\/uploads\/2022\/03\/Agricultural-Greenhouse-Gas-Emissions-in-Canada-A-New-Comprehensive-Assessment-Emissions-agricoles-de-gaz-a-effet-de-serre-au-Canada-Une-nouvelle-evaluation-globale-2-724x1024.png 724w, https:\/\/www.nfu.ca\/wp-content\/uploads\/2022\/03\/Agricultural-Greenhouse-Gas-Emissions-in-Canada-A-New-Comprehensive-Assessment-Emissions-agricoles-de-gaz-a-effet-de-serre-au-Canada-Une-nouvelle-evaluation-globale-2-768x1086.png 768w, https:\/\/www.nfu.ca\/wp-content\/uploads\/2022\/03\/Agricultural-Greenhouse-Gas-Emissions-in-Canada-A-New-Comprehensive-Assessment-Emissions-agricoles-de-gaz-a-effet-de-serre-au-Canada-Une-nouvelle-evaluation-globale-2-1086x1536.png 1086w, https:\/\/www.nfu.ca\/wp-content\/uploads\/2022\/03\/Agricultural-Greenhouse-Gas-Emissions-in-Canada-A-New-Comprehensive-Assessment-Emissions-agricoles-de-gaz-a-effet-de-serre-au-Canada-Une-nouvelle-evaluation-globale-2-1448x2048.png 1448w, https:\/\/www.nfu.ca\/wp-content\/uploads\/2022\/03\/Agricultural-Greenhouse-Gas-Emissions-in-Canada-A-New-Comprehensive-Assessment-Emissions-agricoles-de-gaz-a-effet-de-serre-au-Canada-Une-nouvelle-evaluation-globale-2-707x1000.png 707w, https:\/\/www.nfu.ca\/wp-content\/uploads\/2022\/03\/Agricultural-Greenhouse-Gas-Emissions-in-Canada-A-New-Comprehensive-Assessment-Emissions-agricoles-de-gaz-a-effet-de-serre-au-Canada-Une-nouvelle-evaluation-globale-2.png 1587w\" sizes=\"auto, (max-width: 212px) 100vw, 212px\" \/><\/span><\/a><\/figure><\/div>\n<\/div><\/div><\/div>\n\n\n\n<div class=\"wp-block-stackable-column stk-block-column stk-column stk-block stk-b578046\" data-v=\"4\" data-block-id=\"b578046\"><style>.stk-b578046 {align-self:flex-start !important;}@media screen and (min-width: 768px){.stk-b578046 {flex:var(--stk-flex-grow, 1) 1 75% !important;}}<\/style><div class=\"stk-column-wrapper stk-block-column__content stk-container stk-b578046-container stk--no-background stk--no-padding\"><div class=\"has-text-align-left stk-block-content stk-inner-blocks stk-b578046-inner-blocks\">\n<div class=\"wp-block-stackable-heading stk-block-heading stk-block-heading--v2 stk-block stk-978c80d\" id=\"a-href-https-www-nfu-ca-publications-a-new-comprehensive-assessment-ghg-emissions-canada-2022-a-new-comprehensive-assessment-of-ag-ghg-emissions-a\" data-block-id=\"978c80d\"><h5 class=\"stk-block-heading__text\"><a href=\"https:\/\/www.nfu.ca\/fr\/publications\/emissions-agricoles-de-gaz-a-effet-de-serre-au-canada-une-nouvelle-evaluation-complete\/\">Une nouvelle \u00e9valuation compl\u00e8te des \u00e9missions de gaz \u00e0 effet de serre de l&rsquo;agriculture<\/a><\/h5><\/div>\n\n\n\n<div class=\"wp-block-stackable-text stk-block-text stk-block stk-8fc5dc7\" data-block-id=\"8fc5dc7\"><p class=\"stk-block-text__text\">Ce rapport fournit pour la premi\u00e8re fois un aper\u00e7u complet et d\u00e9taill\u00e9 de pr\u00e8s de 40 sources diff\u00e9rentes de GES agricoles.<\/p><\/div>\n<\/div><\/div><\/div>\n<\/div><\/div>\n<\/div><\/div><\/div>\n\n\n\n<div class=\"wp-block-stackable-column stk-block-column stk-column stk-block stk-6798dbb\" data-v=\"4\" data-block-id=\"6798dbb\"><style>.stk-6798dbb-container{border-top-left-radius:12px !important;border-top-right-radius:12px !important;border-bottom-right-radius:12px !important;border-bottom-left-radius:12px !important;overflow:hidden !important;padding-top:0px !important;padding-right:0px !important;padding-bottom:0px !important;padding-left:0px !important;}@media screen and (min-width: 768px){.stk-6798dbb {flex:var(--stk-flex-grow, 1) 1 calc(100% - var(--stk-column-gap, 0px) * 0 \/ 1 ) !important;}}<\/style><div class=\"stk-column-wrapper stk-block-column__content stk-container stk-6798dbb-container stk-hover-parent\"><div class=\"stk-block-content stk-inner-blocks stk-6798dbb-inner-blocks\">\n<div class=\"wp-block-stackable-columns stk-block-columns stk-block stk-cfeca99\" data-block-id=\"cfeca99\"><div class=\"stk-row stk-inner-blocks stk-block-content stk-content-align stk-cfeca99-column\">\n<div class=\"wp-block-stackable-column stk-block-column stk-column stk-block stk-4637449\" data-v=\"4\" data-block-id=\"4637449\"><style>@media screen and (min-width: 768px){.stk-4637449 {flex:var(--stk-flex-grow, 1) 1 25% !important;}}<\/style><div class=\"stk-column-wrapper stk-block-column__content stk-container stk-4637449-container stk--no-background stk--no-padding\"><div class=\"stk-block-content stk-inner-blocks stk-4637449-inner-blocks\">\n<div class=\"wp-block-stackable-image stk-block-image stk-block stk-dfebf23\" data-block-id=\"dfebf23\"><style>.stk-dfebf23 .stk-img-wrapper img{border-radius:12px !important;object-position:54% 0% !important;}<\/style><figure><a class=\"stk-link\" href=\"https:\/\/www.nfu.ca\/publications\/imagine-if-a-vision-of-a-near-zero-emission-farm\/\"><span class=\"stk-img-wrapper stk-image--shape-stretch\"><img loading=\"lazy\" decoding=\"async\" class=\"stk-img wp-image-12960\" src=\"https:\/\/www.nfu.ca\/wp-content\/uploads\/2021\/04\/NFU-Report-cover-English-235x300.jpg\" width=\"235\" height=\"300\" alt=\"Banni&#xE8;re repr&#xE9;sentant des vaches dans une ferme\" srcset=\"https:\/\/www.nfu.ca\/wp-content\/uploads\/2021\/04\/NFU-Report-cover-English-235x300.jpg 235w, https:\/\/www.nfu.ca\/wp-content\/uploads\/2021\/04\/NFU-Report-cover-English-802x1024.jpg 802w, https:\/\/www.nfu.ca\/wp-content\/uploads\/2021\/04\/NFU-Report-cover-English-768x981.jpg 768w, https:\/\/www.nfu.ca\/wp-content\/uploads\/2021\/04\/NFU-Report-cover-English-1203x1536.jpg 1203w, https:\/\/www.nfu.ca\/wp-content\/uploads\/2021\/04\/NFU-Report-cover-English-1604x2048.jpg 1604w, https:\/\/www.nfu.ca\/wp-content\/uploads\/2021\/04\/NFU-Report-cover-English-1600x2043.jpg 1600w, https:\/\/www.nfu.ca\/wp-content\/uploads\/2021\/04\/NFU-Report-cover-English-scaled.jpg 1800w\" sizes=\"auto, (max-width: 235px) 100vw, 235px\" \/><\/span><\/a><\/figure><\/div>\n<\/div><\/div><\/div>\n\n\n\n<div class=\"wp-block-stackable-column stk-block-column stk-column stk-block stk-026a536\" data-v=\"4\" data-block-id=\"026a536\"><style>.stk-026a536 {align-self:flex-start !important;}@media screen and (min-width: 768px){.stk-026a536 {flex:var(--stk-flex-grow, 1) 1 75% !important;}}<\/style><div class=\"stk-column-wrapper stk-block-column__content stk-container stk-026a536-container stk--no-background stk--no-padding\"><div class=\"has-text-align-left stk-block-content stk-inner-blocks stk-026a536-inner-blocks\">\n<div class=\"wp-block-stackable-heading stk-block-heading stk-block-heading--v2 stk-block stk-6533067\" id=\"a-href-https-www-nfu-ca-publications-imagine-if-a-vision-of-a-near-zero-emission-farm-a-vision-of-a-near-zero-emission-farm-and-food-system-for-canada-a\" data-block-id=\"6533067\"><h5 class=\"stk-block-heading__text\"><a href=\"https:\/\/www.nfu.ca\/fr\/publications\/imaginez-la-vision-dune-ferme-a-emissions-quasi-nulles\/\">Vision d&rsquo;un syst\u00e8me agricole et alimentaire \u00e0 \u00e9missions quasi nulles pour le Canada<\/a><\/h5><\/div>\n\n\n\n<div class=\"wp-block-stackable-text stk-block-text stk-block stk-6f9f4c7\" data-block-id=\"6f9f4c7\"><p class=\"stk-block-text__text\">Le rapport adopte un point de vue \u00e0 l&rsquo;horizon 2030 et invite les lecteurs \u00e0 imaginer un large \u00e9ventail de politiques positives et de mesures dans les exploitations agricoles.<\/p><\/div>\n<\/div><\/div><\/div>\n<\/div><\/div>\n<\/div><\/div><\/div>\n\n\n\n<div class=\"wp-block-stackable-column stk-block-column stk-column stk-block stk-2e48a04\" data-v=\"4\" data-block-id=\"2e48a04\"><style>.stk-2e48a04-container{border-top-left-radius:12px !important;border-top-right-radius:12px !important;border-bottom-right-radius:12px !important;border-bottom-left-radius:12px !important;overflow:hidden !important;padding-top:0px !important;padding-right:0px !important;padding-bottom:0px !important;padding-left:0px !important;}@media screen and (min-width: 768px){.stk-2e48a04 {flex:var(--stk-flex-grow, 1) 1 calc(100% - var(--stk-column-gap, 0px) * 0 \/ 1 ) !important;}}<\/style><div class=\"stk-column-wrapper stk-block-column__content stk-container stk-2e48a04-container stk-hover-parent\"><div class=\"stk-block-content stk-inner-blocks stk-2e48a04-inner-blocks\">\n<div class=\"wp-block-stackable-columns stk-block-columns stk-block stk-018c3f8\" data-block-id=\"018c3f8\"><div class=\"stk-row stk-inner-blocks stk-block-content stk-content-align stk-018c3f8-column\">\n<div class=\"wp-block-stackable-column stk-block-column stk-column stk-block stk-ac3e4b7\" data-v=\"4\" data-block-id=\"ac3e4b7\"><style>@media screen and (min-width: 768px){.stk-ac3e4b7 {flex:var(--stk-flex-grow, 1) 1 25% !important;}}<\/style><div class=\"stk-column-wrapper stk-block-column__content stk-container stk-ac3e4b7-container stk--no-background stk--no-padding\"><div class=\"stk-block-content stk-inner-blocks stk-ac3e4b7-inner-blocks\">\n<div class=\"wp-block-stackable-image stk-block-image stk-block stk-cf5eac6\" data-block-id=\"cf5eac6\"><style>.stk-cf5eac6 .stk-img-wrapper img{border-radius:12px !important;object-position:51% 61% !important;}<\/style><figure><a class=\"stk-link\" href=\"https:\/\/www.nfu.ca\/publications\/tackling-the-farm-crisis-and-the-climate-crisis\/\"><span class=\"stk-img-wrapper stk-image--shape-stretch\"><img loading=\"lazy\" decoding=\"async\" class=\"stk-img wp-image-9956\" src=\"https:\/\/www.nfu.ca\/wp-content\/uploads\/2020\/09\/tackling-232x300.png\" width=\"232\" height=\"300\" alt=\"Banni&#xE8;re repr&#xE9;sentant des vaches dans une ferme\" srcset=\"https:\/\/www.nfu.ca\/wp-content\/uploads\/2020\/09\/tackling-232x300.png 232w, https:\/\/www.nfu.ca\/wp-content\/uploads\/2020\/09\/tackling-791x1024.png 791w, https:\/\/www.nfu.ca\/wp-content\/uploads\/2020\/09\/tackling-768x994.png 768w, https:\/\/www.nfu.ca\/wp-content\/uploads\/2020\/09\/tackling-1187x1536.png 1187w, https:\/\/www.nfu.ca\/wp-content\/uploads\/2020\/09\/tackling.png 1545w\" sizes=\"auto, (max-width: 232px) 100vw, 232px\" \/><\/span><\/a><\/figure><\/div>\n<\/div><\/div><\/div>\n\n\n\n<div class=\"wp-block-stackable-column stk-block-column stk-column stk-block stk-a36c154\" data-v=\"4\" data-block-id=\"a36c154\"><style>.stk-a36c154 {align-self:flex-start !important;}@media screen and (min-width: 768px){.stk-a36c154 {flex:var(--stk-flex-grow, 1) 1 75% !important;}}<\/style><div class=\"stk-column-wrapper stk-block-column__content stk-container stk-a36c154-container stk--no-background stk--no-padding\"><div class=\"has-text-align-left stk-block-content stk-inner-blocks stk-a36c154-inner-blocks\">\n<div class=\"wp-block-stackable-heading stk-block-heading stk-block-heading--v2 stk-block stk-7811824\" id=\"a-href-https-www-nfu-ca-publications-tackling-the-farm-crisis-and-the-climate-crisis-tackling-the-farm-crisis-and-the-climate-crisis-a\" data-block-id=\"7811824\"><h5 class=\"stk-block-heading__text\"><a href=\"https:\/\/www.nfu.ca\/fr\/publications\/sattaquer-a-la-crise-agricole-et-a-la-crise-climatique\/\">S&rsquo;attaquer \u00e0 la crise agricole et \u00e0 la crise climatique.<\/a><\/h5><\/div>\n\n\n\n<p>La crise agricole est r\u00e9elle, tout comme la crise climatique. Ce rapport analyse les probl\u00e8mes interconnect\u00e9s et trace une voie durable pour l&rsquo;avenir.<\/p>\n<\/div><\/div><\/div>\n<\/div><\/div>\n<\/div><\/div><\/div>\n<\/div><\/div>\n<\/div><\/div><\/div>\n\n\n\n<div class=\"wp-block-stackable-column stk-block-column stk-column stk-block stk-58e1a7a\" data-v=\"4\" data-block-id=\"58e1a7a\"><style>@media screen and (min-width: 768px){.stk-58e1a7a {flex:var(--stk-flex-grow, 1) 1 calc(34% - var(--stk-column-gap, 0px) * 1 \/ 2 ) !important;}}<\/style><div class=\"stk-column-wrapper stk-block-column__content stk-container stk-58e1a7a-container stk--no-background stk--no-padding\"><div class=\"stk-block-content stk-inner-blocks stk-58e1a7a-inner-blocks\"><nav class=\"is-vertical no-wrap wp-block-navigation is-nowrap is-layout-flex wp-container-core-navigation-is-layout-947ac36b wp-block-navigation-is-layout-flex\" aria-label=\"Campaign Nav - Climate Change\"><ul class=\"wp-block-navigation__container  is-vertical no-wrap wp-block-navigation\"><li class=\" wp-block-navigation-item wp-block-navigation-link\"><a class=\"wp-block-navigation-item__content\"  href=\"https:\/\/www.nfu.ca\/learn\/climate-change\/\"><span class=\"wp-block-navigation-item__label\">Overview<\/span><\/a><\/li><li class=\" wp-block-navigation-item wp-block-navigation-link\"><a class=\"wp-block-navigation-item__content\"  href=\"https:\/\/www.nfu.ca\/learn\/climate-change\/greenhouse-gas-act-constitutional-case\/\"><span class=\"wp-block-navigation-item__label\">Greenhouse Gas Act Constitutional Case<\/span><\/a><\/li><li class=\" wp-block-navigation-item wp-block-navigation-link\"><a class=\"wp-block-navigation-item__content\"  href=\"https:\/\/www.nfu.ca\/learn\/climate-change\/resources\/\"><span class=\"wp-block-navigation-item__label\">Climate Change \u2013 Resources<\/span><\/a><\/li><\/ul><\/nav><\/div><\/div><\/div>\n<\/div><\/div>\n<\/div><\/div><\/div>\n\n<div class=\"wp-block-stackable-hero alignwide stk-block-hero stk-block stk-301a159 is-style-default\" data-v=\"2\" id=\"ag-greenhouse-gas-emissions\" data-block-id=\"301a159\"><style>.stk-301a159 .stk-block-hero__content{min-height:500px !important;align-items:center !important;display:flex !important;}<\/style><div class=\"stk-block-hero__content stk-content-align stk-301a159-column alignwide stk-container stk-301a159-container stk--no-background stk--no-padding\"><div class=\"stk-block-content stk-inner-blocks has-text-align-left stk-301a159-inner-blocks\">\n<div class=\"wp-block-stackable-columns stk-block-columns stk-block stk-54b76e7 content-upper\" id=\"content-upper\" data-block-id=\"54b76e7\"><div class=\"stk-row stk-inner-blocks has-text-align-left stk-block-content stk-content-align stk-54b76e7-column\">\n<div class=\"wp-block-stackable-column stk-block-column stk-column stk-block stk-ef63229\" data-v=\"4\" data-block-id=\"ef63229\"><div class=\"stk-column-wrapper stk-block-column__content stk-container stk-ef63229-container stk--no-background stk--no-padding\"><div class=\"has-text-align-left stk-block-content stk-inner-blocks stk-ef63229-inner-blocks\">\n<div class=\"wp-block-stackable-heading stk-block-heading stk-block-heading--v2 stk-block stk-4184e37\" id=\"agricultural-greenhouse-gas-emissions-in-canada-third-edition\" data-block-id=\"4184e37\"><h4 class=\"stk-block-heading__text\">\u00c9missions agricoles de gaz \u00e0 effet de serre au Canada<\/h4><\/div>\n\n\n\n<div class=\"wp-block-stackable-feature-grid stk-block-feature-grid stk-block-columns stk--column-wrap-desktop stk-block stk-d1cec64 is-style-horizontal\" data-block-id=\"d1cec64\"><style>.stk-d1cec64-column{flex-wrap:wrap !important;--stk-flex-grow:0 !important;}<\/style><div class=\"stk-row stk-inner-blocks stk-block-content stk-content-align stk-d1cec64-column\">\n<div class=\"wp-block-stackable-column stk-block-column stk-column stk-block stk-3dd48b6\" data-v=\"4\" data-block-id=\"3dd48b6\"><style>.stk-3dd48b6-container{margin-top:12px !important;margin-right:12px !important;margin-bottom:12px !important;margin-left:12px !important;border-top-left-radius:12px !important;border-top-right-radius:12px !important;border-bottom-right-radius:12px !important;border-bottom-left-radius:12px !important;overflow:hidden !important;padding-top:0px !important;padding-right:0px !important;padding-bottom:0px !important;padding-left:0px !important;}@media screen and (min-width: 768px){.stk-3dd48b6 {flex:var(--stk-flex-grow, 1) 1 calc(100% - var(--stk-column-gap, 0px) * 0 \/ 1 ) !important;}}<\/style><div class=\"stk-column-wrapper stk-block-column__content stk-container stk-3dd48b6-container stk-hover-parent\"><div class=\"stk-block-content stk-inner-blocks stk-3dd48b6-inner-blocks\">\n<div class=\"wp-block-stackable-columns stk-block-columns stk-block stk-0db9b88\" data-block-id=\"0db9b88\"><div class=\"stk-row stk-inner-blocks stk-block-content stk-content-align stk-0db9b88-column\">\n<div class=\"wp-block-stackable-column stk-block-column stk-column stk-block stk-b1e684f\" data-v=\"4\" data-block-id=\"b1e684f\"><style>@media screen and (min-width: 768px){.stk-b1e684f {flex:var(--stk-flex-grow, 1) 1 25% !important;}}<\/style><div class=\"stk-column-wrapper stk-block-column__content stk-container stk-b1e684f-container stk--no-background stk--no-padding\"><div class=\"stk-block-content stk-inner-blocks stk-b1e684f-inner-blocks\">\n<div class=\"wp-block-stackable-image stk-block-image stk-block stk-ed2a3ab\" data-block-id=\"ed2a3ab\"><style>.stk-ed2a3ab .stk-img-wrapper img{border-radius:12px !important;}<\/style><figure><a class=\"stk-link\" href=\"https:\/\/www.nfu.ca\/publications\/ag-ghg-emissions-in-cad-3rd-edition\/\"><span class=\"stk-img-wrapper stk-image--shape-stretch\"><img loading=\"lazy\" decoding=\"async\" class=\"stk-img wp-image-17936\" src=\"https:\/\/www.nfu.ca\/wp-content\/uploads\/2023\/08\/Option-6-1-212x300.png\" width=\"212\" height=\"300\" alt=\"Banni&#xE8;re repr&#xE9;sentant des vaches dans une ferme\" srcset=\"https:\/\/www.nfu.ca\/wp-content\/uploads\/2023\/08\/Option-6-1-212x300.png 212w, https:\/\/www.nfu.ca\/wp-content\/uploads\/2023\/08\/Option-6-1-724x1024.png 724w, https:\/\/www.nfu.ca\/wp-content\/uploads\/2023\/08\/Option-6-1-768x1086.png 768w, https:\/\/www.nfu.ca\/wp-content\/uploads\/2023\/08\/Option-6-1-1086x1536.png 1086w, https:\/\/www.nfu.ca\/wp-content\/uploads\/2023\/08\/Option-6-1-707x1000.png 707w, https:\/\/www.nfu.ca\/wp-content\/uploads\/2023\/08\/Option-6-1.png 1414w\" sizes=\"auto, (max-width: 212px) 100vw, 212px\" \/><\/span><\/a><\/figure><\/div>\n<\/div><\/div><\/div>\n\n\n\n<div class=\"wp-block-stackable-column stk-block-column stk-column stk-block stk-98d53bc\" data-v=\"4\" data-block-id=\"98d53bc\"><style>@media screen and (min-width: 768px){.stk-98d53bc {flex:var(--stk-flex-grow, 1) 1 75% !important;}}<\/style><div class=\"stk-column-wrapper stk-block-column__content stk-container stk-98d53bc-container stk--no-background stk--no-padding\"><div class=\"stk-block-content stk-inner-blocks stk-98d53bc-inner-blocks\">\n<div class=\"wp-block-stackable-heading stk-block-heading stk-block-heading--v2 stk-block stk-4a68cfa\" id=\"a-href-https-www-nfu-ca-publications-ag-ghg-emissions-in-cad-3rd-edition-a-a-href-https-www-nfu-ca-publications-ag-ghg-emissions-in-cad-3rd-edition-gricultural-greenhouse-gas-emissions-in-canada-a-a\" data-block-id=\"4a68cfa\"><h5 class=\"stk-block-heading__text\"><a href=\"https:\/\/www.nfu.ca\/fr\/publications\/ag-ghg-emissions-in-cad-3eme-edition\/\">A<\/a><a href=\"https:\/\/www.nfu.ca\/fr\/publications\/ag-ghg-emissions-in-cad-3eme-edition\/\">\u00e9sultats des \u00e9missions de gaz \u00e0 effet de serre de l&rsquo;agriculture au Canada<\/a><\/h5><\/div>\n\n\n\n<div class=\"wp-block-stackable-text stk-block-text stk-block stk-ae2cc2b\" data-block-id=\"ae2cc2b\"><p class=\"stk-block-text__text\">Ce rapport, le plus d\u00e9taill\u00e9 de sa cat\u00e9gorie, subdivise les \u00e9missions de gaz \u00e0 effet de serre (GES) de l&rsquo;agriculture canadienne et les changements de carbone dans les sols en 42 cat\u00e9gories et inclut des analyses et des sources de donn\u00e9es.<\/p><\/div>\n<\/div><\/div><\/div>\n<\/div><\/div>\n<\/div><\/div><\/div>\n\n\n\n<div class=\"wp-block-stackable-column stk-block-column stk-column stk-block stk-419f99d\" data-v=\"4\" data-block-id=\"419f99d\"><style>.stk-419f99d-container{border-top-left-radius:12px !important;border-top-right-radius:12px !important;border-bottom-right-radius:12px !important;border-bottom-left-radius:12px !important;overflow:hidden !important;padding-top:0px !important;padding-right:0px !important;padding-bottom:0px !important;padding-left:0px !important;}@media screen and (min-width: 768px){.stk-419f99d {flex:var(--stk-flex-grow, 1) 1 calc(100% - var(--stk-column-gap, 0px) * 0 \/ 1 ) !important;}}<\/style><div class=\"stk-column-wrapper stk-block-column__content stk-container stk-419f99d-container stk-hover-parent\"><div class=\"stk-block-content stk-inner-blocks stk-419f99d-inner-blocks\">\n<div class=\"wp-block-stackable-columns stk-block-columns stk-block stk-bed8111\" data-block-id=\"bed8111\"><div class=\"stk-row stk-inner-blocks stk-block-content stk-content-align stk-bed8111-column\">\n<div class=\"wp-block-stackable-column stk-block-column stk-column stk-block stk-2a950d0\" data-v=\"4\" data-block-id=\"2a950d0\"><style>@media screen and (min-width: 768px){.stk-2a950d0 {flex:var(--stk-flex-grow, 1) 1 25% !important;}}<\/style><div class=\"stk-column-wrapper stk-block-column__content stk-container stk-2a950d0-container stk--no-background stk--no-padding\"><div class=\"stk-block-content stk-inner-blocks stk-2a950d0-inner-blocks\">\n<div class=\"wp-block-stackable-image stk-block-image stk-block stk-200bf34\" data-block-id=\"200bf34\"><style>.stk-200bf34 .stk-img-wrapper img{border-radius:12px !important;}<\/style><figure><a class=\"stk-link\" href=\"https:\/\/www.nfu.ca\/publications\/agricultural-ghg-emissions-in-atlantic-canada\/\"><span class=\"stk-img-wrapper stk-image--shape-stretch\"><img loading=\"lazy\" decoding=\"async\" class=\"stk-img wp-image-19660\" src=\"https:\/\/www.nfu.ca\/wp-content\/uploads\/2024\/02\/Option-6-15-212x300.png\" width=\"212\" height=\"300\" alt=\"Banni&#xE8;re repr&#xE9;sentant des vaches dans une ferme\" srcset=\"https:\/\/www.nfu.ca\/wp-content\/uploads\/2024\/02\/Option-6-15-212x300.png 212w, https:\/\/www.nfu.ca\/wp-content\/uploads\/2024\/02\/Option-6-15-724x1024.png 724w, https:\/\/www.nfu.ca\/wp-content\/uploads\/2024\/02\/Option-6-15-768x1086.png 768w, https:\/\/www.nfu.ca\/wp-content\/uploads\/2024\/02\/Option-6-15-1086x1536.png 1086w, https:\/\/www.nfu.ca\/wp-content\/uploads\/2024\/02\/Option-6-15-707x1000.png 707w, https:\/\/www.nfu.ca\/wp-content\/uploads\/2024\/02\/Option-6-15.png 1414w\" sizes=\"auto, (max-width: 212px) 100vw, 212px\" \/><\/span><\/a><\/figure><\/div>\n<\/div><\/div><\/div>\n\n\n\n<div class=\"wp-block-stackable-column stk-block-column stk-column stk-block stk-d1da8ec\" data-v=\"4\" data-block-id=\"d1da8ec\"><style>@media screen and (min-width: 768px){.stk-d1da8ec {flex:var(--stk-flex-grow, 1) 1 75% !important;}}<\/style><div class=\"stk-column-wrapper stk-block-column__content stk-container stk-d1da8ec-container stk--no-background stk--no-padding\"><div class=\"stk-block-content stk-inner-blocks stk-d1da8ec-inner-blocks\">\n<div class=\"wp-block-stackable-heading stk-block-heading stk-block-heading--v2 stk-block stk-1b37283\" id=\"a-href-https-www-nfu-ca-publications-agricultural-ghg-emissions-in-atlantic-canada-a-href-https-www-nfu-ca-publications-agricultural-ghg-emissions-in-atlantic-canada-agricultural-greenhouse-gas-emissions-in-the-atlantic-provinces-a-a\" data-block-id=\"1b37283\"><h5 class=\"stk-block-heading__text\"><a href=\"https:\/\/www.nfu.ca\/fr\/publications\/emissions-agricoles-ghg-dans-latlantique-canada\/\"><\/a><a href=\"https:\/\/www.nfu.ca\/fr\/publications\/emissions-agricoles-ghg-dans-latlantique-canada\/\">\u00c9missions agricoles de gaz \u00e0 effet de serre dans les provinces atlantiques<\/a><\/h5><\/div>\n\n\n\n<div class=\"wp-block-stackable-text stk-block-text stk-block stk-e20f070\" data-block-id=\"e20f070\"><p class=\"stk-block-text__text\">Un tableau unique et d\u00e9taill\u00e9 de presque toutes les sources d&rsquo;\u00e9missions de gaz \u00e0 effet de serre (GES) provenant de la production agricole et de la production d&rsquo;intrants agricoles connexes pour les quatre provinces de l&rsquo;Atlantique.<\/p><\/div>\n<\/div><\/div><\/div>\n<\/div><\/div>\n<\/div><\/div><\/div>\n\n\n\n<div class=\"wp-block-stackable-column stk-block-column stk-column stk-block stk-bba4e63\" data-v=\"4\" data-block-id=\"bba4e63\"><style>.stk-bba4e63-container{border-top-left-radius:12px !important;border-top-right-radius:12px !important;border-bottom-right-radius:12px !important;border-bottom-left-radius:12px !important;overflow:hidden !important;padding-top:0px !important;padding-right:0px !important;padding-bottom:0px !important;padding-left:0px !important;}@media screen and (min-width: 768px){.stk-bba4e63 {flex:var(--stk-flex-grow, 1) 1 calc(100% - var(--stk-column-gap, 0px) * 0 \/ 1 ) !important;}}<\/style><div class=\"stk-column-wrapper stk-block-column__content stk-container stk-bba4e63-container stk-hover-parent\"><div class=\"stk-block-content stk-inner-blocks stk-bba4e63-inner-blocks\">\n<div class=\"wp-block-stackable-columns stk-block-columns stk-block stk-f4ba52d\" data-block-id=\"f4ba52d\"><div class=\"stk-row stk-inner-blocks stk-block-content stk-content-align stk-f4ba52d-column\">\n<div class=\"wp-block-stackable-column stk-block-column stk-column stk-block stk-be8feb8\" data-v=\"4\" data-block-id=\"be8feb8\"><style>@media screen and (min-width: 768px){.stk-be8feb8 {flex:var(--stk-flex-grow, 1) 1 25% !important;}}<\/style><div class=\"stk-column-wrapper stk-block-column__content stk-container stk-be8feb8-container stk--no-background stk--no-padding\"><div class=\"stk-block-content stk-inner-blocks stk-be8feb8-inner-blocks\">\n<div class=\"wp-block-stackable-image stk-block-image stk-block stk-80eae9d\" data-block-id=\"80eae9d\"><style>.stk-80eae9d .stk-img-wrapper{height:100px !important;}.stk-80eae9d .stk-img-wrapper img{border-radius:12px !important;}<\/style><\/div>\n<\/div><\/div><\/div>\n\n\n\n<div class=\"wp-block-stackable-column stk-block-column stk-column stk-block stk-8e2cd77\" data-v=\"4\" data-block-id=\"8e2cd77\"><style>@media screen and (min-width: 768px){.stk-8e2cd77 {flex:var(--stk-flex-grow, 1) 1 75% !important;}}<\/style><div class=\"stk-column-wrapper stk-block-column__content stk-container stk-8e2cd77-container stk--no-background stk--no-padding\"><div class=\"stk-block-content stk-inner-blocks stk-8e2cd77-inner-blocks\">\n<div class=\"wp-block-stackable-heading stk-block-heading stk-block-heading--v2 stk-block stk-b26bee3\" id=\"a-href-https-www-nfu-ca-publications-ag-ghg-emissions-in-ontario-agricultural-greenhouse-gas-emissions-in-ontario-a\" data-block-id=\"b26bee3\"><h5 class=\"stk-block-heading__text\"><a href=\"https:\/\/www.nfu.ca\/fr\/publications\/ag-ghg-emissions-en-ontario\/\">\u00c9missions agricoles de gaz \u00e0 effet de serre en Ontario<\/a><\/h5><\/div>\n\n\n\n<div class=\"wp-block-stackable-text stk-block-text stk-block stk-769f14c\" data-block-id=\"769f14c\"><p class=\"stk-block-text__text\">Les solutions visant \u00e0 r\u00e9soudre la crise climatique dans l&rsquo;agriculture canadienne doivent tenir compte du contexte sp\u00e9cifique de l&rsquo;Ontario pr\u00e9sent\u00e9 dans ce rapport : d&rsquo;o\u00f9 proviennent exactement les \u00e9missions et comment elles ont \u00e9volu\u00e9 au fil du temps.<\/p><\/div>\n<\/div><\/div><\/div>\n<\/div><\/div>\n<\/div><\/div><\/div>\n\n\n\n<div class=\"wp-block-stackable-column stk-block-column stk-column stk-block stk-81950be\" data-v=\"4\" data-block-id=\"81950be\"><style>.stk-81950be-container{border-top-left-radius:12px !important;border-top-right-radius:12px !important;border-bottom-right-radius:12px !important;border-bottom-left-radius:12px !important;overflow:hidden !important;padding-top:0px !important;padding-right:0px !important;padding-bottom:0px !important;padding-left:0px !important;}@media screen and (min-width: 768px){.stk-81950be {flex:var(--stk-flex-grow, 1) 1 calc(100% - var(--stk-column-gap, 0px) * 0 \/ 1 ) !important;}}<\/style><div class=\"stk-column-wrapper stk-block-column__content stk-container stk-81950be-container stk-hover-parent\"><div class=\"stk-block-content stk-inner-blocks stk-81950be-inner-blocks\">\n<div class=\"wp-block-stackable-columns stk-block-columns stk-block stk-3a7f3e1\" data-block-id=\"3a7f3e1\"><div class=\"stk-row stk-inner-blocks stk-block-content stk-content-align stk-3a7f3e1-column\">\n<div class=\"wp-block-stackable-column stk-block-column stk-column stk-block stk-3914f38\" data-v=\"4\" data-block-id=\"3914f38\"><style>@media screen and (min-width: 768px){.stk-3914f38 {flex:var(--stk-flex-grow, 1) 1 25% !important;}}<\/style><div class=\"stk-column-wrapper stk-block-column__content stk-container stk-3914f38-container stk--no-background stk--no-padding\"><div class=\"stk-block-content stk-inner-blocks stk-3914f38-inner-blocks\">\n<div class=\"wp-block-stackable-image stk-block-image stk-block stk-c7be61f\" data-block-id=\"c7be61f\"><style>.stk-c7be61f .stk-img-wrapper img{border-radius:12px !important;}<\/style><figure><a class=\"stk-link\" href=\"https:\/\/www.nfu.ca\/publications\/ag-ghg-emissions-in-sk\/\"><span class=\"stk-img-wrapper stk-image--shape-stretch\"><img loading=\"lazy\" decoding=\"async\" class=\"stk-img wp-image-19307\" src=\"https:\/\/www.nfu.ca\/wp-content\/uploads\/2024\/01\/Option-6-14-212x300.png\" width=\"212\" height=\"300\" alt=\"Banni&#xE8;re repr&#xE9;sentant des vaches dans une ferme\" srcset=\"https:\/\/www.nfu.ca\/wp-content\/uploads\/2024\/01\/Option-6-14-212x300.png 212w, https:\/\/www.nfu.ca\/wp-content\/uploads\/2024\/01\/Option-6-14-724x1024.png 724w, https:\/\/www.nfu.ca\/wp-content\/uploads\/2024\/01\/Option-6-14-768x1086.png 768w, https:\/\/www.nfu.ca\/wp-content\/uploads\/2024\/01\/Option-6-14-1086x1536.png 1086w, https:\/\/www.nfu.ca\/wp-content\/uploads\/2024\/01\/Option-6-14-707x1000.png 707w, https:\/\/www.nfu.ca\/wp-content\/uploads\/2024\/01\/Option-6-14.png 1414w\" sizes=\"auto, (max-width: 212px) 100vw, 212px\" \/><\/span><\/a><\/figure><\/div>\n<\/div><\/div><\/div>\n\n\n\n<div class=\"wp-block-stackable-column stk-block-column stk-column stk-block stk-d74a3ad\" data-v=\"4\" data-block-id=\"d74a3ad\"><style>.stk-d74a3ad {align-self:flex-start !important;}@media screen and (min-width: 768px){.stk-d74a3ad {flex:var(--stk-flex-grow, 1) 1 75% !important;}}<\/style><div class=\"stk-column-wrapper stk-block-column__content stk-container stk-d74a3ad-container stk--no-background stk--no-padding\"><div class=\"has-text-align-left stk-block-content stk-inner-blocks stk-d74a3ad-inner-blocks\">\n<div class=\"wp-block-stackable-heading stk-block-heading stk-block-heading--v2 stk-block stk-d4c56a4\" id=\"a-href-https-www-nfu-ca-publications-ag-ghg-emissions-in-sk-agricultural-greenhouse-gas-emissions-in-saskatchewan-a\" data-block-id=\"d4c56a4\"><h5 class=\"stk-block-heading__text\"><a href=\"https:\/\/www.nfu.ca\/fr\/publications\/ag-ghg-emissions-en-sk\/\">\u00c9missions agricoles de gaz \u00e0 effet de serre en Saskatchewan<\/a><\/h5><\/div>\n\n\n\n<div class=\"wp-block-stackable-text stk-block-text stk-block stk-5f32ea1\" data-block-id=\"5f32ea1\"><p class=\"stk-block-text__text\">Les solutions visant \u00e0 r\u00e9soudre la crise climatique dans l&rsquo;agriculture canadienne doivent comprendre le contexte sp\u00e9cifique de la Saskatchewan que ce rapport fournit : d&rsquo;o\u00f9 proviennent exactement les \u00e9missions et comment elles ont \u00e9volu\u00e9 au fil du temps.<\/p><\/div>\n<\/div><\/div><\/div>\n<\/div><\/div>\n<\/div><\/div><\/div>\n<\/div><\/div>\n<\/div><\/div><\/div>\n<\/div><\/div>\n<\/div><\/div><\/div>\n\n<div class=\"wp-block-stackable-hero alignfull stk-block-hero stk-block stk-199cada stk-block-background is-style-default stk--has-background-overlay\" data-v=\"2\" id=\"flyers\" data-block-id=\"199cada\"><style>.stk-199cada {background-color:#178CCD !important;background-image:url(https:\/\/nfu.ca\/wp-content\/uploads\/2020\/07\/Qualman-solar-array-and-barn-banner-scaled.jpg) !important;margin-bottom:0px !important;}.stk-199cada:before{background-color:#178CCD !important;opacity:0.5 !important;}.stk-199cada .stk-block-hero__content{min-height:500px !important;align-items:center !important;display:flex !important;}<\/style><div class=\"stk-block-hero__content stk-content-align stk-199cada-column alignwide stk-container stk-199cada-container stk--no-background stk--no-padding\"><div class=\"stk-block-content stk-inner-blocks has-text-align-left stk-199cada-inner-blocks\">\n<section class=\"wp-block-stackable-columns alignfull stk-block-columns stk-block stk-f715913\" data-block-id=\"f715913\"><style>.stk-f715913 {margin-bottom:0px !important;}<\/style><div class=\"stk-row stk-inner-blocks stk-block-content stk-content-align stk-f715913-column alignfull\">\n<div class=\"wp-block-stackable-column stk-block-column stk-column stk-block stk-9785c95\" data-v=\"4\" data-block-id=\"9785c95\"><div class=\"stk-column-wrapper stk-block-column__content stk-container stk-9785c95-container stk--no-background stk--no-padding\"><div class=\"stk-block-content stk-inner-blocks stk-9785c95-inner-blocks\">\n<div class=\"wp-block-stackable-heading stk-block-heading stk-block-heading--v2 stk-block stk-12c911e\" id=\"climate-two-page-action-flyers\" data-block-id=\"12c911e\"><style>.stk-12c911e .stk-block-heading__text{color:#ffffff !important;}<\/style><h2 class=\"stk-block-heading__text has-text-color\">Flyers d&rsquo;action de deux pages sur le climat<\/h2><\/div>\n\n\n\n<div class=\"wp-block-stackable-feature-grid stk-block-feature-grid stk-block-columns stk--column-wrap-desktop stk-block stk-22c218a is-style-horizontal\" data-block-id=\"22c218a\"><style>.stk-22c218a-column{flex-wrap:wrap !important;--stk-flex-grow:0 !important;}<\/style><div class=\"stk-row stk-inner-blocks stk-block-content stk-content-align stk-22c218a-column\">\n<div class=\"wp-block-stackable-column stk-block-column stk-column stk-block stk-015fb41\" data-v=\"4\" data-block-id=\"015fb41\"><style>.stk-015fb41-container{margin-top:12px !important;margin-right:12px !important;margin-bottom:12px !important;margin-left:12px !important;border-top-left-radius:12px !important;border-top-right-radius:12px !important;border-bottom-right-radius:12px !important;border-bottom-left-radius:12px !important;overflow:hidden !important;padding-top:0px !important;padding-right:0px !important;padding-bottom:0px !important;padding-left:0px !important;}<\/style><div class=\"stk-column-wrapper stk-block-column__content stk-container stk-015fb41-container stk-hover-parent\"><div class=\"stk-block-content stk-inner-blocks stk-015fb41-inner-blocks\">\n<div class=\"wp-block-stackable-columns stk-block-columns stk-block stk-096273b\" data-block-id=\"096273b\"><style>.stk-096273b .stk--block-align-096273b{align-items:center !important;}<\/style><div class=\"stk-row stk-inner-blocks stk--block-align-096273b stk-block-content stk-content-align stk-096273b-column\">\n<div class=\"wp-block-stackable-column stk-block-column stk-column stk-block stk-2e24437\" data-v=\"4\" data-block-id=\"2e24437\"><style>@media screen and (min-width: 768px){.stk-2e24437 {flex:var(--stk-flex-grow, 1) 1 25% !important;}}<\/style><div class=\"stk-column-wrapper stk-block-column__content stk-container stk-2e24437-container stk--no-background stk--no-padding\"><div class=\"stk-block-content stk-inner-blocks stk-2e24437-inner-blocks\">\n<div class=\"wp-block-stackable-image stk-block-image stk-block stk-1e62831\" data-block-id=\"1e62831\"><style>.stk-1e62831 .stk-img-wrapper img{border-radius:12px !important;}<\/style><figure><a class=\"stk-link\" href=\"https:\/\/www.nfu.ca\/learn\/climate-change\/resources\/\"><span class=\"stk-img-wrapper stk-image--shape-stretch\"><img loading=\"lazy\" decoding=\"async\" class=\"stk-img wp-image-9946\" src=\"https:\/\/www.nfu.ca\/wp-content\/uploads\/2020\/09\/Ag-Emission-ENG-210x300.png\" width=\"210\" height=\"300\" alt=\"Banni&#xE8;re repr&#xE9;sentant des vaches dans une ferme\" srcset=\"https:\/\/www.nfu.ca\/wp-content\/uploads\/2020\/09\/Ag-Emission-ENG-210x300.png 210w, https:\/\/www.nfu.ca\/wp-content\/uploads\/2020\/09\/Ag-Emission-ENG.png 280w\" sizes=\"auto, (max-width: 210px) 100vw, 210px\" \/><\/span><\/a><\/figure><\/div>\n<\/div><\/div><\/div>\n\n\n\n<div class=\"wp-block-stackable-column stk-block-column stk-column stk-block stk-fc0eee7\" data-v=\"4\" data-block-id=\"fc0eee7\"><style>@media screen and (min-width: 768px){.stk-fc0eee7 {flex:var(--stk-flex-grow, 1) 1 75% !important;}}<\/style><div class=\"stk-column-wrapper stk-block-column__content stk-container stk-fc0eee7-container stk--no-background stk--no-padding\"><div class=\"stk-block-content stk-inner-blocks stk-fc0eee7-inner-blocks\">\n<div class=\"wp-block-stackable-heading stk-block-heading stk-block-heading--v2 stk-block stk-ebcb63a\" id=\"a-href-https-www-nfu-ca-publications-ag-ghg-emissions-in-cad-3rd-edition-a-a-href-https-www-nfu-ca-publications-ag-ghg-emissions-in-cad-3rd-edition-gricultural-greenhouse-gas-emissions-in-canada-a-a\" data-block-id=\"ebcb63a\"><style>.stk-ebcb63a .stk-block-heading__text{color:#212529 !important;}<\/style><h5 class=\"stk-block-heading__text has-text-color\"><a href=\"https:\/\/www.nfu.ca\/fr\/apprendre\/changement-climatique\/ressources\/\"><\/a><a href=\"https:\/\/www.nfu.ca\/campaigns\/climate-change\/resources\/\">D\u00e9couvrez le travail de l&rsquo;UNF sur le changement climatique et l&rsquo;agriculture<\/a> <\/h5><\/div>\n\n\n\n<p class=\"has-nfu-black-color has-text-color has-link-color wp-elements-9b457d73535c984c1097c330415526be\">D\u00e9couvrez comment vous pouvez contribuer et quelles sont les politiques dont nous avons besoin pour une action climatique efficace et des syst\u00e8mes agricoles durables.<\/p>\n<\/div><\/div><\/div>\n<\/div><\/div>\n<\/div><\/div><\/div>\n<\/div><\/div>\n<\/div><\/div><\/div>\n<\/div><\/section>\n<\/div><\/div><\/div>\n\n<div class=\"wp-block-stackable-hero alignwide stk-block-hero stk-block stk-a7ee2bd stk-block-background is-style-default\" data-v=\"2\" id=\"updates\" data-block-id=\"a7ee2bd\"><style>.stk-a7ee2bd-inner-blocks{justify-content:center !important;}.stk-a7ee2bd {background-color:#ffffff !important;border-top-left-radius:24px !important;border-top-right-radius:24px !important;border-bottom-right-radius:24px !important;border-bottom-left-radius:24px !important;overflow:hidden !important;margin-top:24px !important;margin-bottom:24px !important;}.stk-a7ee2bd:before{background-color:#ffffff !important;}.stk-a7ee2bd .stk-block-hero__content{min-height:500px !important;align-items:center !important;display:flex !important;}<\/style><div class=\"stk-block-hero__content stk-content-align stk-a7ee2bd-column alignwide stk-container stk-a7ee2bd-container stk--no-background stk--no-padding\"><div class=\"stk-block-content stk-inner-blocks has-text-align-left stk--column-flex stk-a7ee2bd-inner-blocks\">\n<section class=\"wp-block-stackable-columns alignfull stk-block-columns stk-block stk-8dec9a4\" data-block-id=\"8dec9a4\"><style>.stk-8dec9a4 {margin-bottom:0px !important;}<\/style><div class=\"stk-row stk-inner-blocks stk-block-content stk-content-align stk-8dec9a4-column alignfull\">\n<div class=\"wp-block-stackable-column stk-block-column stk-column stk-block stk-6aac889\" data-v=\"4\" data-block-id=\"6aac889\"><div class=\"stk-column-wrapper stk-block-column__content stk-container stk-6aac889-container stk--no-background stk--no-padding\"><div class=\"stk-block-content stk-inner-blocks stk-6aac889-inner-blocks\">\n<div class=\"wp-block-stackable-heading stk-block-heading stk-block-heading--v2 stk-block stk-0138c66\" id=\"recent-updates-from-the-campaign\" data-block-id=\"0138c66\"><h2 class=\"stk-block-heading__text\">Derni\u00e8res nouvelles de la campagne<\/h2><\/div>\n\n\n\n<div class=\"wp-block-query is-layout-flow wp-block-query-is-layout-flow\"><ul class=\"wp-block-post-template is-layout-flow wp-block-post-template-is-layout-flow\"><li class=\"wp-block-post post-33233 post type-post status-publish format-standard has-post-thumbnail hentry category-communique-de-presse tag-autochtone tag-changement-climatique tag-environnement post_campaign-changement-climatique\">\n\n<div class=\"wp-block-columns are-vertically-aligned-center is-layout-flex wp-container-core-columns-is-layout-9d6595d7 wp-block-columns-is-layout-flex\">\n<div class=\"wp-block-column is-vertically-aligned-center is-layout-flow wp-block-column-is-layout-flow\" style=\"flex-basis:25%\"><figure style=\"aspect-ratio:16\/9;\" class=\"rounded wp-block-post-featured-image\"><a href=\"https:\/\/www.nfu.ca\/fr\/prairie-farmers-draw-attention-to-dangers-of-carbon-capture-and-storage\/\" target=\"_self\"  ><img loading=\"lazy\" decoding=\"async\" width=\"800\" height=\"400\" src=\"https:\/\/www.nfu.ca\/wp-content\/uploads\/2018\/01\/news-category-opinion-field-summer-corn-grain-pexels-thumb.jpg\" class=\"attachment-post-thumbnail size-post-thumbnail wp-post-image\" alt=\"Les agriculteurs des Prairies attirent l&rsquo;attention sur les dangers du captage et du stockage du carbone\" style=\"width:100%;height:100%;object-fit:cover;\" srcset=\"https:\/\/www.nfu.ca\/wp-content\/uploads\/2018\/01\/news-category-opinion-field-summer-corn-grain-pexels-thumb.jpg 800w, https:\/\/www.nfu.ca\/wp-content\/uploads\/2018\/01\/news-category-opinion-field-summer-corn-grain-pexels-thumb-300x150.jpg 300w, https:\/\/www.nfu.ca\/wp-content\/uploads\/2018\/01\/news-category-opinion-field-summer-corn-grain-pexels-thumb-768x384.jpg 768w\" sizes=\"auto, (max-width: 800px) 100vw, 800px\" \/><\/a><\/figure><\/div>\n\n\n\n<div class=\"wp-block-column is-vertically-aligned-center is-layout-flow wp-block-column-is-layout-flow\" style=\"flex-basis:75%\"><div class=\"wp-block-post-date\"><time datetime=\"2025-02-13T16:11:09-06:00\">13 f\u00e9vrier 2025<\/time><\/div>\n\n<h5 class=\"wp-block-post-title\"><a href=\"https:\/\/www.nfu.ca\/fr\/prairie-farmers-draw-attention-to-dangers-of-carbon-capture-and-storage\/\" target=\"_self\" >Les agriculteurs des Prairies attirent l&rsquo;attention sur les dangers du captage et du stockage du carbone<\/a><\/h5><\/div>\n<\/div>\n\n<\/li><li class=\"wp-block-post post-31673 post type-post status-publish format-standard has-post-thumbnail hentry category-communique-de-presse tag-changement-climatique tag-terres-agricoles post_campaign-changement-climatique\">\n\n<div class=\"wp-block-columns are-vertically-aligned-center is-layout-flex wp-container-core-columns-is-layout-9d6595d7 wp-block-columns-is-layout-flex\">\n<div class=\"wp-block-column is-vertically-aligned-center is-layout-flow wp-block-column-is-layout-flow\" style=\"flex-basis:25%\"><figure style=\"aspect-ratio:16\/9;\" class=\"rounded wp-block-post-featured-image\"><a href=\"https:\/\/www.nfu.ca\/fr\/aviation-emissions-solution-will-create-agricultural-emissions-problem\/\" target=\"_self\"  ><img loading=\"lazy\" decoding=\"async\" width=\"2560\" height=\"1435\" src=\"https:\/\/www.nfu.ca\/wp-content\/uploads\/2024\/11\/Cover-ALT-dreamstime_xxl_338264193-scaled.jpg\" class=\"attachment-post-thumbnail size-post-thumbnail wp-post-image\" alt=\"La solution aux \u00e9missions de l&rsquo;aviation cr\u00e9era un probl\u00e8me d&rsquo;\u00e9missions agricoles\" style=\"width:100%;height:100%;object-fit:cover;\" srcset=\"https:\/\/www.nfu.ca\/wp-content\/uploads\/2024\/11\/Cover-ALT-dreamstime_xxl_338264193-scaled.jpg 2560w, https:\/\/www.nfu.ca\/wp-content\/uploads\/2024\/11\/Cover-ALT-dreamstime_xxl_338264193-300x168.jpg 300w, https:\/\/www.nfu.ca\/wp-content\/uploads\/2024\/11\/Cover-ALT-dreamstime_xxl_338264193-1024x574.jpg 1024w, https:\/\/www.nfu.ca\/wp-content\/uploads\/2024\/11\/Cover-ALT-dreamstime_xxl_338264193-768x430.jpg 768w, https:\/\/www.nfu.ca\/wp-content\/uploads\/2024\/11\/Cover-ALT-dreamstime_xxl_338264193-1536x861.jpg 1536w, https:\/\/www.nfu.ca\/wp-content\/uploads\/2024\/11\/Cover-ALT-dreamstime_xxl_338264193-2048x1148.jpg 2048w, https:\/\/www.nfu.ca\/wp-content\/uploads\/2024\/11\/Cover-ALT-dreamstime_xxl_338264193-1600x897.jpg 1600w\" sizes=\"auto, (max-width: 2560px) 100vw, 2560px\" \/><\/a><\/figure><\/div>\n\n\n\n<div class=\"wp-block-column is-vertically-aligned-center is-layout-flow wp-block-column-is-layout-flow\" style=\"flex-basis:75%\"><div class=\"wp-block-post-date\"><time datetime=\"2024-11-20T11:48:19-06:00\">20 novembre 2024<\/time><\/div>\n\n<h5 class=\"wp-block-post-title\"><a href=\"https:\/\/www.nfu.ca\/fr\/aviation-emissions-solution-will-create-agricultural-emissions-problem\/\" target=\"_self\" >La solution aux \u00e9missions de l&rsquo;aviation cr\u00e9era un probl\u00e8me d&rsquo;\u00e9missions agricoles<\/a><\/h5><\/div>\n<\/div>\n\n<\/li><li class=\"wp-block-post post-31207 post type-post status-publish format-standard has-post-thumbnail hentry category-communique-de-presse tag-changement-climatique post_campaign-changement-climatique\">\n\n<div class=\"wp-block-columns are-vertically-aligned-center is-layout-flex wp-container-core-columns-is-layout-9d6595d7 wp-block-columns-is-layout-flex\">\n<div class=\"wp-block-column is-vertically-aligned-center is-layout-flow wp-block-column-is-layout-flow\" style=\"flex-basis:25%\"><figure style=\"aspect-ratio:16\/9;\" class=\"rounded wp-block-post-featured-image\"><a href=\"https:\/\/www.nfu.ca\/fr\/lunion-nationale-des-fermiers-publie-un-nouveau-rapport-sur-le-renforcement-des-tests-defficacite-des-complements-alimentaires-autres-que-les-engrais\/\" target=\"_self\"  ><img loading=\"lazy\" decoding=\"async\" width=\"1414\" height=\"2000\" src=\"https:\/\/www.nfu.ca\/wp-content\/uploads\/2024\/10\/ET-Non-F-op.-1.png\" class=\"attachment-post-thumbnail size-post-thumbnail wp-post-image\" alt=\"Nouveau rapport de l&rsquo;Union nationale des fermiers : le r\u00e9tablissement des tests d\u2019efficacit\u00e9 sur les suppl\u00e9ments non fertilisants\" style=\"width:100%;height:100%;object-fit:cover;\" srcset=\"https:\/\/www.nfu.ca\/wp-content\/uploads\/2024\/10\/ET-Non-F-op.-1.png 1414w, https:\/\/www.nfu.ca\/wp-content\/uploads\/2024\/10\/ET-Non-F-op.-1-212x300.png 212w, https:\/\/www.nfu.ca\/wp-content\/uploads\/2024\/10\/ET-Non-F-op.-1-724x1024.png 724w, https:\/\/www.nfu.ca\/wp-content\/uploads\/2024\/10\/ET-Non-F-op.-1-768x1086.png 768w, https:\/\/www.nfu.ca\/wp-content\/uploads\/2024\/10\/ET-Non-F-op.-1-1086x1536.png 1086w, https:\/\/www.nfu.ca\/wp-content\/uploads\/2024\/10\/ET-Non-F-op.-1-707x1000.png 707w\" sizes=\"auto, (max-width: 1414px) 100vw, 1414px\" \/><\/a><\/figure><\/div>\n\n\n\n<div class=\"wp-block-column is-vertically-aligned-center is-layout-flow wp-block-column-is-layout-flow\" style=\"flex-basis:75%\"><div class=\"wp-block-post-date\"><time datetime=\"2024-10-21T05:00:00-06:00\">21 octobre 2024<\/time><\/div>\n\n<h5 class=\"wp-block-post-title\"><a href=\"https:\/\/www.nfu.ca\/fr\/lunion-nationale-des-fermiers-publie-un-nouveau-rapport-sur-le-renforcement-des-tests-defficacite-des-complements-alimentaires-autres-que-les-engrais\/\" target=\"_self\" >Nouveau rapport de l&rsquo;Union nationale des fermiers : le r\u00e9tablissement des tests d\u2019efficacit\u00e9 sur les suppl\u00e9ments non fertilisants<\/a><\/h5><\/div>\n<\/div>\n\n<\/li><li class=\"wp-block-post post-30145 post type-post status-publish format-standard has-post-thumbnail hentry category-communique-de-presse tag-changement-climatique tag-terres-agricoles post_campaign-changement-climatique\">\n\n<div class=\"wp-block-columns are-vertically-aligned-center is-layout-flex wp-container-core-columns-is-layout-9d6595d7 wp-block-columns-is-layout-flex\">\n<div class=\"wp-block-column is-vertically-aligned-center is-layout-flow wp-block-column-is-layout-flow\" style=\"flex-basis:25%\"><figure style=\"aspect-ratio:16\/9;\" class=\"rounded wp-block-post-featured-image\"><a href=\"https:\/\/www.nfu.ca\/fr\/un-carburant-daviation-durable-lunion-nationale-des-fermiers-prend-la-parole-lors-dune-grande-conference-nord-americaine\/\" target=\"_self\"  ><img loading=\"lazy\" decoding=\"async\" width=\"1800\" height=\"1200\" src=\"https:\/\/www.nfu.ca\/wp-content\/uploads\/2024\/10\/john-mcarthur-PrdNTrIrG8w-unsplash-scaled.jpg\" class=\"attachment-post-thumbnail size-post-thumbnail wp-post-image\" alt=\"Un carburant d&rsquo;aviation durable ? L\u2019Union nationale des fermiers prend\u00a0la parole lors d&rsquo;une grande conf\u00e9rence nord-am\u00e9ricaine\" style=\"width:100%;height:100%;object-fit:cover;\" srcset=\"https:\/\/www.nfu.ca\/wp-content\/uploads\/2024\/10\/john-mcarthur-PrdNTrIrG8w-unsplash-scaled.jpg 1800w, https:\/\/www.nfu.ca\/wp-content\/uploads\/2024\/10\/john-mcarthur-PrdNTrIrG8w-unsplash-300x200.jpg 300w, https:\/\/www.nfu.ca\/wp-content\/uploads\/2024\/10\/john-mcarthur-PrdNTrIrG8w-unsplash-1024x683.jpg 1024w, https:\/\/www.nfu.ca\/wp-content\/uploads\/2024\/10\/john-mcarthur-PrdNTrIrG8w-unsplash-768x512.jpg 768w, https:\/\/www.nfu.ca\/wp-content\/uploads\/2024\/10\/john-mcarthur-PrdNTrIrG8w-unsplash-1536x1024.jpg 1536w, https:\/\/www.nfu.ca\/wp-content\/uploads\/2024\/10\/john-mcarthur-PrdNTrIrG8w-unsplash-1600x1066.jpg 1600w\" sizes=\"auto, (max-width: 1800px) 100vw, 1800px\" \/><\/a><\/figure><\/div>\n\n\n\n<div class=\"wp-block-column is-vertically-aligned-center is-layout-flow wp-block-column-is-layout-flow\" style=\"flex-basis:75%\"><div class=\"wp-block-post-date\"><time datetime=\"2024-10-03T15:19:00-06:00\">3 octobre 2024<\/time><\/div>\n\n<h5 class=\"wp-block-post-title\"><a href=\"https:\/\/www.nfu.ca\/fr\/un-carburant-daviation-durable-lunion-nationale-des-fermiers-prend-la-parole-lors-dune-grande-conference-nord-americaine\/\" target=\"_self\" >Un carburant d&rsquo;aviation durable ? L\u2019Union nationale des fermiers prend\u00a0la parole lors d&rsquo;une grande conf\u00e9rence nord-am\u00e9ricaine<\/a><\/h5><\/div>\n<\/div>\n\n<\/li><li class=\"wp-block-post post-26552 post type-post status-publish format-standard has-post-thumbnail hentry category-communique-de-presse tag-changement-climatique post_campaign-changement-climatique\">\n\n<div class=\"wp-block-columns are-vertically-aligned-center is-layout-flex wp-container-core-columns-is-layout-9d6595d7 wp-block-columns-is-layout-flex\">\n<div class=\"wp-block-column is-vertically-aligned-center is-layout-flow wp-block-column-is-layout-flow\" style=\"flex-basis:25%\"><figure style=\"aspect-ratio:16\/9;\" class=\"rounded wp-block-post-featured-image\"><a href=\"https:\/\/www.nfu.ca\/fr\/le-rapport-du-senat-recommande-le-retablissement-de-ladministration-chargee-de-la-rehabilitation-des-fermes-de-prairie-et-dautres-mesures-de-protection-des-sols\/\" target=\"_self\"  ><img loading=\"lazy\" decoding=\"async\" width=\"1063\" height=\"797\" src=\"https:\/\/www.nfu.ca\/wp-content\/uploads\/2024\/03\/nfu-homepage-banner-bee-01.jpeg\" class=\"attachment-post-thumbnail size-post-thumbnail wp-post-image\" alt=\"Un rapport du S\u00e9nat recommande de r\u00e9tablir l&rsquo;Administration du r\u00e9tablissement agricole des Prairies (ARAP) et de prendre d&rsquo;autres mesures pour prot\u00e9ger les sols\" style=\"width:100%;height:100%;object-fit:cover;\" srcset=\"https:\/\/www.nfu.ca\/wp-content\/uploads\/2024\/03\/nfu-homepage-banner-bee-01.jpeg 1063w, https:\/\/www.nfu.ca\/wp-content\/uploads\/2024\/03\/nfu-homepage-banner-bee-01-300x225.jpeg 300w, https:\/\/www.nfu.ca\/wp-content\/uploads\/2024\/03\/nfu-homepage-banner-bee-01-1024x768.jpeg 1024w, https:\/\/www.nfu.ca\/wp-content\/uploads\/2024\/03\/nfu-homepage-banner-bee-01-768x576.jpeg 768w\" sizes=\"auto, (max-width: 1063px) 100vw, 1063px\" \/><\/a><\/figure><\/div>\n\n\n\n<div class=\"wp-block-column is-vertically-aligned-center is-layout-flow wp-block-column-is-layout-flow\" style=\"flex-basis:75%\"><div class=\"wp-block-post-date\"><time datetime=\"2024-06-10T09:47:25-06:00\">10 juin 2024<\/time><\/div>\n\n<h5 class=\"wp-block-post-title\"><a href=\"https:\/\/www.nfu.ca\/fr\/le-rapport-du-senat-recommande-le-retablissement-de-ladministration-chargee-de-la-rehabilitation-des-fermes-de-prairie-et-dautres-mesures-de-protection-des-sols\/\" target=\"_self\" >Un rapport du S\u00e9nat recommande de r\u00e9tablir l&rsquo;Administration du r\u00e9tablissement agricole des Prairies (ARAP) et de prendre d&rsquo;autres mesures pour prot\u00e9ger les sols<\/a><\/h5><\/div>\n<\/div>\n\n<\/li><li class=\"wp-block-post post-26546 post type-post status-publish format-standard has-post-thumbnail hentry category-communique-de-presse tag-changement-climatique tag-souverainete-alimentaire tag-travailleurs-agricoles post_campaign-changement-climatique post_campaign-souverainete-alimentaire post_campaign-travailleurs-agricoles\">\n\n<div class=\"wp-block-columns are-vertically-aligned-center is-layout-flex wp-container-core-columns-is-layout-9d6595d7 wp-block-columns-is-layout-flex\">\n<div class=\"wp-block-column is-vertically-aligned-center is-layout-flow wp-block-column-is-layout-flow\" style=\"flex-basis:25%\"><figure style=\"aspect-ratio:16\/9;\" class=\"rounded wp-block-post-featured-image\"><a href=\"https:\/\/www.nfu.ca\/fr\/appel-a-laction-de-lunf-le-jour-meme\/\" target=\"_self\"  ><img loading=\"lazy\" decoding=\"async\" width=\"1422\" height=\"657\" src=\"https:\/\/www.nfu.ca\/wp-content\/uploads\/2024\/05\/Glorious-Organics-Farmworkers.png\" class=\"attachment-post-thumbnail size-post-thumbnail wp-post-image\" alt=\"\u00c0 l&rsquo;occasion du 1er mai, l&rsquo;UNF appelle \u00e0 l&rsquo;action pour prot\u00e9ger la sant\u00e9 et la s\u00e9curit\u00e9 des travailleurs agricoles dans un contexte de crise climatique.\" style=\"width:100%;height:100%;object-fit:cover;\" srcset=\"https:\/\/www.nfu.ca\/wp-content\/uploads\/2024\/05\/Glorious-Organics-Farmworkers.png 1422w, https:\/\/www.nfu.ca\/wp-content\/uploads\/2024\/05\/Glorious-Organics-Farmworkers-300x139.png 300w, https:\/\/www.nfu.ca\/wp-content\/uploads\/2024\/05\/Glorious-Organics-Farmworkers-1024x473.png 1024w, https:\/\/www.nfu.ca\/wp-content\/uploads\/2024\/05\/Glorious-Organics-Farmworkers-768x355.png 768w\" sizes=\"auto, (max-width: 1422px) 100vw, 1422px\" \/><\/a><\/figure><\/div>\n\n\n\n<div class=\"wp-block-column is-vertically-aligned-center is-layout-flow wp-block-column-is-layout-flow\" style=\"flex-basis:75%\"><div class=\"wp-block-post-date\"><time datetime=\"2024-05-01T07:35:35-06:00\">1 mai 2024<\/time><\/div>\n\n<h5 class=\"wp-block-post-title\"><a href=\"https:\/\/www.nfu.ca\/fr\/appel-a-laction-de-lunf-le-jour-meme\/\" target=\"_self\" >\u00c0 l&rsquo;occasion du 1er mai, l&rsquo;UNF appelle \u00e0 l&rsquo;action pour prot\u00e9ger la sant\u00e9 et la s\u00e9curit\u00e9 des travailleurs agricoles dans un contexte de crise climatique.<\/a><\/h5><\/div>\n<\/div>\n\n<\/li><li class=\"wp-block-post post-26533 post type-post status-publish format-standard has-post-thumbnail hentry category-communique-de-presse tag-changement-climatique post_campaign-changement-climatique\">\n\n<div class=\"wp-block-columns are-vertically-aligned-center is-layout-flex wp-container-core-columns-is-layout-9d6595d7 wp-block-columns-is-layout-flex\">\n<div class=\"wp-block-column is-vertically-aligned-center is-layout-flow wp-block-column-is-layout-flow\" style=\"flex-basis:25%\"><figure style=\"aspect-ratio:16\/9;\" class=\"rounded wp-block-post-featured-image\"><a href=\"https:\/\/www.nfu.ca\/fr\/nouveau-rapport-emissions-agricoles-de-gaz-a-effet-de-serre-au-canada-atlantique\/\" target=\"_self\"  ><img loading=\"lazy\" decoding=\"async\" width=\"1170\" height=\"967\" src=\"https:\/\/www.nfu.ca\/wp-content\/uploads\/2024\/02\/atl-ghg-report.png\" class=\"attachment-post-thumbnail size-post-thumbnail wp-post-image\" alt=\"Nouveau rapport &#8211; \u00c9missions agricoles de gaz \u00e0 effet de serre au Canada atlantique\" style=\"width:100%;height:100%;object-fit:cover;\" srcset=\"https:\/\/www.nfu.ca\/wp-content\/uploads\/2024\/02\/atl-ghg-report.png 1170w, https:\/\/www.nfu.ca\/wp-content\/uploads\/2024\/02\/atl-ghg-report-300x248.png 300w, https:\/\/www.nfu.ca\/wp-content\/uploads\/2024\/02\/atl-ghg-report-1024x846.png 1024w, https:\/\/www.nfu.ca\/wp-content\/uploads\/2024\/02\/atl-ghg-report-768x635.png 768w\" sizes=\"auto, (max-width: 1170px) 100vw, 1170px\" \/><\/a><\/figure><\/div>\n\n\n\n<div class=\"wp-block-column is-vertically-aligned-center is-layout-flow wp-block-column-is-layout-flow\" style=\"flex-basis:75%\"><div class=\"wp-block-post-date\"><time datetime=\"2024-02-27T07:11:46-06:00\">27 f\u00e9vrier 2024<\/time><\/div>\n\n<h5 class=\"wp-block-post-title\"><a href=\"https:\/\/www.nfu.ca\/fr\/nouveau-rapport-emissions-agricoles-de-gaz-a-effet-de-serre-au-canada-atlantique\/\" target=\"_self\" >Nouveau rapport &#8211; \u00c9missions agricoles de gaz \u00e0 effet de serre au Canada atlantique<\/a><\/h5><\/div>\n<\/div>\n\n<\/li><\/ul><\/div>\n<\/div><\/div><\/div>\n<\/div><\/section>\n<\/div><\/div><\/div>\n\n<div class=\"wp-block-stackable-columns stk-block-columns stk-block stk-ea7b050 subscribe-pitch-box\" data-block-id=\"ea7b050\"><div class=\"stk-row stk-inner-blocks stk-block-content stk-content-align stk-ea7b050-column\">\n<div class=\"wp-block-stackable-column stk-block-column stk-column stk-block stk-78bdd7c stk-block-background\" data-v=\"4\" data-block-id=\"78bdd7c\"><style>.stk-78bdd7c-inner-blocks{align-items:center !important}.stk-78bdd7c{background-color:#fac922 !important;border-top-left-radius:24px !important;border-top-right-radius:24px !important;border-bottom-right-radius:24px !important;border-bottom-left-radius:24px !important;overflow:hidden !important}.stk-78bdd7c:before{background-color:#fac922 !important}<\/style><div class=\"stk-column-wrapper stk-block-column__content stk-container stk-78bdd7c-container stk--no-background stk--no-padding\"><div class=\"has-text-align-center stk--column-flex stk-block-content stk-inner-blocks stk-78bdd7c-inner-blocks\">\n<div class=\"wp-block-stackable-heading stk-block-heading stk-block-heading--v2 stk-block stk-2a03339\" id=\"stay-informed-national-and-local-farm-news-research-policy-and-advocacy-efforts-straight-to-your-inbox\" data-block-id=\"2a03339\"><style>.stk-2a03339{padding-right:100px !important;padding-bottom:0px !important;padding-left:100px !important;margin-bottom:12px !important}@media screen and (max-width:767px){.stk-2a03339{padding-right:10px !important;padding-left:10px !important}}<\/style><h5 class=\"stk-block-heading__text has-text-align-center\">Restez inform\u00e9. Les nouvelles agricoles nationales et locales, la recherche, la politique et les efforts de plaidoyer, directement dans votre bo\u00eete aux lettres \u00e9lectronique.<\/h5><\/div>\n\n\n\n<div class=\"wp-block-stackable-text stk-block-text stk-block stk-0f4f34e\" data-block-id=\"0f4f34e\"><style>.stk-0f4f34e{margin-top:0px !important;margin-bottom:12px !important}<\/style><p class=\"stk-block-text__text has-text-align-center\">Abonnez-vous aux mises \u00e0 jour \u00e9lectroniques de la Nationale des Fermiers.<\/p><\/div>\n\n\n<script type=\"text\/javascript\">\n\/* <![CDATA[ *\/\nvar gform;gform||(document.addEventListener(\"gform_main_scripts_loaded\",function(){gform.scriptsLoaded=!0}),document.addEventListener(\"gform\/theme\/scripts_loaded\",function(){gform.themeScriptsLoaded=!0}),window.addEventListener(\"DOMContentLoaded\",function(){gform.domLoaded=!0}),gform={domLoaded:!1,scriptsLoaded:!1,themeScriptsLoaded:!1,isFormEditor:()=>\"function\"==typeof InitializeEditor,callIfLoaded:function(o){return!(!gform.domLoaded||!gform.scriptsLoaded||!gform.themeScriptsLoaded&&!gform.isFormEditor()||(gform.isFormEditor()&&console.warn(\"The use of gform.initializeOnLoaded() is deprecated in the form editor context and will be removed in Gravity Forms 3.1.\"),o(),0))},initializeOnLoaded:function(o){gform.callIfLoaded(o)||(document.addEventListener(\"gform_main_scripts_loaded\",()=>{gform.scriptsLoaded=!0,gform.callIfLoaded(o)}),document.addEventListener(\"gform\/theme\/scripts_loaded\",()=>{gform.themeScriptsLoaded=!0,gform.callIfLoaded(o)}),window.addEventListener(\"DOMContentLoaded\",()=>{gform.domLoaded=!0,gform.callIfLoaded(o)}))},hooks:{action:{},filter:{}},addAction:function(o,r,e,t){gform.addHook(\"action\",o,r,e,t)},addFilter:function(o,r,e,t){gform.addHook(\"filter\",o,r,e,t)},doAction:function(o){gform.doHook(\"action\",o,arguments)},applyFilters:function(o){return gform.doHook(\"filter\",o,arguments)},removeAction:function(o,r){gform.removeHook(\"action\",o,r)},removeFilter:function(o,r,e){gform.removeHook(\"filter\",o,r,e)},addHook:function(o,r,e,t,n){null==gform.hooks[o][r]&&(gform.hooks[o][r]=[]);var d=gform.hooks[o][r];null==n&&(n=r+\"_\"+d.length),gform.hooks[o][r].push({tag:n,callable:e,priority:t=null==t?10:t})},doHook:function(r,o,e){var t;if(e=Array.prototype.slice.call(e,1),null!=gform.hooks[r][o]&&((o=gform.hooks[r][o]).sort(function(o,r){return o.priority-r.priority}),o.forEach(function(o){\"function\"!=typeof(t=o.callable)&&(t=window[t]),\"action\"==r?t.apply(null,e):e[0]=t.apply(null,e)})),\"filter\"==r)return e[0]},removeHook:function(o,r,t,n){var e;null!=gform.hooks[o][r]&&(e=(e=gform.hooks[o][r]).filter(function(o,r,e){return!!(null!=n&&n!=o.tag||null!=t&&t!=o.priority)}),gform.hooks[o][r]=e)}});\n\/* ]]> *\/\n<\/script>\n\n                <div class='gf_browser_gecko gform_wrapper gform-theme gform-theme--foundation gform-theme--framework gform-theme--orbital' data-form-theme='orbital' data-form-index='0' id='gform_wrapper_69' ><style>#gform_wrapper_69[data-form-index=\"0\"].gform-theme,[data-parent-form=\"69_0\"]{--gf-color-primary: #204ce5;--gf-color-primary-rgb: 32, 76, 229;--gf-color-primary-contrast: #fff;--gf-color-primary-contrast-rgb: 255, 255, 255;--gf-color-primary-darker: #001AB3;--gf-color-primary-lighter: #527EFF;--gf-color-secondary: #fff;--gf-color-secondary-rgb: 255, 255, 255;--gf-color-secondary-contrast: #112337;--gf-color-secondary-contrast-rgb: 17, 35, 55;--gf-color-secondary-darker: #F5F5F5;--gf-color-secondary-lighter: #FFFFFF;--gf-color-out-ctrl-light: rgba(17, 35, 55, 0.1);--gf-color-out-ctrl-light-rgb: 17, 35, 55;--gf-color-out-ctrl-light-darker: rgba(104, 110, 119, 0.35);--gf-color-out-ctrl-light-lighter: #F5F5F5;--gf-color-out-ctrl-dark: #585e6a;--gf-color-out-ctrl-dark-rgb: 88, 94, 106;--gf-color-out-ctrl-dark-darker: #112337;--gf-color-out-ctrl-dark-lighter: rgba(17, 35, 55, 0.65);--gf-color-in-ctrl: #fff;--gf-color-in-ctrl-rgb: 255, 255, 255;--gf-color-in-ctrl-contrast: #112337;--gf-color-in-ctrl-contrast-rgb: 17, 35, 55;--gf-color-in-ctrl-darker: #F5F5F5;--gf-color-in-ctrl-lighter: #FFFFFF;--gf-color-in-ctrl-primary: #204ce5;--gf-color-in-ctrl-primary-rgb: 32, 76, 229;--gf-color-in-ctrl-primary-contrast: #fff;--gf-color-in-ctrl-primary-contrast-rgb: 255, 255, 255;--gf-color-in-ctrl-primary-darker: #001AB3;--gf-color-in-ctrl-primary-lighter: #527EFF;--gf-color-in-ctrl-light: rgba(17, 35, 55, 0.1);--gf-color-in-ctrl-light-rgb: 17, 35, 55;--gf-color-in-ctrl-light-darker: rgba(104, 110, 119, 0.35);--gf-color-in-ctrl-light-lighter: #F5F5F5;--gf-color-in-ctrl-dark: #585e6a;--gf-color-in-ctrl-dark-rgb: 88, 94, 106;--gf-color-in-ctrl-dark-darker: #112337;--gf-color-in-ctrl-dark-lighter: rgba(17, 35, 55, 0.65);--gf-radius: 3px;--gf-font-size-secondary: 14px;--gf-font-size-tertiary: 13px;--gf-icon-ctrl-number: url(\"data:image\/svg+xml,%3Csvg width='8' height='14' viewBox='0 0 8 14' fill='none' xmlns='http:\/\/www.w3.org\/2000\/svg'%3E%3Cpath fill-rule='evenodd' clip-rule='evenodd' d='M4 0C4.26522 5.96046e-08 4.51957 0.105357 4.70711 0.292893L7.70711 3.29289C8.09763 3.68342 8.09763 4.31658 7.70711 4.70711C7.31658 5.09763 6.68342 5.09763 6.29289 4.70711L4 2.41421L1.70711 4.70711C1.31658 5.09763 0.683417 5.09763 0.292893 4.70711C-0.0976311 4.31658 -0.097631 3.68342 0.292893 3.29289L3.29289 0.292893C3.48043 0.105357 3.73478 0 4 0ZM0.292893 9.29289C0.683417 8.90237 1.31658 8.90237 1.70711 9.29289L4 11.5858L6.29289 9.29289C6.68342 8.90237 7.31658 8.90237 7.70711 9.29289C8.09763 9.68342 8.09763 10.3166 7.70711 10.7071L4.70711 13.7071C4.31658 14.0976 3.68342 14.0976 3.29289 13.7071L0.292893 10.7071C-0.0976311 10.3166 -0.0976311 9.68342 0.292893 9.29289Z' fill='rgba(17, 35, 55, 0.65)'\/%3E%3C\/svg%3E\");--gf-icon-ctrl-select: url(\"data:image\/svg+xml,%3Csvg width='10' height='6' viewBox='0 0 10 6' fill='none' xmlns='http:\/\/www.w3.org\/2000\/svg'%3E%3Cpath fill-rule='evenodd' clip-rule='evenodd' d='M0.292893 0.292893C0.683417 -0.097631 1.31658 -0.097631 1.70711 0.292893L5 3.58579L8.29289 0.292893C8.68342 -0.0976311 9.31658 -0.0976311 9.70711 0.292893C10.0976 0.683417 10.0976 1.31658 9.70711 1.70711L5.70711 5.70711C5.31658 6.09763 4.68342 6.09763 4.29289 5.70711L0.292893 1.70711C-0.0976311 1.31658 -0.0976311 0.683418 0.292893 0.292893Z' fill='rgba(17, 35, 55, 0.65)'\/%3E%3C\/svg%3E\");--gf-icon-ctrl-search: url(\"data:image\/svg+xml,%3Csvg width='640' height='640' xmlns='http:\/\/www.w3.org\/2000\/svg'%3E%3Cpath d='M256 128c-70.692 0-128 57.308-128 128 0 70.691 57.308 128 128 128 70.691 0 128-57.309 128-128 0-70.692-57.309-128-128-128zM64 256c0-106.039 85.961-192 192-192s192 85.961 192 192c0 41.466-13.146 79.863-35.498 111.248l154.125 154.125c12.496 12.496 12.496 32.758 0 45.254s-32.758 12.496-45.254 0L367.248 412.502C335.862 434.854 297.467 448 256 448c-106.039 0-192-85.962-192-192z' fill='rgba(17, 35, 55, 0.65)'\/%3E%3C\/svg%3E\");--gf-label-space-y-secondary: var(--gf-label-space-y-md-secondary);--gf-ctrl-border-color: #686e77;--gf-ctrl-size: var(--gf-ctrl-size-md);--gf-ctrl-label-color-primary: #112337;--gf-ctrl-label-color-secondary: #112337;--gf-ctrl-choice-size: var(--gf-ctrl-choice-size-md);--gf-ctrl-checkbox-check-size: var(--gf-ctrl-checkbox-check-size-md);--gf-ctrl-radio-check-size: var(--gf-ctrl-radio-check-size-md);--gf-ctrl-btn-font-size: var(--gf-ctrl-btn-font-size-md);--gf-ctrl-btn-padding-x: var(--gf-ctrl-btn-padding-x-md);--gf-ctrl-btn-size: var(--gf-ctrl-btn-size-md);--gf-ctrl-btn-border-color-secondary: #686e77;--gf-ctrl-file-btn-bg-color-hover: #EBEBEB;--gf-field-img-choice-size: var(--gf-field-img-choice-size-md);--gf-field-img-choice-card-space: var(--gf-field-img-choice-card-space-md);--gf-field-img-choice-check-ind-size: var(--gf-field-img-choice-check-ind-size-md);--gf-field-img-choice-check-ind-icon-size: var(--gf-field-img-choice-check-ind-icon-size-md);--gf-field-pg-steps-number-color: rgba(17, 35, 55, 0.8);}<\/style><div id='gf_69' class='gform_anchor' tabindex='-1'><\/div><form method='post' enctype='multipart\/form-data' target='gform_ajax_frame_69' id='gform_69'  action='\/fr\/wp-json\/wp\/v2\/pages\/26385#gf_69' data-formid='69' novalidate><div class='gf_invisible ginput_recaptchav3' data-sitekey='6Lc38X4sAAAAAO6byCBm-Nw4Tv1RgJWQ4cskx_t7' data-tabindex='0'><input id=\"input_edd4413defc86b52d2dde24b91a2adb8\" class=\"gfield_recaptcha_response\" type=\"hidden\" name=\"input_edd4413defc86b52d2dde24b91a2adb8\" value=\"\"\/><\/div><input type='hidden' class='gform_hidden' name='gnd_token' id='gnd_token' autocomplete='off' value='20260429164742-e7aeff01bade13b43d052a312e847f567cbcb3f2' \/>\n                        <div class='gform-body gform_body'><div id='gform_fields_69' class='gform_fields top_label form_sublabel_below description_below validation_below'><div id=\"field_69_1\" class=\"gfield gfield--type-email gfield--input-type-email gfield--width-half gfield_contains_required field_sublabel_below gfield--no-description field_description_below hidden_label field_validation_below gfield_visibility_visible\"  ><label class='gfield_label gform-field-label' for='input_69_1'>Email<span class=\"gfield_required\"><span class=\"gfield_required gfield_required_text\">(N\u00e9cessaire)<\/span><\/span><\/label><div class='ginput_container ginput_container_email'>\n                            <input name='input_1' id='input_69_1' type='email' value='' class='large'   placeholder='Add your email address' aria-required=\"true\" aria-invalid=\"false\"  \/>\n                        <\/div><\/div><div id=\"field_submit\" class=\"gfield gfield--type-submit gfield--width-half field_sublabel_below gfield--no-description field_description_below field_validation_below gfield_visibility_visible\"  data-field-class=\"gform_editor_submit_container\" data-field-position=\"inline\" ><input type='submit' id='gform_submit_button_69' class='gform-button gform-button--white  button' onclick='gform.submission.handleButtonClick(this);' data-submission-type='submit' value='Submit'  \/><\/div><\/div><\/div>\n        <div class='gform-footer gform_footer top_label'>  <input type='hidden' name='gform_ajax' value='form_id=69&amp;title=&amp;description=&amp;tabindex=0&amp;theme=orbital&amp;styles={&quot;inputPrimaryColor&quot;:&quot;#204ce5&quot;}&amp;hash=66473a8dbfe9dfdef6caf8975f428c26' \/>\n            <input type='hidden' class='gform_hidden' name='gform_submission_method' data-js='gform_submission_method_69' value='iframe' \/>\n            <input type='hidden' class='gform_hidden' name='gform_theme' data-js='gform_theme_69' id='gform_theme_69' value='orbital' \/>\n            <input type='hidden' class='gform_hidden' name='gform_style_settings' data-js='gform_style_settings_69' id='gform_style_settings_69' value='{&quot;inputPrimaryColor&quot;:&quot;#204ce5&quot;}' \/>\n            <input type='hidden' class='gform_hidden' name='is_submit_69' value='1' \/>\n            <input type='hidden' class='gform_hidden' name='gform_submit' value='69' \/>\n            \n            <input type='hidden' class='gform_hidden' name='gform_currency' data-currency='CAD' value='t3VD5dqeWjifrIfceGHqGd2MtS72pqrzRB1VqPSJ11HXoZxp8qruJ8PmZ+FMxyUobUFxq1lSRe9i6NyNot31wTVUebJpE6t+lbn2gJRmMXH8DFs=' \/>\n            <input type='hidden' class='gform_hidden' name='gform_unique_id' value='' \/>\n            <input type='hidden' class='gform_hidden' name='state_69' value='WyJbXSIsImIyMzVmZTg0ZTZiZjk3MzhiMzg0NzYzNTBhNjgxNjgzIl0=' \/>\n            <input type='hidden' autocomplete='off' class='gform_hidden' name='gform_target_page_number_69' id='gform_target_page_number_69' value='0' \/>\n            <input type='hidden' autocomplete='off' class='gform_hidden' name='gform_source_page_number_69' id='gform_source_page_number_69' value='1' \/>\n            <input type='hidden' name='gform_field_values' value='' \/>\n            \n        <\/div>\n                        <\/form>\n                        <\/div>\n\t\t                <iframe style='display:none;width:0px;height:0px;' src='about:blank' name='gform_ajax_frame_69' id='gform_ajax_frame_69' title='Cette iframe contient la logique n\u00e9cessaire pour manipuler Gravity Forms avec Ajax.'><\/iframe>\n\t\t                <script type=\"text\/javascript\">\n\/* <![CDATA[ *\/\n gform.initializeOnLoaded( function() {gformInitSpinner( 69, 'https:\/\/www.nfu.ca\/wp-content\/plugins\/gravityforms\/images\/spinner.svg', false );jQuery('#gform_ajax_frame_69').on('load',function(){var contents = jQuery(this).contents().find('*').html();var is_postback = contents.indexOf('GF_AJAX_POSTBACK') >= 0;if(!is_postback){return;}var form_content = jQuery(this).contents().find('#gform_wrapper_69');var is_confirmation = jQuery(this).contents().find('#gform_confirmation_wrapper_69').length > 0;var is_redirect = contents.indexOf('gformRedirect(){') >= 0;var is_form = form_content.length > 0 && ! is_redirect && ! is_confirmation;var mt = parseInt(jQuery('html').css('margin-top'), 10) + parseInt(jQuery('body').css('margin-top'), 10) + 100;if(is_form){jQuery('#gform_wrapper_69').html(form_content.html());if(form_content.hasClass('gform_validation_error')){jQuery('#gform_wrapper_69').addClass('gform_validation_error');} else {jQuery('#gform_wrapper_69').removeClass('gform_validation_error');}setTimeout( function() { \/* delay the scroll by 50 milliseconds to fix a bug in chrome *\/ jQuery(document).scrollTop(jQuery('#gform_wrapper_69').offset().top - mt); }, 50 );if(window['gformInitDatepicker']) {gformInitDatepicker();}if(window['gformInitPriceFields']) {gformInitPriceFields();}var current_page = jQuery('#gform_source_page_number_69').val();gformInitSpinner( 69, 'https:\/\/www.nfu.ca\/wp-content\/plugins\/gravityforms\/images\/spinner.svg', false );jQuery(document).trigger('gform_page_loaded', [69, current_page]);window['gf_submitting_69'] = false;}else if(!is_redirect){var confirmation_content = jQuery(this).contents().find('.GF_AJAX_POSTBACK').html();if(!confirmation_content){confirmation_content = contents;}jQuery('#gform_wrapper_69').replaceWith(confirmation_content);jQuery(document).scrollTop(jQuery('#gf_69').offset().top - mt);jQuery(document).trigger('gform_confirmation_loaded', [69]);window['gf_submitting_69'] = false;wp.a11y.speak(jQuery('#gform_confirmation_message_69').text());}else{jQuery('#gform_69').append(contents);if(window['gformRedirect']) {gformRedirect();}}jQuery(document).trigger(\"gform_pre_post_render\", [{ formId: \"69\", currentPage: \"current_page\", abort: function() { this.preventDefault(); } }]);        if (event && event.defaultPrevented) {                return;        }        const gformWrapperDiv = document.getElementById( \"gform_wrapper_69\" );        if ( gformWrapperDiv ) {            const visibilitySpan = document.createElement( \"span\" );            visibilitySpan.id = \"gform_visibility_test_69\";            gformWrapperDiv.insertAdjacentElement( \"afterend\", visibilitySpan );        }        const visibilityTestDiv = document.getElementById( \"gform_visibility_test_69\" );        let postRenderFired = false;        function triggerPostRender() {            if ( postRenderFired ) {                return;            }            postRenderFired = true;            gform.core.triggerPostRenderEvents( 69, current_page );            if ( visibilityTestDiv ) {                visibilityTestDiv.parentNode.removeChild( visibilityTestDiv );            }        }        function debounce( func, wait, immediate ) {            var timeout;            return function() {                var context = this, args = arguments;                var later = function() {                    timeout = null;                    if ( !immediate ) func.apply( context, args );                };                var callNow = immediate && !timeout;                clearTimeout( timeout );                timeout = setTimeout( later, wait );                if ( callNow ) func.apply( context, args );            };        }        const debouncedTriggerPostRender = debounce( function() {            triggerPostRender();        }, 200 );        if ( visibilityTestDiv && visibilityTestDiv.offsetParent === null ) {            const observer = new MutationObserver( ( mutations ) => {                mutations.forEach( ( mutation ) => {                    if ( mutation.type === 'attributes' && visibilityTestDiv.offsetParent !== null ) {                        debouncedTriggerPostRender();                        observer.disconnect();                    }                });            });            observer.observe( document.body, {                attributes: true,                childList: false,                subtree: true,                attributeFilter: [ 'style', 'class' ],            });        } else {            triggerPostRender();        }    } );} ); \n\/* ]]> *\/\n<\/script>\n\n\n\n<div class=\"wp-block-stackable-text stk-block-text stk-block stk-909adb4 stk-block-background small\" data-block-id=\"909adb4\"><style>.stk-909adb4{background-color:#ffe101 !important;border-top-left-radius:50px !important;border-top-right-radius:50px !important;border-bottom-right-radius:50px !important;border-bottom-left-radius:50px !important;overflow:hidden !important;padding-top:2px !important;padding-right:12px !important;padding-bottom:2px !important;padding-left:12px !important}.stk-909adb4:before{background-color:#ffe101 !important}@media screen and (max-width:767px){.stk-909adb4 .stk-block-text__text{line-height:1.3rem !important}}<\/style><p class=\"stk-block-text__text has-text-align-center\">Travaillez-vous dans les m\u00e9dias ? Contactez l&rsquo;<a href=\"mailto:communications@nfu.ca\" target=\"_blank\" rel=\"noreferrer noopener\">UNF \u00e0 l&rsquo;adresse communications@nfu.ca<\/a> pour les communications sp\u00e9cifiques aux m\u00e9dias.<\/p><\/div>\n<\/div><\/div><\/div>\n<\/div><\/div>\n","protected":false},"excerpt":{"rendered":"<p>Le changement climatique est sans doute la question la plus cruciale de notre \u00e9poque. L&rsquo;agriculture est directement touch\u00e9e par le changement climatique, mais elle est aussi l&rsquo;un des principaux \u00e9metteurs de gaz \u00e0 effet de serre au niveau mondial. Nous devons modifier nos pratiques pour nous adapter et r\u00e9duire nos \u00e9missions. <\/p>\n","protected":false},"author":2,"featured_media":22756,"parent":26176,"menu_order":11,"comment_status":"closed","ping_status":"closed","template":"tmpl-blocks-contained.php","meta":{"_acf_changed":false,"_tec_requires_first_save":true,"_EventAllDay":false,"_EventTimezone":"","_EventStartDate":"","_EventEndDate":"","_EventStartDateUTC":"","_EventEndDateUTC":"","_EventShowMap":false,"_EventShowMapLink":false,"_EventURL":"","_EventCost":"","_EventCostDescription":"","_EventCurrencySymbol":"","_EventCurrencyCode":"","_EventCurrencyPosition":"","_EventDateTimeSeparator":"","_EventTimeRangeSeparator":"","_EventOrganizerID":[],"_EventVenueID":[],"_OrganizerEmail":"","_OrganizerPhone":"","_OrganizerWebsite":"","_VenueAddress":"","_VenueCity":"","_VenueCountry":"","_VenueProvince":"","_VenueState":"","_VenueZip":"","_VenuePhone":"","_VenueURL":"","_VenueStateProvince":"","_VenueLat":"","_VenueLng":"","_VenueShowMap":false,"_VenueShowMapLink":false,"_tribe_blocks_recurrence_rules":"","_tribe_blocks_recurrence_description":"","_tribe_blocks_recurrence_exclusions":"","_ecp_custom_4":"","_ecp_custom_7":"","_ecp_custom_9":"","_ecp_custom_10":"","_ecp_custom_12":"","_ecp_custom_13":"","footnotes":""},"post_region":[],"post_campaign":[332],"class_list":["post-26385","page","type-page","status-publish","has-post-thumbnail","hentry","page_categories-learning-page-fr","post_campaign-changement-climatique"],"acf":[],"_links":{"self":[{"href":"https:\/\/www.nfu.ca\/fr\/wp-json\/wp\/v2\/pages\/26385","targetHints":{"allow":["GET"]}}],"collection":[{"href":"https:\/\/www.nfu.ca\/fr\/wp-json\/wp\/v2\/pages"}],"about":[{"href":"https:\/\/www.nfu.ca\/fr\/wp-json\/wp\/v2\/types\/page"}],"author":[{"embeddable":true,"href":"https:\/\/www.nfu.ca\/fr\/wp-json\/wp\/v2\/users\/2"}],"replies":[{"embeddable":true,"href":"https:\/\/www.nfu.ca\/fr\/wp-json\/wp\/v2\/comments?post=26385"}],"version-history":[{"count":29,"href":"https:\/\/www.nfu.ca\/fr\/wp-json\/wp\/v2\/pages\/26385\/revisions"}],"predecessor-version":[{"id":44063,"href":"https:\/\/www.nfu.ca\/fr\/wp-json\/wp\/v2\/pages\/26385\/revisions\/44063"}],"up":[{"embeddable":true,"href":"https:\/\/www.nfu.ca\/fr\/wp-json\/wp\/v2\/pages\/26176"}],"wp:featuredmedia":[{"embeddable":true,"href":"https:\/\/www.nfu.ca\/fr\/wp-json\/wp\/v2\/media\/22756"}],"wp:attachment":[{"href":"https:\/\/www.nfu.ca\/fr\/wp-json\/wp\/v2\/media?parent=26385"}],"wp:term":[{"taxonomy":"post_region","embeddable":true,"href":"https:\/\/www.nfu.ca\/fr\/wp-json\/wp\/v2\/post_region?post=26385"},{"taxonomy":"post_campaign","embeddable":true,"href":"https:\/\/www.nfu.ca\/fr\/wp-json\/wp\/v2\/post_campaign?post=26385"}],"curies":[{"name":"wp","href":"https:\/\/api.w.org\/{rel}","templated":true}]}}