
{"id":26268,"date":"2021-08-10T15:06:28","date_gmt":"2021-08-10T21:06:28","guid":{"rendered":"https:\/\/www.nfu.ca\/personnel-de-lunf\/"},"modified":"2025-10-27T15:31:50","modified_gmt":"2025-10-27T21:31:50","slug":"personnel-de-lunf","status":"publish","type":"page","link":"https:\/\/www.nfu.ca\/fr\/a-propos\/personnel-de-lunf\/","title":{"rendered":"Personnel de l&rsquo;UNF"},"content":{"rendered":"\n<header class=\"wp-block-cover alignfull is-light has-custom-content-position is-position-bottom-center banner-upper\" id=\"banner-upper\"><span aria-hidden=\"true\" class=\"wp-block-cover__background has-background-dim-30 has-background-dim has-background-gradient\" style=\"background-color:#b8a389;background:linear-gradient(180deg,rgb(0,0,0) 0%,rgba(0,0,0,0.03) 70%)\"><\/span><img loading=\"lazy\" decoding=\"async\" width=\"1800\" height=\"800\" src=\"https:\/\/www.nfu.ca\/wp-content\/uploads\/2017\/09\/nfu-news-jakob-creutz-cropped.jpg\" class=\"wp-block-cover__image-background wp-post-image\" alt=\"Nouvelles de l&#039;UNF\" data-object-fit=\"cover\" srcset=\"https:\/\/www.nfu.ca\/wp-content\/uploads\/2017\/09\/nfu-news-jakob-creutz-cropped.jpg 1800w, https:\/\/www.nfu.ca\/wp-content\/uploads\/2017\/09\/nfu-news-jakob-creutz-cropped-300x133.jpg 300w, https:\/\/www.nfu.ca\/wp-content\/uploads\/2017\/09\/nfu-news-jakob-creutz-cropped-768x341.jpg 768w, https:\/\/www.nfu.ca\/wp-content\/uploads\/2017\/09\/nfu-news-jakob-creutz-cropped-1024x455.jpg 1024w, https:\/\/www.nfu.ca\/wp-content\/uploads\/2017\/09\/nfu-news-jakob-creutz-cropped-1080x480.jpg 1080w\" sizes=\"auto, (max-width: 1800px) 100vw, 1800px\" \/><div class=\"wp-block-cover__inner-container is-layout-flow wp-block-cover-is-layout-flow\">\n<h1 class=\"wp-block-heading has-text-align-left has-white-color has-text-color has-link-color has-large-font-size wp-elements-7430ae1561e1a99d2177f3c448c6b524\"><\/h1>\n<\/div><\/header>\n\n<div class=\"wp-block-stackable-hero alignfull stk-block-hero stk-block stk-08fda9e is-style-default\" data-v=\"2\" id=\"content-first\" data-block-id=\"08fda9e\"><style>.stk-08fda9e .stk-block-hero__content{min-height:500px !important;align-items:center !important;display:flex !important;}<\/style><div class=\"stk-block-hero__content stk-content-align stk-08fda9e-column alignwide stk-container stk-08fda9e-container stk--no-background stk--no-padding\"><div class=\"stk-block-content stk-inner-blocks has-text-align-left stk-08fda9e-inner-blocks\"><ol class=\"breadcrumb\"><li><a href=\"https:\/\/www.nfu.ca\/fr\/\">National Farmers Union<\/a><\/li><\/ol>\n\n\n\n<div class=\"wp-block-stackable-heading stk-block-heading stk-block-heading--v2 stk-block stk-6c2c9d1 page-title\" id=\"nfu-staff\" data-block-id=\"6c2c9d1\"><h1 class=\"stk-block-heading__text\">Personnel de l&rsquo;UNF<\/h1><\/div>\n\n\n\n<div class=\"wp-block-stackable-columns stk-block-columns stk-block stk-1786798\" data-block-id=\"1786798\"><div class=\"stk-row stk-inner-blocks stk-block-content stk-content-align stk-1786798-column\">\n<div class=\"wp-block-stackable-column stk-block-column stk-column stk-block stk-cdf62d9\" data-v=\"4\" data-block-id=\"cdf62d9\"><style>@media screen and (min-width: 768px){.stk-cdf62d9 {flex:var(--stk-flex-grow, 1) 1 calc(66.666% - var(--stk-column-gap, 0px) * 1 \/ 2 ) !important;}}<\/style><div class=\"stk-column-wrapper stk-block-column__content stk-container stk-cdf62d9-container stk--no-background stk--no-padding\"><div class=\"has-text-align-left stk-block-content stk-inner-blocks stk-cdf62d9-inner-blocks\">\n<div class=\"wp-block-group is-layout-constrained wp-block-group-is-layout-constrained\">\n<div class=\"wp-block-stackable-heading stk-block-heading stk-block-heading--v2 stk-block stk-ffad0fb\" id=\"meet-the-nfu-team\" data-block-id=\"ffad0fb\"><h2 class=\"stk-block-heading__text\">Rencontrez l&rsquo;\u00e9quipe de l&rsquo;UNF<\/h2><\/div>\n\n\n\n<div class=\"wp-block-stackable-card stk-block-card stk-block stk-068f588 is-style-horizontal card-conference\" data-v=\"2\" id=\"thompson\" data-block-id=\"068f588\"><style>.stk-068f588 {border-top-left-radius:24px !important;border-top-right-radius:24px !important;border-bottom-right-radius:24px !important;border-bottom-left-radius:24px !important;overflow:hidden !important;}.stk-068f588 .stk-block-card__image{width:125px !important;}.stk-068f588 .stk-block-card__image img{object-position:50% 49% !important;object-fit:contain !important;}@media screen and (max-width: 767px){.stk-068f588 .stk-block-card__image{width:100% !important;height:250px !important;}}<\/style><div class=\"stk--no-padding stk-container stk-068f588-container stk-hover-parent\"><figure class=\"stk-block-card__image stk-img-wrapper stk-image--shape-stretch\"><img loading=\"lazy\" decoding=\"async\" class=\"stk-img wp-image-39470\" src=\"https:\/\/www.nfu.ca\/wp-content\/uploads\/2025\/04\/Untitled-design-150x150.png\" width=\"150\" height=\"150\" alt=\"Mara Shaw\" srcset=\"https:\/\/www.nfu.ca\/wp-content\/uploads\/2025\/04\/Untitled-design-150x150.png 150w, https:\/\/www.nfu.ca\/wp-content\/uploads\/2025\/04\/Untitled-design-300x300.png 300w, https:\/\/www.nfu.ca\/wp-content\/uploads\/2025\/04\/Untitled-design-1024x1024.png 1024w, https:\/\/www.nfu.ca\/wp-content\/uploads\/2025\/04\/Untitled-design-768x768.png 768w, https:\/\/www.nfu.ca\/wp-content\/uploads\/2025\/04\/Untitled-design.png 1080w\" sizes=\"auto, (max-width: 150px) 100vw, 150px\" \/><\/figure><div class=\"stk-container-padding stk-block-card__content\"><div class=\"stk-block-content stk-inner-blocks stk-068f588-inner-blocks\">\n<div class=\"wp-block-stackable-heading stk-block-heading stk-block-heading--v2 stk-block stk-b394fd0\" id=\"executive-director-strong-a-href-https-www-nfu-ca-about-nfu-staff-darrin-qualman-head-shot-solar-panels-alt-post-a-strong\" data-block-id=\"b394fd0\"><h4 class=\"stk-block-heading__text\">Directeur ex\u00e9cutif<strong><a href=\"https:\/\/www.nfu.ca\/fr\/a-propos\/personnel-de-lunf\/darrin-qualman-head-shot-solar-panels-alt-post-2\/\"><\/a><\/strong><\/h4><\/div>\n\n\n\n<div class=\"wp-block-stackable-text stk-block-text stk-block stk-341e185\" data-block-id=\"341e185\"><p class=\"stk-block-text__text\"><strong>Dave Thompson<\/strong> est le directeur ex\u00e9cutif. Dave a travaill\u00e9 avec le UNF-Ontario au cours des cinq derni\u00e8res ann\u00e9es dans diverses fonctions, notamment la recherche et l&rsquo;analyse des politiques, la conduite d&rsquo;entretiens avec les fermi\u00e8res et la gestion des programmes. Au cours de cette p\u00e9riode, Dave a \u00e9galement coordonn\u00e9 les groupes de travail du Comit\u00e9 des Programmes Internationaux (IPC) et a notamment contribu\u00e9 \u00e0 la cr\u00e9ation du caucus du PANDC sur le site UNFet de la cat\u00e9gorie des membres travailleurs agricoles. C&rsquo;est un organisateur efficace, ax\u00e9 sur les personnes, qui a fait preuve d&rsquo;un profond d\u00e9vouement envers le site UNF. Dave est un universitaire accompli, titulaire d&rsquo;une ma\u00eetrise en pens\u00e9e culturelle, sociale et politique de l&rsquo;Universit\u00e9 de Victoria, en Colombie-Britannique, et d&rsquo;un doctorat en histoire de l&rsquo;Universit\u00e9 Queen&rsquo;s \u00e0 Kingston, en Ontario. En 2018, il a termin\u00e9 un stage postdoctoral \u00e0 l&rsquo;Universit\u00e9 d&rsquo;Ottawa. La plupart de ses travaux universitaires portent sur l&rsquo;histoire du travail et du militantisme. Il a \u00e9galement travaill\u00e9 comme organisateur syndical pour l&rsquo;Alliance de la fonction publique du Canada.       <\/p><\/div>\n<\/div><\/div><\/div><\/div>\n\n\n\n<div class=\"wp-block-stackable-card stk-block-card stk-block stk-345b90f is-style-horizontal card-conference\" data-v=\"2\" id=\"lange\" data-block-id=\"345b90f\"><style>.stk-345b90f {border-top-left-radius:24px !important;border-top-right-radius:24px !important;border-bottom-right-radius:24px !important;border-bottom-left-radius:24px !important;overflow:hidden !important;}.stk-345b90f .stk-block-card__image{width:125px !important;}.stk-345b90f .stk-block-card__image img{object-position:50% 49% !important;object-fit:contain !important;}@media screen and (max-width: 767px){.stk-345b90f .stk-block-card__image{width:100% !important;height:250px !important;}}<\/style><div class=\"stk--no-padding stk-container stk-345b90f-container stk-hover-parent\"><figure class=\"stk-block-card__image stk-img-wrapper stk-image--shape-stretch\"><img loading=\"lazy\" decoding=\"async\" class=\"stk-img wp-image-13759\" src=\"https:\/\/www.nfu.ca\/wp-content\/uploads\/2021\/08\/JOAN-HEAD-SHOT-150x150.jpg\" width=\"150\" height=\"150\" alt=\"Joan Lange\" srcset=\"https:\/\/www.nfu.ca\/wp-content\/uploads\/2021\/08\/JOAN-HEAD-SHOT-150x150.jpg 150w, https:\/\/www.nfu.ca\/wp-content\/uploads\/2021\/08\/JOAN-HEAD-SHOT-768x768.jpg 768w\" sizes=\"auto, (max-width: 150px) 100vw, 150px\" \/><\/figure><div class=\"stk-container-padding stk-block-card__content\"><div class=\"stk-block-content stk-inner-blocks stk-345b90f-inner-blocks\">\n<div class=\"wp-block-stackable-heading stk-block-heading stk-block-heading--v2 stk-block stk-11f9a94\" id=\"director-of-administration-amp-finance-strong-a-href-https-www-nfu-ca-about-nfu-staff-darrin-qualman-head-shot-solar-panels-alt-post-a-strong\" data-block-id=\"11f9a94\"><h4 class=\"stk-block-heading__text\">Directeur de l&rsquo;administration et des finances<strong><a href=\"https:\/\/www.nfu.ca\/fr\/a-propos\/personnel-de-lunf\/darrin-qualman-head-shot-solar-panels-alt-post-2\/\"><\/a><\/strong><\/h4><\/div>\n\n\n\n<div class=\"wp-block-stackable-text stk-block-text stk-block stk-347f6cb\" data-block-id=\"347f6cb\"><p class=\"stk-block-text__text\"><strong>Joan Lange<\/strong> est directrice de l&rsquo;administration et des finances. Elle a connu l&rsquo;UNF contre vents et mar\u00e9es et est toujours heureuse de r\u00e9pondre aux questions des membres et de r\u00e9soudre les probl\u00e8mes qui se posent. Joan vit avec son mari et ses chiens \u00e0 Dalmeny, en Saskatchewan, et est la fi\u00e8re maman de 5 enfants.<\/p><\/div>\n<\/div><\/div><\/div><\/div>\n\n\n\n<div class=\"wp-block-stackable-card stk-block-card stk-block stk-a921c46 is-style-horizontal card-conference\" data-v=\"2\" id=\"holtslander\" data-block-id=\"a921c46\"><style>.stk-a921c46 {border-top-left-radius:24px !important;border-top-right-radius:24px !important;border-bottom-right-radius:24px !important;border-bottom-left-radius:24px !important;overflow:hidden !important;}.stk-a921c46 .stk-block-card__image{width:125px !important;}.stk-a921c46 .stk-block-card__image img{object-position:50% 49% !important;object-fit:contain !important;}@media screen and (max-width: 767px){.stk-a921c46 .stk-block-card__image{width:100% !important;height:250px !important;}}<\/style><div class=\"stk--no-padding stk-container stk-a921c46-container stk-hover-parent\"><figure class=\"stk-block-card__image stk-img-wrapper stk-image--shape-stretch\"><img loading=\"lazy\" decoding=\"async\" class=\"stk-img wp-image-13758\" src=\"https:\/\/www.nfu.ca\/wp-content\/uploads\/2021\/08\/2020-Cathy-mugshot-150x150.jpg\" width=\"150\" height=\"150\" alt=\"Cathy Holtslander\"\/><\/figure><div class=\"stk-container-padding stk-block-card__content\"><div class=\"stk-block-content stk-inner-blocks stk-a921c46-inner-blocks\">\n<div class=\"wp-block-stackable-heading stk-block-heading stk-block-heading--v2 stk-block stk-3a02fd1\" id=\"director-of-research-and-policy\" data-block-id=\"3a02fd1\"><h4 class=\"stk-block-heading__text\">Directeur de la recherche et de la politique<\/h4><\/div>\n\n\n\n<div class=\"wp-block-stackable-text stk-block-text stk-block stk-4d4b636\" data-block-id=\"4d4b636\"><p class=\"stk-block-text__text\"><strong>Cathy Holtslander<\/strong> est directrice de la recherche et de la politique \u00e0 la Nationale des Fermiers. Outre la recherche et l&rsquo;analyse des politiques et la r\u00e9daction d&rsquo;articles et de notes sur les questions politiques de l&rsquo;UNF, elle convoque des groupes de travail compos\u00e9s de membres de l&rsquo;UNF qui se penchent sur des questions politiques. Avant de rejoindre le personnel de l&rsquo;UNF en 2011, elle a enseign\u00e9 l&rsquo;EBA dans le nord de la Saskatchewan, a \u00e9t\u00e9 coordinatrice du Saskatchewan Eco Network, a co\u00e9dit\u00e9 Synergy Magazine, et a \u00e9t\u00e9 fondatrice et a travaill\u00e9 pour la Beyond Factory Farming Coalition, une organisation qui promeut la production durable de b\u00e9tail. Sa ma\u00eetrise portait sur l&rsquo;\u00e9ducation des adultes au sein des mouvements sociaux et sur l&rsquo;histoire du leadership des femmes dans le mouvement agricole en Saskatchewan. Elle est \u00e9galement dipl\u00f4m\u00e9e en sociologie et en d\u00e9veloppement r\u00e9gional et urbain. Depuis 2009, elle exploite avec son partenaire une ferme c\u00e9r\u00e9ali\u00e8re certifi\u00e9e biologique pr\u00e8s de Mont Nebo, en Saskatchewan.<\/p><\/div>\n<\/div><\/div><\/div><\/div>\n\n\n\n<div class=\"wp-block-stackable-card stk-block-card stk-block stk-f24cdf4 is-style-horizontal card-conference\" data-v=\"2\" id=\"hannay\" data-block-id=\"f24cdf4\"><style>.stk-f24cdf4 {border-top-left-radius:24px !important;border-top-right-radius:24px !important;border-bottom-right-radius:24px !important;border-bottom-left-radius:24px !important;overflow:hidden !important;}.stk-f24cdf4 .stk-block-card__image{width:125px !important;}.stk-f24cdf4 .stk-block-card__image img{object-position:50% 49% !important;object-fit:contain !important;}@media screen and (max-width: 767px){.stk-f24cdf4 .stk-block-card__image{width:100% !important;height:250px !important;}}<\/style><div class=\"stk--no-padding stk-container stk-f24cdf4-container stk-hover-parent\"><figure class=\"stk-block-card__image stk-img-wrapper stk-image--shape-stretch\"><img loading=\"lazy\" decoding=\"async\" class=\"stk-img wp-image-19766\" src=\"https:\/\/www.nfu.ca\/wp-content\/uploads\/2024\/03\/James-Website-Photo-150x150.jpeg\" width=\"150\" height=\"150\" alt=\"James Hannay\" srcset=\"https:\/\/www.nfu.ca\/wp-content\/uploads\/2024\/03\/James-Website-Photo-150x150.jpeg 150w, https:\/\/www.nfu.ca\/wp-content\/uploads\/2024\/03\/James-Website-Photo-768x768.jpeg 768w\" sizes=\"auto, (max-width: 150px) 100vw, 150px\" \/><\/figure><div class=\"stk-container-padding stk-block-card__content\"><div class=\"stk-block-content stk-inner-blocks stk-f24cdf4-inner-blocks\">\n<div class=\"wp-block-stackable-heading stk-block-heading stk-block-heading--v2 stk-block stk-5105b01\" id=\"policy-assistant-strong-a-href-https-www-nfu-ca-about-nfu-staff-darrin-qualman-head-shot-solar-panels-alt-post-a-strong\" data-block-id=\"5105b01\"><h4 class=\"stk-block-heading__text\">Assistant politique<strong><a href=\"https:\/\/www.nfu.ca\/fr\/a-propos\/personnel-de-lunf\/darrin-qualman-head-shot-solar-panels-alt-post-2\/\"><\/a><\/strong><\/h4><\/div>\n\n\n\n<div class=\"wp-block-stackable-text stk-block-text stk-block stk-c567532\" data-block-id=\"c567532\"><p class=\"stk-block-text__text\"><strong>James Hannay<\/strong> est assistant politique \u00e0 l&rsquo;UNF. Il est actuellement bas\u00e9 sur les territoires des Anishinaabe et de Mississauga, \u00e9galement connu sous le nom de \u00ab\u00a0London\u00a0\u00bb. L&rsquo;int\u00e9r\u00eat de James pour les questions et les politiques agricoles est n\u00e9 d&rsquo;une profonde pr\u00e9occupation pour un syst\u00e8me alimentaire juste pendant la pand\u00e9mie de COVID-19, et a \u00e9t\u00e9 renforc\u00e9 par l&rsquo;\u00e9tude de la politique et de l&rsquo;\u00e9conomie du changement climatique. Il s&rsquo;int\u00e9resse particuli\u00e8rement aux effets de la concentration des entreprises et de la financiarisation de l&rsquo;agriculture, et a r\u00e9alis\u00e9 son m\u00e9moire de ma\u00eetrise sur l&rsquo;\u00e9conomie politique des programmes priv\u00e9s de s\u00e9questration du carbone dans le sol en Am\u00e9rique du Nord. Bien qu&rsquo;il soit nouveau dans l&rsquo;espace, il est d\u00e9sireux d&rsquo;apprendre et d&rsquo;aider l&rsquo;UNF \u00e0 poursuivre sa mission de d\u00e9mocratie, de souverainet\u00e9 alimentaire, de r\u00e9sultats environnementaux positifs et de construction de communaut\u00e9s dynamiques dans le domaine de l&rsquo;agriculture.<\/p><\/div>\n<\/div><\/div><\/div><\/div>\n\n\n\n<div class=\"wp-block-stackable-card stk-block-card stk-block stk-94aed04 is-style-horizontal card-conference\" data-v=\"2\" id=\"marquis\" data-block-id=\"94aed04\"><style>.stk-94aed04 {border-top-left-radius:24px !important;border-top-right-radius:24px !important;border-bottom-right-radius:24px !important;border-bottom-left-radius:24px !important;overflow:hidden !important;}.stk-94aed04 .stk-block-card__image{width:125px !important;}.stk-94aed04 .stk-block-card__image img{object-position:50% 49% !important;object-fit:contain !important;}@media screen and (max-width: 767px){.stk-94aed04 .stk-block-card__image{width:100% !important;height:250px !important;}}<\/style><div class=\"stk--no-padding stk-container stk-94aed04-container stk-hover-parent\"><figure class=\"stk-block-card__image stk-img-wrapper stk-image--shape-stretch\"><img loading=\"lazy\" decoding=\"async\" class=\"stk-img wp-image-39045\" src=\"https:\/\/www.nfu.ca\/wp-content\/uploads\/2025\/03\/Sarah-Marquis-150x150.jpg\" width=\"150\" height=\"150\" alt=\"Camille Koon\" srcset=\"https:\/\/www.nfu.ca\/wp-content\/uploads\/2025\/03\/Sarah-Marquis-150x150.jpg 150w, https:\/\/www.nfu.ca\/wp-content\/uploads\/2025\/03\/Sarah-Marquis-768x768.jpg 768w\" sizes=\"auto, (max-width: 150px) 100vw, 150px\" \/><\/figure><div class=\"stk-container-padding stk-block-card__content\"><div class=\"stk-block-content stk-inner-blocks stk-94aed04-inner-blocks\">\n<div class=\"wp-block-stackable-heading stk-block-heading stk-block-heading--v2 stk-block stk-f283cff\" id=\"outreach-strategist-strong-a-href-https-www-nfu-ca-about-nfu-staff-darrin-qualman-head-shot-solar-panels-alt-post-a-strong\" data-block-id=\"f283cff\"><h4 class=\"stk-block-heading__text\">Strat\u00e8ge de proximit\u00e9<strong><a href=\"https:\/\/www.nfu.ca\/fr\/a-propos\/personnel-de-lunf\/darrin-qualman-head-shot-solar-panels-alt-post-2\/\"><\/a><\/strong><\/h4><\/div>\n\n\n\n<div class=\"wp-block-stackable-text stk-block-text stk-block stk-3d33df7\" data-block-id=\"3d33df7\"><p class=\"stk-block-text__text\"><strong>Sarah Marquis<\/strong> est originaire de la Nouvelle-\u00c9cosse rurale et r\u00e9side maintenant sur le territoire de la nation algonquine Anishinaabe, autrement dit \u00e0 Ottawa, en Ontario. Elle vient de terminer un doctorat en durabilit\u00e9 environnementale \u00e0 l&rsquo;Universit\u00e9 d&rsquo;Ottawa, o\u00f9 elle a \u00e9tudi\u00e9 le r\u00f4le des technologies num\u00e9riques, comme l&rsquo;IA et la robotique, dans les transitions vers l&rsquo;agriculture durable au Canada. Sarah a \u00e9galement travaill\u00e9 au S\u00e9nat du Canada, o\u00f9 elle a particip\u00e9 \u00e0 la cr\u00e9ation d&rsquo;une organisation appel\u00e9e Senators for Climate Solutions (S\u00e9nateurs pour des solutions climatiques), qui sensibilise les s\u00e9nateurs aux principaux aspects du changement climatique et de la perte de biodiversit\u00e9. Sarah est actuellement activiste climatique et organisatrice \u00e0 Ottawa au sein d&rsquo;une organisation appel\u00e9e Climate Justice Ottawa. Elle est \u00e9galement dipl\u00f4m\u00e9e en g\u00e9ographie humaine et en sciences de l&rsquo;environnement.    <\/p><\/div>\n<\/div><\/div><\/div><\/div>\n\n\n\n<div class=\"wp-block-stackable-card stk-block-card stk-block stk-2a18c2e is-style-horizontal card-conference\" data-v=\"2\" id=\"cormier\" data-block-id=\"2a18c2e\"><style>.stk-2a18c2e {border-top-left-radius:24px !important;border-top-right-radius:24px !important;border-bottom-right-radius:24px !important;border-bottom-left-radius:24px !important;overflow:hidden !important;}.stk-2a18c2e .stk-block-card__image{width:125px !important;}.stk-2a18c2e .stk-block-card__image img{object-position:50% 49% !important;object-fit:contain !important;}@media screen and (max-width: 767px){.stk-2a18c2e .stk-block-card__image{width:100% !important;height:250px !important;}}<\/style><div class=\"stk--no-padding stk-container stk-2a18c2e-container stk-hover-parent\"><figure class=\"stk-block-card__image stk-img-wrapper stk-image--shape-stretch\"><img loading=\"lazy\" decoding=\"async\" class=\"stk-img wp-image-44226\" src=\"https:\/\/www.nfu.ca\/wp-content\/uploads\/2025\/10\/gill-new-150x150.webp\" width=\"150\" height=\"150\" alt=\"Camille Koon\" srcset=\"https:\/\/www.nfu.ca\/wp-content\/uploads\/2025\/10\/gill-new-150x150.webp 150w, https:\/\/www.nfu.ca\/wp-content\/uploads\/2025\/10\/gill-new-300x300.webp 300w, https:\/\/www.nfu.ca\/wp-content\/uploads\/2025\/10\/gill-new-768x768.webp 768w, https:\/\/www.nfu.ca\/wp-content\/uploads\/2025\/10\/gill-new.webp 800w\" sizes=\"auto, (max-width: 150px) 100vw, 150px\" \/><\/figure><div class=\"stk-container-padding stk-block-card__content\"><div class=\"stk-block-content stk-inner-blocks stk-2a18c2e-inner-blocks\">\n<div class=\"wp-block-stackable-heading stk-block-heading stk-block-heading--v2 stk-block stk-a72941b\" id=\"communications-strategist-strong-a-href-https-www-nfu-ca-about-nfu-staff-darrin-qualman-head-shot-solar-panels-alt-post-a-strong\" data-block-id=\"a72941b\"><h4 class=\"stk-block-heading__text\">Strat\u00e8ge en communication<strong><a href=\"https:\/\/www.nfu.ca\/fr\/a-propos\/personnel-de-lunf\/darrin-qualman-head-shot-solar-panels-alt-post-2\/\"><\/a><\/strong><\/h4><\/div>\n\n\n\n<div class=\"wp-block-stackable-text stk-block-text stk-block stk-6f56b09\" data-block-id=\"6f56b09\"><p class=\"stk-block-text__text\"><strong>Gillian (Gill) Cormier<\/strong> est une communicatrice, une strat\u00e8ge et une organisatrice exp\u00e9riment\u00e9e. Avec une fiche d&rsquo;information en d\u00e9veloppement communautaire et en \u00e9tudes environnementales et de durabilit\u00e9, elle apporte une approche holistique, inform\u00e9e et empathique \u00e0 l&rsquo;organisation au sein de l&rsquo;UNF. <\/p><\/div>\n\n\n\n<div class=\"wp-block-stackable-text stk-block-text stk-block stk-ea7189e\" data-block-id=\"ea7189e\"><p class=\"stk-block-text__text\">Elle a cofond\u00e9 <a href=\"https:\/\/www.instagram.com\/lupine.themarket\/\" target=\"_blank\" rel=\"noopener\">The Lupine Market<\/a>, un march\u00e9 de producteurs dans sa ville natale, favorisant les liens avec les fermes locales o\u00f9 elle a ensuite travaill\u00e9, fait du b\u00e9n\u00e9volat ou visit\u00e9 pour mieux comprendre l&rsquo;agriculture dans le sud du Nouveau-Brunswick. Passionn\u00e9e par les modes d&rsquo;organisation coop\u00e9ratifs, elle fait \u00e9galement partie de <a href=\"https:\/\/www.youtube.com\/watch?v=EjyNnIknHlI\" target=\"_blank\" rel=\"noopener\">TOASA Cooperative Farm<\/a>, une petite coop\u00e9rative agricole sans terre appartenant \u00e0 des travailleurs.<\/p><\/div>\n\n\n\n<div class=\"wp-block-stackable-text stk-block-text stk-block stk-8966e52\" data-block-id=\"8966e52\"><p class=\"stk-block-text__text\">Gill a port\u00e9 la voix de l&rsquo;UNF pendant plus de quatre ans en travaillant comme responsable des communications pour l&rsquo;UNF et l&rsquo;UNF-NB et a \u00e9galement travaill\u00e9 comme organisatrice dans le <a href=\"https:\/\/www.nfu.ca\/fr\/publications\/unf-propose-cfra\/\">dossier de l&rsquo;Agence canadienne de r\u00e9silience agricole (ACRA) de l&rsquo;UNF<\/a>. Gill parle anglais, fran\u00e7ais et portugais.<\/p><\/div>\n<\/div><\/div><\/div><\/div>\n\n\n\n<div class=\"wp-block-stackable-card stk-block-card stk-block stk-dfd0d7d is-style-horizontal card-conference\" data-v=\"2\" id=\"smith\" data-block-id=\"dfd0d7d\"><style>.stk-dfd0d7d {border-top-left-radius:24px !important;border-top-right-radius:24px !important;border-bottom-right-radius:24px !important;border-bottom-left-radius:24px !important;overflow:hidden !important;}.stk-dfd0d7d .stk-block-card__image{width:125px !important;}.stk-dfd0d7d .stk-block-card__image img{object-position:50% 49% !important;object-fit:contain !important;}@media screen and (max-width: 767px){.stk-dfd0d7d .stk-block-card__image{width:100% !important;height:250px !important;}}<\/style><div class=\"stk--no-padding stk-container stk-dfd0d7d-container stk-hover-parent\"><figure class=\"stk-block-card__image stk-img-wrapper stk-image--shape-stretch\"><img loading=\"lazy\" decoding=\"async\" class=\"stk-img wp-image-15914\" src=\"https:\/\/www.nfu.ca\/wp-content\/uploads\/2022\/09\/Ann-King-150x150.jpg\" width=\"150\" height=\"150\" alt=\"Ann Smith\" srcset=\"https:\/\/www.nfu.ca\/wp-content\/uploads\/2022\/09\/Ann-King-150x150.jpg 150w, https:\/\/www.nfu.ca\/wp-content\/uploads\/2022\/09\/Ann-King-768x768.jpg 768w\" sizes=\"auto, (max-width: 150px) 100vw, 150px\" \/><\/figure><div class=\"stk-container-padding stk-block-card__content\"><div class=\"stk-block-content stk-inner-blocks stk-dfd0d7d-inner-blocks\">\n<div class=\"wp-block-stackable-heading stk-block-heading stk-block-heading--v2 stk-block stk-6d1f2b0\" id=\"executive-assistant\" data-block-id=\"6d1f2b0\"><h4 class=\"stk-block-heading__text\">Assistant(e) de direction<\/h4><\/div>\n\n\n\n<div class=\"wp-block-stackable-text stk-block-text stk-block stk-e8b204b\" data-block-id=\"e8b204b\"><p class=\"stk-block-text__text\"><strong>Ann Smith <\/strong>est l&rsquo;assistante de direction du bureau national de l&rsquo;UNF \u00e0 Saskatoon. Elle est l&rsquo;a\u00een\u00e9e d&rsquo;une famille nombreuse, \u00e9lev\u00e9e dans une petite ferme mixte du nord-est de la Saskatchewan. Elle a travaill\u00e9 avec des organisations agricoles pendant la majeure partie de sa carri\u00e8re. Au cours des 22 derni\u00e8res ann\u00e9es, elle a travaill\u00e9 pour l&rsquo;Agriculture Council of Saskatchewan, tout d&rsquo;abord en tant qu&rsquo;agent de projet principal charg\u00e9 d&rsquo;examiner et de faire avancer les demandes de programmes de financement f\u00e9d\u00e9raux con\u00e7us pour positionner l&rsquo;agriculture et l&rsquo;agroalimentaire canadiens \u00e0 la pointe du progr\u00e8s afin de saisir des opportunit\u00e9s nouvelles et innovantes, puis en tant que gestionnaire de Levy Central, un programme cr\u00e9\u00e9 pour aider les organisations agricoles canadiennes \u00e0 enregistrer et \u00e0 percevoir avec pr\u00e9cision les pr\u00e9l\u00e8vements agricoles r\u00e9glement\u00e9s. Ann a pris sa retraite de son poste \u00e0 Levy Central \u00e0 la fin du mois de juillet 2022, et est ravie de travailler \u00e0 temps partiel avec l&rsquo;UNF. Ann a deux enfants adultes et aime la musique rock classique, la lecture, le jardinage et l&rsquo;am\u00e9nagement paysager, la d\u00e9coration d&rsquo;int\u00e9rieur et l&rsquo;am\u00e9lioration de l&rsquo;habitat, l&rsquo;apiculture, la cuisine (et les repas).<\/p><\/div>\n<\/div><\/div><\/div><\/div>\n\n\n\n<div class=\"wp-block-stackable-card stk-block-card stk-block stk-c9b605e is-style-horizontal card-conference\" data-v=\"2\" id=\"giacomini\" data-block-id=\"c9b605e\"><style>.stk-c9b605e {border-top-left-radius:24px !important;border-top-right-radius:24px !important;border-bottom-right-radius:24px !important;border-bottom-left-radius:24px !important;overflow:hidden !important;}.stk-c9b605e .stk-block-card__image{width:125px !important;}.stk-c9b605e .stk-block-card__image img{object-position:50% 49% !important;object-fit:contain !important;}@media screen and (max-width: 767px){.stk-c9b605e .stk-block-card__image{width:100% !important;height:250px !important;}}<\/style><div class=\"stk--no-padding stk-container stk-c9b605e-container stk-hover-parent\"><figure class=\"stk-block-card__image stk-img-wrapper stk-image--shape-stretch\"><img loading=\"lazy\" decoding=\"async\" class=\"stk-img wp-image-15446\" src=\"https:\/\/www.nfu.ca\/wp-content\/uploads\/2022\/04\/Screen-Shot-2022-04-25-at-5.38.36-PM-150x150.png\" width=\"150\" height=\"150\" alt=\"Terran Giacomini\"\/><\/figure><div class=\"stk-container-padding stk-block-card__content\"><div class=\"stk-block-content stk-inner-blocks stk-c9b605e-inner-blocks\">\n<div class=\"wp-block-stackable-heading stk-block-heading stk-block-heading--v2 stk-block stk-2e377a2\" id=\"international-programs-and-special-projects-coordinator-strong-a-href-https-www-nfu-ca-about-nfu-staff-darrin-qualman-head-shot-solar-panels-alt-post-a-strong\" data-block-id=\"2e377a2\"><h4 class=\"stk-block-heading__text\">Coordinateur des programmes internationaux et des projets sp\u00e9ciaux<strong><a href=\"https:\/\/www.nfu.ca\/fr\/a-propos\/personnel-de-lunf\/darrin-qualman-head-shot-solar-panels-alt-post-2\/\"><\/a><\/strong><\/h4><\/div>\n\n\n\n<div class=\"wp-block-stackable-text stk-block-text stk-block stk-2e4dc34\" data-block-id=\"2e4dc34\"><p class=\"stk-block-text__text\"><strong>Terran Giacomini<\/strong> est la coordinatrice des programmes internationaux et des projets sp\u00e9ciaux de l&rsquo;UNF. Elle est issue d&rsquo;une famille irlando-italienne vivant sur les territoires Wendat, Haudenosaunee et Anishinaabe. Membre de longue date de l&rsquo;UNF, Terran poss\u00e8de une vaste exp\u00e9rience de l&rsquo;organisation de la solidarit\u00e9 internationale. Elle s&rsquo;attache \u00e0 soutenir l&rsquo;engagement des membres dans le mouvement de La Via Campesina pour la souverainet\u00e9 alimentaire et dans l&rsquo;organisation de la solidarit\u00e9 qui remet en cause le colonialisme et le racisme dans le syst\u00e8me alimentaire. Terran est titulaire d&rsquo;un doctorat en \u00e9ducation des adultes et en d\u00e9veloppement communautaire. Elle est profond\u00e9ment engag\u00e9e dans une politique lib\u00e9ratoire ancr\u00e9e dans le f\u00e9minisme et l&rsquo;internationalisme. On peut la trouver la plupart du temps en train de marcher dans les bois pr\u00e8s de sa maison familiale, de jardiner et de collaborer au changement social.     <\/p><\/div>\n<\/div><\/div><\/div><\/div>\n\n\n\n<div class=\"wp-block-stackable-card stk-block-card stk-block stk-154954d is-style-horizontal card-conference\" data-v=\"2\" id=\"hakimian\" data-block-id=\"154954d\"><style>.stk-154954d {border-top-left-radius:24px !important;border-top-right-radius:24px !important;border-bottom-right-radius:24px !important;border-bottom-left-radius:24px !important;overflow:hidden !important;}.stk-154954d .stk-block-card__image{width:125px !important;}.stk-154954d .stk-block-card__image img{object-position:50% 49% !important;object-fit:contain !important;}@media screen and (max-width: 767px){.stk-154954d .stk-block-card__image{width:100% !important;height:250px !important;}}<\/style><div class=\"stk--no-padding stk-container stk-154954d-container stk-hover-parent\"><figure class=\"stk-block-card__image stk-img-wrapper stk-image--shape-stretch\"><img loading=\"lazy\" decoding=\"async\" class=\"stk-img wp-image-29217\" src=\"https:\/\/www.nfu.ca\/wp-content\/uploads\/2024\/08\/FINAL-Freelance-Consulting-150x150.png\" width=\"150\" height=\"150\" alt=\"Nasseem Hakimian\" srcset=\"https:\/\/www.nfu.ca\/wp-content\/uploads\/2024\/08\/FINAL-Freelance-Consulting-150x150.png 150w, https:\/\/www.nfu.ca\/wp-content\/uploads\/2024\/08\/FINAL-Freelance-Consulting-300x300.png 300w, https:\/\/www.nfu.ca\/wp-content\/uploads\/2024\/08\/FINAL-Freelance-Consulting-1024x1024.png 1024w, https:\/\/www.nfu.ca\/wp-content\/uploads\/2024\/08\/FINAL-Freelance-Consulting-768x768.png 768w, https:\/\/www.nfu.ca\/wp-content\/uploads\/2024\/08\/FINAL-Freelance-Consulting.png 1080w\" sizes=\"auto, (max-width: 150px) 100vw, 150px\" \/><\/figure><div class=\"stk-container-padding stk-block-card__content\"><div class=\"stk-block-content stk-inner-blocks stk-154954d-inner-blocks\">\n<div class=\"wp-block-stackable-heading stk-block-heading stk-block-heading--v2 stk-block stk-30f3c98\" id=\"co-lead-the-exchange-cultivating-diversity-in-agriculture-strong-a-href-https-www-nfu-ca-about-nfu-staff-darrin-qualman-head-shot-solar-panels-alt-post-a-strong\" data-block-id=\"30f3c98\"><h4 class=\"stk-block-heading__text\">Co-Lead-The Exchange : Cultiver la diversit\u00e9 dans l&rsquo;agriculture<strong><a href=\"https:\/\/www.nfu.ca\/fr\/a-propos\/personnel-de-lunf\/darrin-qualman-head-shot-solar-panels-alt-post-2\/\"><\/a><\/strong><\/h4><\/div>\n\n\n\n<div class=\"wp-block-stackable-text stk-block-text stk-block stk-c6f4800\" data-block-id=\"c6f4800\"><p class=\"stk-block-text__text\"><strong>Nasseem Hakimian<\/strong> est le coresponsable du nouveau programme national de l&rsquo;UNF <em><a href=\"https:\/\/www.nfu.ca\/fr\/lechange\/\" data-type=\"link\" data-id=\"https:\/\/www.nfu.ca\/theexchange\/\">L&rsquo;\u00e9change : Cultiver la diversit\u00e9 dans l&rsquo;agriculture<\/a><\/em> aux c\u00f4t\u00e9s de sa camarade Nadia Bunyan. Nasseem est une organisatrice trilingue bas\u00e9e \u00e0 Montr\u00e9al, au Qu\u00e9bec, et poss\u00e8de une fiche d&rsquo;information sur la production d&rsquo;\u00e9v\u00e9nements et les communications. Depuis 2020, elle pratique l&rsquo;agriculture dans l&rsquo;ensemble de l&rsquo;Ontario et du Qu\u00e9bec, tout en continuant \u00e0 g\u00e9rer des projets locaux dans le domaine de l&rsquo;agriculture et au-del\u00e0.<\/p><\/div>\n<\/div><\/div><\/div><\/div>\n\n\n\n<div class=\"wp-block-stackable-card stk-block-card stk-block stk-2abc1dc is-style-horizontal card-conference\" data-v=\"2\" id=\"bunyan\" data-block-id=\"2abc1dc\"><style>.stk-2abc1dc {border-top-left-radius:24px !important;border-top-right-radius:24px !important;border-bottom-right-radius:24px !important;border-bottom-left-radius:24px !important;overflow:hidden !important;}.stk-2abc1dc .stk-block-card__image{width:125px !important;}.stk-2abc1dc .stk-block-card__image img{object-position:50% 49% !important;object-fit:contain !important;}@media screen and (max-width: 767px){.stk-2abc1dc .stk-block-card__image{width:100% !important;height:250px !important;}}<\/style><div class=\"stk--no-padding stk-container stk-2abc1dc-container stk-hover-parent\"><figure class=\"stk-block-card__image stk-img-wrapper stk-image--shape-stretch\"><img loading=\"lazy\" decoding=\"async\" class=\"stk-img wp-image-31293\" src=\"https:\/\/www.nfu.ca\/wp-content\/uploads\/2024\/10\/NadiaBunyan-Profile-pic-3-150x150.jpg\" width=\"150\" height=\"150\" alt=\"Hannah Kaya\" srcset=\"https:\/\/www.nfu.ca\/wp-content\/uploads\/2024\/10\/NadiaBunyan-Profile-pic-3-150x150.jpg 150w, https:\/\/www.nfu.ca\/wp-content\/uploads\/2024\/10\/NadiaBunyan-Profile-pic-3-768x768.jpg 768w\" sizes=\"auto, (max-width: 150px) 100vw, 150px\" \/><\/figure><div class=\"stk-container-padding stk-block-card__content\"><div class=\"stk-block-content stk-inner-blocks stk-2abc1dc-inner-blocks\">\n<div class=\"wp-block-stackable-heading stk-block-heading stk-block-heading--v2 stk-block stk-34c6c87\" id=\"co-lead-the-exchange-cultivating-diversity-in-agriculture-strong-a-href-https-www-nfu-ca-about-nfu-staff-darrin-qualman-head-shot-solar-panels-alt-post-a-strong\" data-block-id=\"34c6c87\"><h4 class=\"stk-block-heading__text\">Co-Lead-The Exchange : Cultiver la diversit\u00e9 dans l&rsquo;agriculture<strong><a href=\"https:\/\/www.nfu.ca\/fr\/a-propos\/personnel-de-lunf\/darrin-qualman-head-shot-solar-panels-alt-post-2\/\"><\/a><\/strong><\/h4><\/div>\n\n\n\n<div class=\"wp-block-stackable-text stk-block-text stk-block stk-eab859c\" data-block-id=\"eab859c\"><p class=\"stk-block-text__text\"><strong>Nadia Bunyan (elle)<\/strong> est une cr\u00e9atrice de mode en perp\u00e9tuel apprentissage, ce qui l&rsquo;a amen\u00e9e \u00e0 cofonder Growing A.R.C.. Cette association \u00e0 but non lucratif utilise le prisme de l&rsquo;agriculture, de la culture mat\u00e9rielle et des syst\u00e8mes de mode pour explorer et cr\u00e9er des activit\u00e9s bas\u00e9es sur le processus de la ferme \u00e0 l&rsquo;armoire. Elle entamera bient\u00f4t son master afin d&rsquo;\u00e9tudier la durabilit\u00e9 \u00e0 travers le prisme crois\u00e9 de l&rsquo;\u00e9ducation, de l&rsquo;\u00e9conomie et du design. Pour vous connecter, contactez Nadia \u00e0 l&rsquo;adresse bunyan@nfu.ca.   <\/p><\/div>\n<\/div><\/div><\/div><\/div>\n\n\n\n<div class=\"wp-block-stackable-text stk-block-text stk-block stk-acca1c7\" data-block-id=\"acca1c7\"><p class=\"stk-block-text__text\"><em>Le site UNF dispose \u00e9galement de bureaux r\u00e9gionaux dot\u00e9s de personnel \u00e0 <a rel=\"noopener\" target=\"_blank\" href=\"https:\/\/www.nfunb.org\/\">UNF- Nouveau-Brunswick (R\u00e9gion 1, District 2) et<\/a> <a rel=\"noopener\" target=\"_blank\" href=\"https:\/\/nfuontario.ca\/\">UNF- Ontario (R\u00e9gion 2).<\/a> <\/em><\/p><\/div>\n<\/div>\n<\/div><\/div><\/div>\n\n\n\n<div class=\"wp-block-stackable-column stk-block-column stk-column stk-block stk-15d093c\" data-v=\"4\" data-block-id=\"15d093c\"><style>@media screen and (min-width: 768px){.stk-15d093c {flex:var(--stk-flex-grow, 1) 1 calc(33.334% - var(--stk-column-gap, 0px) * 1 \/ 2 ) !important;}}<\/style><div class=\"stk-column-wrapper stk-block-column__content stk-container stk-15d093c-container stk--no-background stk--no-padding\"><div class=\"stk-block-content stk-inner-blocks stk-15d093c-inner-blocks\"><nav class=\"is-vertical no-wrap wp-block-navigation is-nowrap is-layout-flex wp-container-core-navigation-is-layout-947ac36b wp-block-navigation-is-layout-flex\" aria-label=\"About Sidebar Menu\"><ul class=\"wp-block-navigation__container  is-vertical no-wrap wp-block-navigation\"><li class=\" wp-block-navigation-item wp-block-navigation-link\"><a class=\"wp-block-navigation-item__content\"  href=\"https:\/\/www.nfu.ca\/about\/\"><span class=\"wp-block-navigation-item__label\">About the NFU<\/span><\/a><\/li><li class=\" wp-block-navigation-item wp-block-navigation-link\"><a class=\"wp-block-navigation-item__content\"  href=\"https:\/\/www.nfu.ca\/about\/board-of-directors\/\"><span class=\"wp-block-navigation-item__label\">Board of Directors<\/span><\/a><\/li><li class=\" wp-block-navigation-item wp-block-navigation-link\"><a class=\"wp-block-navigation-item__content\"  href=\"https:\/\/www.nfu.ca\/about\/nfu-staff\/\"><span class=\"wp-block-navigation-item__label\">NFU Staff<\/span><\/a><\/li><li class=\" wp-block-navigation-item wp-block-navigation-link\"><a class=\"wp-block-navigation-item__content\"  href=\"https:\/\/www.nfu.ca\/job-opportunities\/\"><span class=\"wp-block-navigation-item__label\">Join our Staff Team<\/span><\/a><\/li><li class=\" wp-block-navigation-item wp-block-navigation-link\"><a class=\"wp-block-navigation-item__content\"  href=\"https:\/\/www.nfu.ca\/about\/nfu-women\/\"><span class=\"wp-block-navigation-item__label\">Women\u2019s Caucus<\/span><\/a><\/li><li class=\" wp-block-navigation-item wp-block-navigation-link\"><a class=\"wp-block-navigation-item__content\"  href=\"https:\/\/www.nfu.ca\/about\/nfu-youth\/\"><span class=\"wp-block-navigation-item__label\">Youth Caucus<\/span><\/a><\/li><li class=\" wp-block-navigation-item wp-block-navigation-link\"><a class=\"wp-block-navigation-item__content\"  href=\"https:\/\/www.nfu.ca\/about\/bipoc-caucus\/\"><span class=\"wp-block-navigation-item__label\">BIPOC Caucus<\/span><\/a><\/li><li class=\" wp-block-navigation-item wp-block-navigation-link\"><a class=\"wp-block-navigation-item__content\"  href=\"https:\/\/www.nfu.ca\/about\/international\/\"><span class=\"wp-block-navigation-item__label\">International Program Committee<\/span><\/a><\/li><li class=\" wp-block-navigation-item wp-block-navigation-link\"><a class=\"wp-block-navigation-item__content\"  href=\"https:\/\/www.nfu.ca\/about\/policy-working-groups\/\"><span class=\"wp-block-navigation-item__label\">Policy Working Groups<\/span><\/a><\/li><li class=\" wp-block-navigation-item wp-block-navigation-link\"><a class=\"wp-block-navigation-item__content\"  href=\"https:\/\/www.nfu.ca\/about\/national-farmers-foundation\/\"><span class=\"wp-block-navigation-item__label\">National Farmers Foundation<\/span><\/a><\/li><li class=\" wp-block-navigation-item wp-block-navigation-link\"><a class=\"wp-block-navigation-item__content\"  href=\"https:\/\/www.nfu.ca\/about\/nfu-constitution-and-bylaws\/\"><span class=\"wp-block-navigation-item__label\">Constitution and Bylaws<\/span><\/a><\/li><li class=\" wp-block-navigation-item wp-block-navigation-link\"><a class=\"wp-block-navigation-item__content\"  href=\"https:\/\/www.nfu.ca\/about\/contact\/\"><span class=\"wp-block-navigation-item__label\">Contact NFU<\/span><\/a><\/li><\/ul><\/nav><\/div><\/div><\/div>\n<\/div><\/div>\n<\/div><\/div><\/div>\n","protected":false},"excerpt":{"rendered":"<p>Le conseil d&rsquo;administration de la Nationale des Fermiers est \u00e9lu chaque ann\u00e9e. Les membres du bureau pr\u00e9sidentiel sont \u00e9lus lors de la convention nationale. Les membres du conseil d&rsquo;administration r\u00e9gional, ainsi que les membres du comit\u00e9 consultatif des femmes et du comit\u00e9 consultatif des jeunes sont \u00e9lus lors de leurs conventions r\u00e9gionales respectives.<\/p>\n","protected":false},"author":3,"featured_media":22764,"parent":26418,"menu_order":2,"comment_status":"closed","ping_status":"closed","template":"tmpl-blocks-contained.php","meta":{"_acf_changed":false,"_tec_requires_first_save":true,"_EventAllDay":false,"_EventTimezone":"","_EventStartDate":"","_EventEndDate":"","_EventStartDateUTC":"","_EventEndDateUTC":"","_EventShowMap":false,"_EventShowMapLink":false,"_EventURL":"","_EventCost":"","_EventCostDescription":"","_EventCurrencySymbol":"","_EventCurrencyCode":"","_EventCurrencyPosition":"","_EventDateTimeSeparator":"","_EventTimeRangeSeparator":"","_EventOrganizerID":[],"_EventVenueID":[],"_OrganizerEmail":"","_OrganizerPhone":"","_OrganizerWebsite":"","_VenueAddress":"","_VenueCity":"","_VenueCountry":"","_VenueProvince":"","_VenueState":"","_VenueZip":"","_VenuePhone":"","_VenueURL":"","_VenueStateProvince":"","_VenueLat":"","_VenueLng":"","_VenueShowMap":false,"_VenueShowMapLink":false,"_tribe_blocks_recurrence_rules":"","_tribe_blocks_recurrence_description":"","_tribe_blocks_recurrence_exclusions":"","_ecp_custom_4":"","_ecp_custom_7":"","_ecp_custom_9":"","_ecp_custom_10":"","_ecp_custom_12":"","_ecp_custom_13":"","footnotes":""},"post_region":[],"post_campaign":[],"class_list":["post-26268","page","type-page","status-publish","has-post-thumbnail","hentry"],"acf":[],"_links":{"self":[{"href":"https:\/\/www.nfu.ca\/fr\/wp-json\/wp\/v2\/pages\/26268","targetHints":{"allow":["GET"]}}],"collection":[{"href":"https:\/\/www.nfu.ca\/fr\/wp-json\/wp\/v2\/pages"}],"about":[{"href":"https:\/\/www.nfu.ca\/fr\/wp-json\/wp\/v2\/types\/page"}],"author":[{"embeddable":true,"href":"https:\/\/www.nfu.ca\/fr\/wp-json\/wp\/v2\/users\/3"}],"replies":[{"embeddable":true,"href":"https:\/\/www.nfu.ca\/fr\/wp-json\/wp\/v2\/comments?post=26268"}],"version-history":[{"count":13,"href":"https:\/\/www.nfu.ca\/fr\/wp-json\/wp\/v2\/pages\/26268\/revisions"}],"predecessor-version":[{"id":45362,"href":"https:\/\/www.nfu.ca\/fr\/wp-json\/wp\/v2\/pages\/26268\/revisions\/45362"}],"up":[{"embeddable":true,"href":"https:\/\/www.nfu.ca\/fr\/wp-json\/wp\/v2\/pages\/26418"}],"wp:featuredmedia":[{"embeddable":true,"href":"https:\/\/www.nfu.ca\/fr\/wp-json\/wp\/v2\/media\/22764"}],"wp:attachment":[{"href":"https:\/\/www.nfu.ca\/fr\/wp-json\/wp\/v2\/media?parent=26268"}],"wp:term":[{"taxonomy":"post_region","embeddable":true,"href":"https:\/\/www.nfu.ca\/fr\/wp-json\/wp\/v2\/post_region?post=26268"},{"taxonomy":"post_campaign","embeddable":true,"href":"https:\/\/www.nfu.ca\/fr\/wp-json\/wp\/v2\/post_campaign?post=26268"}],"curies":[{"name":"wp","href":"https:\/\/api.w.org\/{rel}","templated":true}]}}