
{"id":26248,"date":"2022-02-28T10:42:58","date_gmt":"2022-02-28T16:42:58","guid":{"rendered":"https:\/\/www.nfu.ca\/pandc\/"},"modified":"2026-01-14T10:16:14","modified_gmt":"2026-01-14T16:16:14","slug":"bipoc-caucus","status":"publish","type":"page","link":"https:\/\/www.nfu.ca\/fr\/a-propos\/bipoc-caucus\/","title":{"rendered":"Caucus PANDC"},"content":{"rendered":"\n<header class=\"wp-block-cover alignfull is-light has-custom-content-position is-position-bottom-center banner-top\" id=\"banner-top\"><span aria-hidden=\"true\" class=\"wp-block-cover__background has-background-dim has-background-gradient\" style=\"background-color:#8e8b80;background:linear-gradient(180deg,rgba(0,0,0,0.97) 0%,rgba(0,0,0,0.05) 69%)\"><\/span><img loading=\"lazy\" decoding=\"async\" width=\"1800\" height=\"1364\" src=\"https:\/\/www.nfu.ca\/wp-content\/uploads\/2024\/03\/BIPOC-workshop-group-2023-cropped.jpg\" class=\"wp-block-cover__image-background wp-post-image\" alt=\"Atelier PANDC 2023 (recadr\u00e9)\" data-object-fit=\"cover\" data-object-position=\"48% 39%\" style=\"object-position:48% 39%;\" srcset=\"https:\/\/www.nfu.ca\/wp-content\/uploads\/2024\/03\/BIPOC-workshop-group-2023-cropped.jpg 1800w, https:\/\/www.nfu.ca\/wp-content\/uploads\/2024\/03\/BIPOC-workshop-group-2023-cropped-300x227.jpg 300w, https:\/\/www.nfu.ca\/wp-content\/uploads\/2024\/03\/BIPOC-workshop-group-2023-cropped-1024x776.jpg 1024w, https:\/\/www.nfu.ca\/wp-content\/uploads\/2024\/03\/BIPOC-workshop-group-2023-cropped-768x582.jpg 768w, https:\/\/www.nfu.ca\/wp-content\/uploads\/2024\/03\/BIPOC-workshop-group-2023-cropped-1536x1164.jpg 1536w, https:\/\/www.nfu.ca\/wp-content\/uploads\/2024\/03\/BIPOC-workshop-group-2023-cropped-1600x1212.jpg 1600w\" sizes=\"auto, (max-width: 1800px) 100vw, 1800px\" \/><div class=\"wp-block-cover__inner-container is-layout-flow wp-block-cover-is-layout-flow\">\n<p class=\"has-text-align-center has-large-font-size\"><\/p>\n<\/div><\/header>\n\n<div class=\"wp-block-stackable-hero alignfull stk-block-hero stk-block stk-08fda9e is-style-default\" data-v=\"2\" id=\"content-first\" data-block-id=\"08fda9e\"><style>.stk-08fda9e .stk-block-hero__content{min-height:500px !important;align-items:center !important;display:flex !important;}<\/style><div class=\"stk-block-hero__content stk-content-align stk-08fda9e-column alignwide stk-container stk-08fda9e-container stk--no-background stk--no-padding\"><div class=\"stk-block-content stk-inner-blocks has-text-align-left stk-08fda9e-inner-blocks\"><ol class=\"breadcrumb\"><li><a href=\"https:\/\/www.nfu.ca\/fr\/\">National Farmers Union<\/a><\/li><\/ol>\n\n\n\n<div class=\"wp-block-stackable-heading stk-block-heading stk-block-heading--v2 stk-block stk-6c2c9d1 page-title\" id=\"bipoc-black-indigenous-and-people-of-colour-caucus\" data-block-id=\"6c2c9d1\"><h1 class=\"stk-block-heading__text\">Assembl\u00e9e des Noirs, des Autochtones et des personnes de couleur (PANDC)<\/h1><\/div>\n\n\n\n<div class=\"wp-block-stackable-columns stk-block-columns stk-block stk-1786798\" data-block-id=\"1786798\"><div class=\"stk-row stk-inner-blocks stk-block-content stk-content-align stk-1786798-column\">\n<div class=\"wp-block-stackable-column stk-block-column stk-column stk-block stk-cdf62d9\" data-v=\"4\" data-block-id=\"cdf62d9\"><style>@media screen and (min-width: 768px){.stk-cdf62d9 {flex:var(--stk-flex-grow, 1) 1 calc(66.666% - var(--stk-column-gap, 0px) * 1 \/ 2 ) !important;}}<\/style><div class=\"stk-column-wrapper stk-block-column__content stk-container stk-cdf62d9-container stk--no-background stk--no-padding\"><div class=\"has-text-align-left stk-block-content stk-inner-blocks stk-cdf62d9-inner-blocks\">\n<div class=\"wp-block-stackable-text stk-block-text stk-block stk-09eac1c lead\" data-block-id=\"09eac1c\"><p class=\"stk-block-text__text\">Une communaut\u00e9 de soutien compos\u00e9e de fermi\u00e8res et de fermiers noirs, indig\u00e8nes et d&rsquo;autres personnes de couleur, de travailleurs agricoles et d&rsquo;intendants de la terre qui travaillent ensemble pour offrir un soutien entre pairs, des possibilit\u00e9s de partage des connaissances, un espace pour les personnes PANDC afin de d\u00e9velopper des liens profonds et de d\u00e9manteler les barri\u00e8res \u00e0 l&rsquo;entr\u00e9e et \u00e0 la r\u00e9ussite dans l&rsquo;agriculture, alors que nous travaillons \u00e0 la d\u00e9colonisation et \u00e0 un syst\u00e8me agricole et alimentaire \u00e9quitable.<\/p><\/div>\n\n\n\n<div class=\"wp-block-stackable-image stk-block-image stk-block stk-e584b47\" id=\"who-are-we\" data-block-id=\"e584b47\"><figure><span class=\"stk-img-wrapper stk-image--shape-stretch\"><img loading=\"lazy\" decoding=\"async\" class=\"stk-img wp-image-21123\" src=\"https:\/\/www.nfu.ca\/wp-content\/uploads\/2024\/04\/nfu-bipoc-gathering-cropped-for-banner.jpg\" width=\"1200\" height=\"722\" alt=\"Atelier PANDC 2023 (recadr&#xE9;)\" srcset=\"https:\/\/www.nfu.ca\/wp-content\/uploads\/2024\/04\/nfu-bipoc-gathering-cropped-for-banner.jpg 1200w, https:\/\/www.nfu.ca\/wp-content\/uploads\/2024\/04\/nfu-bipoc-gathering-cropped-for-banner-300x181.jpg 300w, https:\/\/www.nfu.ca\/wp-content\/uploads\/2024\/04\/nfu-bipoc-gathering-cropped-for-banner-1024x616.jpg 1024w, https:\/\/www.nfu.ca\/wp-content\/uploads\/2024\/04\/nfu-bipoc-gathering-cropped-for-banner-768x462.jpg 768w\" sizes=\"auto, (max-width: 1200px) 100vw, 1200px\" \/><\/span><\/figure><\/div>\n\n\n\n<div class=\"wp-block-stackable-heading stk-block-heading stk-block-heading--v2 stk-block stk-8f5f8a4\" id=\"who-are-we\" data-block-id=\"8f5f8a4\"><h4 class=\"stk-block-heading__text\">Qui sommes-nous ?<\/h4><\/div>\n\n\n\n<div class=\"wp-block-stackable-text stk-block-text stk-block stk-716f5af\" data-block-id=\"716f5af\"><p class=\"stk-block-text__text\">La Nationale des Fermiers (UNF) est une organisation agricole progressiste qui s&rsquo;int\u00e9resse \u00e0 tous les aspects de la vie dans les fermes et \u00e0 tous les membres des familles et des coop\u00e9ratives agricoles. Les fermi\u00e8res et fermiers noirs, indig\u00e8nes et de couleur (PANDC) participent activement et sur un pied d&rsquo;\u00e9galit\u00e9 \u00e0 l&rsquo;Union Nationale des Fermi\u00e8res (UNF), en s&rsquo;organisant, en influen\u00e7ant les politiques et en occupant des postes de responsables \u00e9lus.<\/p><\/div>\n\n\n\n<div class=\"wp-block-stackable-text stk-block-text stk-block stk-63c528d\" data-block-id=\"63c528d\"><p class=\"stk-block-text__text\">Nos statuts pr\u00e9voient des postes PANDC \u00e0 tous les niveaux de gouvernance afin de garantir que les perspectives des fermiers, des travailleurs agricoles et des intendants de la terre PANDC soient incluses dans tous les travaux. Le caucus PANDC s&rsquo;efforce d&rsquo;offrir un espace culturellement s\u00fbr aux personnes PANDC afin qu&rsquo;elles puissent exister, contribuer de mani\u00e8re authentique et cr\u00e9er des liens significatifs dans notre qu\u00eate d&rsquo;un avenir avec moins d&rsquo;obstacles \u00e0 la participation \u00e0 l&rsquo;agriculture.<\/p><\/div>\n<\/div><\/div><\/div>\n\n\n\n<div class=\"wp-block-stackable-column stk-block-column stk-column stk-block stk-ea29aa6\" data-v=\"4\" data-block-id=\"ea29aa6\"><style>@media screen and (min-width: 768px){.stk-ea29aa6 {flex:var(--stk-flex-grow, 1) 1 calc(33.334% - var(--stk-column-gap, 0px) * 1 \/ 2 ) !important;}}<\/style><div class=\"stk-column-wrapper stk-block-column__content stk-container stk-ea29aa6-container stk--no-background stk--no-padding\"><div class=\"stk-block-content stk-inner-blocks stk-ea29aa6-inner-blocks\"><nav class=\"is-vertical no-wrap wp-block-navigation is-nowrap is-layout-flex wp-container-core-navigation-is-layout-947ac36b wp-block-navigation-is-layout-flex\" aria-label=\"About Sidebar Menu\"><ul class=\"wp-block-navigation__container  is-vertical no-wrap wp-block-navigation\"><li class=\" wp-block-navigation-item wp-block-navigation-link\"><a class=\"wp-block-navigation-item__content\"  href=\"https:\/\/www.nfu.ca\/about\/\"><span class=\"wp-block-navigation-item__label\">About the NFU<\/span><\/a><\/li><li class=\" wp-block-navigation-item wp-block-navigation-link\"><a class=\"wp-block-navigation-item__content\"  href=\"https:\/\/www.nfu.ca\/about\/board-of-directors\/\"><span class=\"wp-block-navigation-item__label\">Board of Directors<\/span><\/a><\/li><li class=\" wp-block-navigation-item wp-block-navigation-link\"><a class=\"wp-block-navigation-item__content\"  href=\"https:\/\/www.nfu.ca\/about\/nfu-staff\/\"><span class=\"wp-block-navigation-item__label\">NFU Staff<\/span><\/a><\/li><li class=\" wp-block-navigation-item wp-block-navigation-link\"><a class=\"wp-block-navigation-item__content\"  href=\"https:\/\/www.nfu.ca\/job-opportunities\/\"><span class=\"wp-block-navigation-item__label\">Join our Staff Team<\/span><\/a><\/li><li class=\" wp-block-navigation-item wp-block-navigation-link\"><a class=\"wp-block-navigation-item__content\"  href=\"https:\/\/www.nfu.ca\/about\/nfu-women\/\"><span class=\"wp-block-navigation-item__label\">Women\u2019s Caucus<\/span><\/a><\/li><li class=\" wp-block-navigation-item wp-block-navigation-link\"><a class=\"wp-block-navigation-item__content\"  href=\"https:\/\/www.nfu.ca\/about\/nfu-youth\/\"><span class=\"wp-block-navigation-item__label\">Youth Caucus<\/span><\/a><\/li><li class=\" wp-block-navigation-item wp-block-navigation-link\"><a class=\"wp-block-navigation-item__content\"  href=\"https:\/\/www.nfu.ca\/about\/bipoc-caucus\/\"><span class=\"wp-block-navigation-item__label\">BIPOC Caucus<\/span><\/a><\/li><li class=\" wp-block-navigation-item wp-block-navigation-link\"><a class=\"wp-block-navigation-item__content\"  href=\"https:\/\/www.nfu.ca\/about\/international\/\"><span class=\"wp-block-navigation-item__label\">International Program Committee<\/span><\/a><\/li><li class=\" wp-block-navigation-item wp-block-navigation-link\"><a class=\"wp-block-navigation-item__content\"  href=\"https:\/\/www.nfu.ca\/about\/policy-working-groups\/\"><span class=\"wp-block-navigation-item__label\">Policy Working Groups<\/span><\/a><\/li><li class=\" wp-block-navigation-item wp-block-navigation-link\"><a class=\"wp-block-navigation-item__content\"  href=\"https:\/\/www.nfu.ca\/about\/national-farmers-foundation\/\"><span class=\"wp-block-navigation-item__label\">National Farmers Foundation<\/span><\/a><\/li><li class=\" wp-block-navigation-item wp-block-navigation-link\"><a class=\"wp-block-navigation-item__content\"  href=\"https:\/\/www.nfu.ca\/about\/nfu-constitution-and-bylaws\/\"><span class=\"wp-block-navigation-item__label\">Constitution and Bylaws<\/span><\/a><\/li><li class=\" wp-block-navigation-item wp-block-navigation-link\"><a class=\"wp-block-navigation-item__content\"  href=\"https:\/\/www.nfu.ca\/about\/contact\/\"><span class=\"wp-block-navigation-item__label\">Contact NFU<\/span><\/a><\/li><\/ul><\/nav><\/div><\/div><\/div>\n<\/div><\/div>\n<\/div><\/div><\/div>\n\n<div class=\"wp-block-stackable-columns alignfull stk-block-columns stk-block stk-b91133a stk-block-background\" data-block-id=\"b91133a\"><style>.stk-b91133a {background-color:#e1e0d8 !important;margin-top:0px !important;margin-bottom:0px !important;}.stk-b91133a:before{background-color:#e1e0d8 !important;}<\/style><div class=\"stk-row stk-inner-blocks stk-block-content stk-content-align stk-b91133a-column\">\n<div class=\"wp-block-stackable-column stk-block-column stk-column stk-block stk-571c6ef\" data-v=\"4\" data-block-id=\"571c6ef\"><div class=\"stk-column-wrapper stk-block-column__content stk-container stk-571c6ef-container stk--no-background stk--no-padding\"><div class=\"stk-block-content stk-inner-blocks stk-571c6ef-inner-blocks\">\n<div class=\"wp-block-stackable-heading stk-block-heading stk-block-heading--v2 stk-block stk-511ead9\" id=\"board-of-directors\" data-block-id=\"511ead9\"><h2 class=\"stk-block-heading__text has-text-align-center\">Conseil d&rsquo;administration<\/h2><\/div>\n\n\n<div class=\"grid-member-cards grid-members-2\">    \n    <div class=\"nfu-user-card\">\n        <div class=\"user-image\">\n            <img loading=\"lazy\" decoding=\"async\" width=\"150\" height=\"150\" src=\"https:\/\/www.nfu.ca\/wp-content\/uploads\/2025\/04\/ClairePerttula-150x150.png\" class=\"attachment-thumbnail size-thumbnail\" alt=\"Young woman with rainbow visor holding freshly harvested green beans\" srcset=\"https:\/\/www.nfu.ca\/wp-content\/uploads\/2025\/04\/ClairePerttula-150x150.png 150w, https:\/\/www.nfu.ca\/wp-content\/uploads\/2025\/04\/ClairePerttula-300x300.png 300w, https:\/\/www.nfu.ca\/wp-content\/uploads\/2025\/04\/ClairePerttula-1024x1024.png 1024w, https:\/\/www.nfu.ca\/wp-content\/uploads\/2025\/04\/ClairePerttula-768x768.png 768w, https:\/\/www.nfu.ca\/wp-content\/uploads\/2025\/04\/ClairePerttula.png 1080w\" sizes=\"auto, (max-width: 150px) 100vw, 150px\" \/>        <\/div>\n        <div class=\"user-meta\">\n        <h5>Claire Perttula<\/h5>\n        <p class=\"member-role\"><strong>Pr\u00e9sident du PANDC<\/strong><\/p><p class=\"member-location\"><i class=\"bx bxs-map\"><\/i>&nbsp;Toronto, ON<\/p><p class=\"user-card-regions\">        <a class=\"user-card-region\" href=\"https:\/\/www.nfu.ca\/fr\/regions\/region-3-ontario\/\">R\u00e9gion 3 (Ontario)<\/a>\n    <\/p>        <\/div>\n        <div class=\"user-contact\">\n                                            <p><\/p>\n        <\/div>\n\n        <div class=\"user-more-info\">\n            <button type=\"button\" class=\"btn btn-usercard btn-primary\" data-bio=\"Claire Perttula (she\/her) started farming in 2017 and worked on organic vegetable and meat farms in the Kawartha Lakes region of Ontario for several years. Working with cows, chickens, pigs, ducks, and horses, running market booths and helping with CSA drop-offs, Claire really found a love for farming. Currently, she manages a 2-acre community farm in Scarborough, Ontario and coordinates a staff team working on agriculture training programs and food justice projects in the neighbourhood.\nClaire is also passionate about food policy and has a masters degree in public policy, specializing in economic and environmental policy, and is a PhD student at York University researching farmer-led policy and planning frameworks around the farm succession crisis.\n\" data-bs-toggle=\"modal\" data-bs-target=\"#profileModal\" data-name=\"Claire Perttula\" data-img=\"https:\/\/www.nfu.ca\/wp-content\/uploads\/2025\/04\/ClairePerttula-150x150.png\" data-location=\"Toronto, ON\">More Info<\/button>\n        <\/div>\n        \n    <\/div>\n        \n    <div class=\"nfu-user-card\">\n        <div class=\"user-image\">\n            <img loading=\"lazy\" decoding=\"async\" width=\"150\" height=\"150\" src=\"https:\/\/www.nfu.ca\/wp-content\/uploads\/2026\/01\/IMG_4254-150x150.jpeg\" class=\"attachment-thumbnail size-thumbnail\" alt=\"Man standing in front of window, standing beside a poster of a magazine cover with his own face on it\" srcset=\"https:\/\/www.nfu.ca\/wp-content\/uploads\/2026\/01\/IMG_4254-150x150.jpeg 150w, https:\/\/www.nfu.ca\/wp-content\/uploads\/2026\/01\/IMG_4254-768x768.jpeg 768w\" sizes=\"auto, (max-width: 150px) 100vw, 150px\" \/>        <\/div>\n        <div class=\"user-meta\">\n        <h5>Chadwick Lewis<\/h5>\n        <p class=\"member-role\"><strong>Vice-pr\u00e9sident du PANDC<\/strong><\/p><p class=\"user-card-regions\">        <a class=\"user-card-region\" href=\"https:\/\/www.nfu.ca\/fr\/regions\/region-3-ontario\/\">R\u00e9gion 3 (Ontario)<\/a>\n    <\/p>        <\/div>\n        <div class=\"user-contact\">\n                                            <p><\/p>\n        <\/div>\n\n        <div class=\"user-more-info\">\n            <button type=\"button\" class=\"btn btn-usercard btn-primary\" data-bio=\"Chadwick Lewis is farmer of Afro Caribbean descent who has farmed in Ottawa for the past five years. He is originally from the Eastern Caribbean island of Saint Lucia. His first experience with farming was on this island on a farm that belonged to his family which produced bananas, pineapples, citrus crops, avocado, cashew nuts, cocoa, yams, sweet potatoes and many more crops. In addition to balancing the demands of being a farmer Chadwick is also husband and father. He has offered mentorship and employment opportunities to youth from the BIPOC community. As a Black Farmer Chadwick is committed to improving the experience of BIPOC people within the farming space.\n\" data-bs-toggle=\"modal\" data-bs-target=\"#profileModal\" data-name=\"Chadwick Lewis\" data-img=\"https:\/\/www.nfu.ca\/wp-content\/uploads\/2026\/01\/IMG_4254-150x150.jpeg\" data-location=\"\">More Info<\/button>\n        <\/div>\n        \n    <\/div>\n    <\/div><!-- ends member card block --><\/div><\/div><\/div>\n<\/div><\/div>\n\n<div class=\"wp-block-stackable-columns alignfull stk-block-columns stk-block stk-c9620fa stk-block-background\" data-block-id=\"c9620fa\"><style>.stk-c9620fa {background-color:#e1e0d8 !important;margin-top:0px !important;margin-bottom:0px !important;}.stk-c9620fa:before{background-color:#e1e0d8 !important;}<\/style><div class=\"stk-row stk-inner-blocks stk-block-content stk-content-align stk-c9620fa-column alignwide\">\n<div class=\"wp-block-stackable-column stk-block-column stk-column stk-block stk-061230d\" data-v=\"4\" data-block-id=\"061230d\"><div class=\"stk-column-wrapper stk-block-column__content stk-container stk-061230d-container stk--no-background stk--no-padding\"><div class=\"stk-block-content stk-inner-blocks stk-061230d-inner-blocks\">\n<div class=\"wp-block-stackable-heading stk-block-heading stk-block-heading--v2 stk-block stk-21261e9\" id=\"regional-representatives\" data-block-id=\"21261e9\"><h2 class=\"stk-block-heading__text has-text-align-center\">Repr\u00e9sentants r\u00e9gionaux<\/h2><\/div>\n\n\n<div class=\"grid-member-cards grid-members-3\">    \n    <div class=\"nfu-user-card\">\n        <div class=\"user-image\">\n            <img loading=\"lazy\" decoding=\"async\" width=\"150\" height=\"150\" src=\"https:\/\/www.nfu.ca\/wp-content\/uploads\/2023\/02\/309005079_480674137427413_5858950604615426821_n-1-150x150.jpg\" class=\"attachment-thumbnail size-thumbnail\" alt=\"\" \/>        <\/div>\n        <div class=\"user-meta\">\n        <h5>Data Brainanta<\/h5>\n        <p class=\"user-card-regions\">        <a class=\"user-card-region\" href=\"https:\/\/www.nfu.ca\/fr\/regions\/region-1\/nouveau-brunswick\/\">R\u00e9gion 1 (Atlantique) &#8211; District 2 (Nouveau-Brunswick)<\/a>\n    <\/p>        <\/div>\n        <div class=\"user-contact\">\n                                            <p><\/p>\n        <\/div>\n\n        <div class=\"user-more-info\">\n            <button type=\"button\" class=\"btn btn-usercard btn-primary\" data-bio=\"Data is a landed immigrant from Indonesia who has lived in Canada intermittently for more than a decade. Having accessed CERB money in 2020, he was able to shift his attention and energy to learn temperate climate human scale farming and permaculture. Following his learnings, Data and his friends started a food garden cooperative with a mission of working with the community in a peace and friendship spirit to nurture a decolonised relationship to the land.\n\" data-bs-toggle=\"modal\" data-bs-target=\"#profileModal\" data-name=\"Data Brainanta\" data-img=\"https:\/\/www.nfu.ca\/wp-content\/uploads\/2023\/02\/309005079_480674137427413_5858950604615426821_n-1-150x150.jpg\" data-location=\"\">More Info<\/button>\n        <\/div>\n        \n    <\/div>\n        \n    <div class=\"nfu-user-card\">\n        <div class=\"user-image\">\n            <img loading=\"lazy\" decoding=\"async\" width=\"150\" height=\"150\" src=\"https:\/\/www.nfu.ca\/wp-content\/uploads\/2022\/04\/Orlando_rc-150x150.jpeg\" class=\"attachment-thumbnail size-thumbnail\" alt=\"\" srcset=\"https:\/\/www.nfu.ca\/wp-content\/uploads\/2022\/04\/Orlando_rc-150x150.jpeg 150w, https:\/\/www.nfu.ca\/wp-content\/uploads\/2022\/04\/Orlando_rc.jpeg 300w\" sizes=\"auto, (max-width: 150px) 100vw, 150px\" \/>        <\/div>\n        <div class=\"user-meta\">\n        <h5>Orlando G\u00f3mez<\/h5>\n        <p class=\"user-card-regions\">        <a class=\"user-card-region\" href=\"https:\/\/www.nfu.ca\/fr\/regions\/region-3-ontario\/\">R\u00e9gion 3 (Ontario)<\/a>\n    <\/p>        <\/div>\n        <div class=\"user-contact\">\n                                            <p><\/p>\n        <\/div>\n\n        <div class=\"user-more-info\">\n            <button type=\"button\" class=\"btn btn-usercard btn-primary\" data-bio=\"Orlando oversees FoodShare\u2019s food growing projects across the city \u2013 turning under utilized schoolyards, hydro corridors, and parks into vibrant and productive urban farms and community gardens. Orlando is passionate about food justice, and community leadership, and provides lots of resources and support for communities to design, implement, and run their own growing and composting projects.\u00a0He is a trained agronomist with an incredible depth of knowledge in all aspects of growing food.\n\" data-bs-toggle=\"modal\" data-bs-target=\"#profileModal\" data-name=\"Orlando G\u00f3mez\" data-img=\"https:\/\/www.nfu.ca\/wp-content\/uploads\/2022\/04\/Orlando_rc-150x150.jpeg\" data-location=\"\">More Info<\/button>\n        <\/div>\n        \n    <\/div>\n        \n    <div class=\"nfu-user-card\">\n        <div class=\"user-image\">\n            <img loading=\"lazy\" decoding=\"async\" width=\"150\" height=\"150\" src=\"https:\/\/www.nfu.ca\/wp-content\/uploads\/2023\/02\/Untitled-design-6-150x150.png\" class=\"attachment-thumbnail size-thumbnail\" alt=\"\" srcset=\"https:\/\/www.nfu.ca\/wp-content\/uploads\/2023\/02\/Untitled-design-6-150x150.png 150w, https:\/\/www.nfu.ca\/wp-content\/uploads\/2023\/02\/Untitled-design-6-300x300.png 300w, https:\/\/www.nfu.ca\/wp-content\/uploads\/2023\/02\/Untitled-design-6-1024x1024.png 1024w, https:\/\/www.nfu.ca\/wp-content\/uploads\/2023\/02\/Untitled-design-6-768x768.png 768w, https:\/\/www.nfu.ca\/wp-content\/uploads\/2023\/02\/Untitled-design-6.png 1080w\" sizes=\"auto, (max-width: 150px) 100vw, 150px\" \/>        <\/div>\n        <div class=\"user-meta\">\n        <h5>Jordan River<\/h5>\n        <p class=\"member-location\"><i class=\"bx bxs-map\"><\/i>&nbsp;Borden, SK<\/p><p class=\"user-card-regions\">        <a class=\"user-card-region\" href=\"https:\/\/www.nfu.ca\/fr\/regions\/region-6-saskatchewan\/\">R\u00e9gion 6 (Saskatchewan)<\/a>\n    <\/p>        <\/div>\n        <div class=\"user-contact\">\n                                            <p><\/p>\n        <\/div>\n\n        <div class=\"user-more-info\">\n            <button type=\"button\" class=\"btn btn-usercard btn-primary\" data-bio=\"Jordan River is the NFU BIPOC President.\n\" data-bs-toggle=\"modal\" data-bs-target=\"#profileModal\" data-name=\"Jordan River\" data-img=\"https:\/\/www.nfu.ca\/wp-content\/uploads\/2023\/02\/Untitled-design-6-150x150.png\" data-location=\"Borden, SK\">More Info<\/button>\n        <\/div>\n        \n    <\/div>\n    <\/div><!-- ends member card block --><\/div><\/div><\/div>\n<\/div><\/div>\n\n<div class=\"wp-block-stackable-columns alignfull stk-block-columns stk-block stk-3d71846 stk-block-background bg-dark\" data-block-id=\"3d71846\"><style>.stk-3d71846 {background-color:#3c150b !important;margin-top:0px !important;margin-bottom:0px !important;}.stk-3d71846:before{background-color:#3c150b !important;}<\/style><div class=\"stk-row stk-inner-blocks stk-block-content stk-content-align stk-3d71846-column\">\n<div class=\"wp-block-stackable-column stk-block-column stk-column stk-block stk-7616c7b\" data-v=\"4\" data-block-id=\"7616c7b\"><div class=\"stk-column-wrapper stk-block-column__content stk-container stk-7616c7b-container stk--no-background stk--no-padding\"><div class=\"stk-block-content stk-inner-blocks stk-7616c7b-inner-blocks\">\n<div class=\"wp-block-stackable-heading stk-block-heading stk-block-heading--v2 stk-block stk-74d1997\" id=\"where-we-came-from-our-history\" data-block-id=\"74d1997\"><style>.stk-74d1997 .stk-block-heading__text{color:#ffffff !important;}<\/style><h2 class=\"stk-block-heading__text has-text-color has-text-align-center\">D&rsquo;o\u00f9 nous venons \/ notre histoire<\/h2><\/div>\n\n\n\n<div class=\"wp-block-stackable-image stk-block-image stk-block stk-b3ffabe\" data-block-id=\"b3ffabe\"><style>.stk-b3ffabe .stk-img-wrapper img{border-radius:24px !important;}<\/style><figure><span class=\"stk-img-wrapper stk-image--shape-stretch\"><img loading=\"lazy\" decoding=\"async\" class=\"stk-img wp-image-21131\" src=\"https:\/\/www.nfu.ca\/wp-content\/uploads\/2024\/04\/BIPOC-Caucus-2022-Convention.jpg\" width=\"1800\" height=\"1350\" alt=\"Convention 2022 du PANDC\" srcset=\"https:\/\/www.nfu.ca\/wp-content\/uploads\/2024\/04\/BIPOC-Caucus-2022-Convention.jpg 1800w, https:\/\/www.nfu.ca\/wp-content\/uploads\/2024\/04\/BIPOC-Caucus-2022-Convention-300x225.jpg 300w, https:\/\/www.nfu.ca\/wp-content\/uploads\/2024\/04\/BIPOC-Caucus-2022-Convention-1024x768.jpg 1024w, https:\/\/www.nfu.ca\/wp-content\/uploads\/2024\/04\/BIPOC-Caucus-2022-Convention-768x576.jpg 768w, https:\/\/www.nfu.ca\/wp-content\/uploads\/2024\/04\/BIPOC-Caucus-2022-Convention-1536x1152.jpg 1536w, https:\/\/www.nfu.ca\/wp-content\/uploads\/2024\/04\/BIPOC-Caucus-2022-Convention-1600x1200.jpg 1600w\" sizes=\"auto, (max-width: 1800px) 100vw, 1800px\" \/><\/span><\/figure><\/div>\n\n\n\n<div class=\"wp-block-stackable-columns stk-block-columns stk-block stk-e1b052e\" data-block-id=\"e1b052e\"><div class=\"stk-row stk-inner-blocks stk-block-content stk-content-align stk-e1b052e-column\">\n<div class=\"wp-block-stackable-column stk-block-column stk-column stk-block stk-56dec97\" data-v=\"4\" data-block-id=\"56dec97\"><div class=\"stk-column-wrapper stk-block-column__content stk-container stk-56dec97-container stk--no-background stk--no-padding\"><div class=\"stk-block-content stk-inner-blocks stk-56dec97-inner-blocks\">\n<p class=\"has-white-color has-text-color has-link-color has-medium-font-size wp-elements-03eb25ac843f85bd3ec320299a503df1\">Le PANDC Caucus a vu le jour en 2020 en tant que groupe de travail compos\u00e9 de fermi\u00e8res et fermiers racis\u00e9s, de travailleuses et travailleurs agricoles et de gestionnaires des terres d&rsquo;un oc\u00e9an \u00e0 l&rsquo;autre, qui se sont organis\u00e9s pour apporter une reconnaissance officielle aux voix du PANDC au sein de la Nationale Fermi\u00e8res. Cette mission s&rsquo;est concr\u00e9tis\u00e9e, en partie, lors de la convention annuelle de l&rsquo;UNF de 2021 avec l&rsquo;adoption d&rsquo;un amendement constitutionnel cr\u00e9ant le Caucus.<\/p>\n\n\n\n<p><span id=\"docs-internal-guid-b9984f63-7fff-af85-d568-d6940fa5cb3b\"><p dir=\"ltr\" style=\"line-height:1.2;margin-top:0pt;margin-bottom:0pt;\"><\/p><div><span style=\"font-size: 11pt; font-family: Arial, sans-serif; color: rgb(0, 0, 0); background-color: transparent; font-variant-numeric: normal; font-variant-east-asian: normal; font-variant-alternates: normal; font-variant-position: normal; vertical-align: baseline;\"><\/span><\/div><\/span><\/p>\n<\/div><\/div><\/div>\n\n\n\n<div class=\"wp-block-stackable-column stk-block-column stk-column stk-block stk-020976e\" data-v=\"4\" data-block-id=\"020976e\"><div class=\"stk-column-wrapper stk-block-column__content stk-container stk-020976e-container stk--no-background stk--no-padding\"><div class=\"stk-block-content stk-inner-blocks stk-020976e-inner-blocks\">\n<p class=\"has-white-color has-text-color has-link-color wp-elements-e1453242c7762b41cbe71caf8455906d\">Cr\u00e9ation du caucus PANDC :<\/p>\n\n\n\n<ol class=\"wp-block-list\">\n<li>deux postes pour les fermiers PANDC au sein du conseil d&rsquo;administration de l&rsquo;UNF : le pr\u00e9sident et le vice-pr\u00e9sident du caucus ;<\/li>\n\n\n\n<li>au moins un si\u00e8ge au conseil d&rsquo;administration de l&rsquo;ex\u00e9cutif national, et ;<\/li>\n\n\n\n<li>au moins un si\u00e8ge dans chacun des huit conseils r\u00e9gionaux de l&rsquo;UNF.<\/li>\n<\/ol>\n\n\n\n<p class=\"has-white-color has-text-color has-link-color wp-elements-724f8b9a0a61cff199b0247d277fc6f3\">Ainsi, nous garantissons que les voix des fermi\u00e8res et des travailleurs agricoles PANDC sont centr\u00e9es et repr\u00e9sent\u00e9es au niveau national et r\u00e9gional.<\/p>\n<\/div><\/div><\/div>\n<\/div><\/div>\n<\/div><\/div><\/div>\n<\/div><\/div>\n\n<div class=\"wp-block-stackable-columns alignfull stk-block-columns stk-block stk-6ea22b9 stk-block-background bg-dark\" data-block-id=\"6ea22b9\"><style>.stk-6ea22b9 {background-color:#15540E !important;margin-top:0px !important;margin-bottom:0px !important;}.stk-6ea22b9:before{background-color:#15540E !important;}<\/style><div class=\"stk-row stk-inner-blocks stk-block-content stk-content-align stk-6ea22b9-column\">\n<div class=\"wp-block-stackable-column stk-block-column stk-column stk-block stk-314bd86\" data-v=\"4\" data-block-id=\"314bd86\"><div class=\"stk-column-wrapper stk-block-column__content stk-container stk-314bd86-container stk--no-background stk--no-padding\"><div class=\"stk-block-content stk-inner-blocks stk-314bd86-inner-blocks\">\n<div class=\"wp-block-stackable-heading stk-block-heading stk-block-heading--v2 stk-block stk-60b01d9\" id=\"our-vision\" data-block-id=\"60b01d9\"><style>.stk-60b01d9 .stk-block-heading__text{color:#ffffff !important;}<\/style><h2 class=\"stk-block-heading__text has-text-color\">Notre vision<\/h2><\/div>\n\n\n\n<div class=\"wp-block-media-text is-stacked-on-mobile\" style=\"grid-template-columns:33% auto\"><figure class=\"wp-block-media-text__media\"><img loading=\"lazy\" decoding=\"async\" width=\"940\" height=\"788\" src=\"https:\/\/www.nfu.ca\/wp-content\/uploads\/2024\/04\/BIPOC-NB-Event-2023.jpg\" alt=\"PANDC NB Event 2023\" class=\"wp-image-21134 size-full\" srcset=\"https:\/\/www.nfu.ca\/wp-content\/uploads\/2024\/04\/BIPOC-NB-Event-2023.jpg 940w, https:\/\/www.nfu.ca\/wp-content\/uploads\/2024\/04\/BIPOC-NB-Event-2023-300x251.jpg 300w, https:\/\/www.nfu.ca\/wp-content\/uploads\/2024\/04\/BIPOC-NB-Event-2023-768x644.jpg 768w\" sizes=\"auto, (max-width: 940px) 100vw, 940px\" \/><\/figure><div class=\"wp-block-media-text__content\">\n<p class=\"has-white-color has-text-color has-link-color has-medium-font-size wp-elements-a87729dea982f06c5866c74af4fe35ab\">Le PANDC Caucus envisage un avenir avec un r\u00e9seau bien soutenu de fermi\u00e8res, de cultivateurs et de mangeurs qui sont noirs, indig\u00e8nes et\/ou de couleur. Le Caucus a pour objectif d&rsquo;identifier, de r\u00e9duire et finalement d&rsquo;\u00e9liminer les obstacles qui emp\u00eachent les fermi\u00e8res racialis\u00e9es d&rsquo;acc\u00e9der \u00e0 la terre, au capital et aux connaissances, et de d\u00e9velopper des exploitations agricoles durables. En privil\u00e9giant et en pratiquant des approches d\u00e9coloniales de l&rsquo;agriculture, de la gestion des terres et des relations avec la terre et les autres, nous croyons qu&rsquo;ensemble nous pouvons construire un syst\u00e8me agricole et alimentaire \u00e9quitable pour tous.<\/p>\n<\/div><\/div>\n<\/div><\/div><\/div>\n<\/div><\/div>\n\n<div class=\"wp-block-stackable-columns alignfull stk-block-columns stk-block stk-faa5ed3 stk-block-background bg-dark\" data-block-id=\"faa5ed3\"><style>.stk-faa5ed3 {background-color:#348741 !important;margin-top:0px !important;margin-bottom:0px !important;}.stk-faa5ed3:before{background-color:#348741 !important;}<\/style><div class=\"stk-row stk-inner-blocks stk-block-content stk-content-align stk-faa5ed3-column\">\n<div class=\"wp-block-stackable-column stk-block-column stk-column stk-block stk-fdd3f0b\" data-v=\"4\" data-block-id=\"fdd3f0b\"><div class=\"stk-column-wrapper stk-block-column__content stk-container stk-fdd3f0b-container stk--no-background stk--no-padding\"><div class=\"stk-block-content stk-inner-blocks stk-fdd3f0b-inner-blocks\">\n<div class=\"wp-block-stackable-heading stk-block-heading stk-block-heading--v2 stk-block stk-0b374a5\" id=\"working-towards-change\" data-block-id=\"0b374a5\"><style>.stk-0b374a5 .stk-block-heading__text{color:#ffffff !important;}<\/style><h2 class=\"stk-block-heading__text has-text-color\">Travailler pour le changement<\/h2><\/div>\n\n\n\n<p class=\"has-white-color has-text-color has-link-color has-medium-font-size wp-elements-48f33f2d297325206b136e8476890df3\">L&rsquo;\u00e9tablissement de relations, le partage de connaissances et l&rsquo;organisation politique se sont d\u00e9roul\u00e9s au cours d&rsquo;une s\u00e9rie de rassemblements de PANDC organis\u00e9s \u00e0 l&rsquo;\u00e9chelle nationale et locale dans tout le pays entre 2022 et 2023.<\/p>\n\n\n\n<div class=\"wp-block-media-text has-media-on-the-right is-stacked-on-mobile\" style=\"grid-template-columns:auto 33%\"><div class=\"wp-block-media-text__content\">\n<p class=\"has-white-color has-text-color has-link-color wp-elements-7afda0433fab6e3ba87b2622c3819beb\">Les participants ont appr\u00e9ci\u00e9 les ateliers qui leur ont permis d&rsquo;acqu\u00e9rir une formation pratique en agronomie et d&rsquo;entrer v\u00e9ritablement en contact avec une communaut\u00e9 de cultivateurs de PANDC et d&rsquo;aspirants \u00e0 la gestion des terres. Reconnaissant la n\u00e9cessit\u00e9 d&rsquo;une formation technique dispens\u00e9e par des producteurs de PANDC pour des producteurs de PANDC, le caucus a organis\u00e9 des \u00e9v\u00e9nements dans tout le pays, notamment des ateliers pratiques en Ontario, en Saskatchewan, au Nouveau-Brunswick et en Colombie-Britannique. Ces rencontres ont permis aux fermi\u00e8res organisatrices de s&rsquo;\u00e9manciper et de nouer des amiti\u00e9s durables, tout en offrant un espace pour approfondir les d\u00e9fis, les exp\u00e9riences v\u00e9cues, les r\u00e9ussites et d&rsquo;autres liens autour de la nourriture. Gr\u00e2ce \u00e0 ces initiatives, le PANDC Caucus nourrit la communaut\u00e9, les nouvelles adh\u00e9sions \u00e0 l&rsquo;UNF et l&rsquo;expertise \u00e0 l&rsquo;\u00e9chelle nationale.<\/p>\n<\/div><figure class=\"wp-block-media-text__media\"><img loading=\"lazy\" decoding=\"async\" width=\"1024\" height=\"683\" src=\"https:\/\/www.nfu.ca\/wp-content\/uploads\/2024\/04\/BIPOC-Workshop-Pfenning-Farms-ON-2-1024x683.jpg\" alt=\"Atelier PANDC, Fermes Pfenning\" class=\"wp-image-21135 size-full\" srcset=\"https:\/\/www.nfu.ca\/wp-content\/uploads\/2024\/04\/BIPOC-Workshop-Pfenning-Farms-ON-2-1024x683.jpg 1024w, https:\/\/www.nfu.ca\/wp-content\/uploads\/2024\/04\/BIPOC-Workshop-Pfenning-Farms-ON-2-300x200.jpg 300w, https:\/\/www.nfu.ca\/wp-content\/uploads\/2024\/04\/BIPOC-Workshop-Pfenning-Farms-ON-2-768x512.jpg 768w, https:\/\/www.nfu.ca\/wp-content\/uploads\/2024\/04\/BIPOC-Workshop-Pfenning-Farms-ON-2-1536x1024.jpg 1536w, https:\/\/www.nfu.ca\/wp-content\/uploads\/2024\/04\/BIPOC-Workshop-Pfenning-Farms-ON-2-scaled.jpg 1800w, https:\/\/www.nfu.ca\/wp-content\/uploads\/2024\/04\/BIPOC-Workshop-Pfenning-Farms-ON-2-1600x1067.jpg 1600w\" sizes=\"auto, (max-width: 1024px) 100vw, 1024px\" \/><\/figure><\/div>\n\n\n\n<p class=\"has-white-color has-text-color has-link-color wp-elements-26544f2a2872544e84cf3765fc5a73b8\">En tant que caucus relativement nouveau, nous continuons \u00e0 nous concentrer sur le travail relationnel par le biais d&rsquo;\u00e9v\u00e9nements de narration, d&rsquo;initiatives de colis de soins, et de rassemblements pour se conna\u00eetre profond\u00e9ment, tout en travaillant simultan\u00e9ment \u00e0 l&rsquo;\u00e9limination des barri\u00e8res rencontr\u00e9es par les membres du caucus par le biais d&rsquo;initiatives telles que notre Fonds d&rsquo;apprentissage o\u00f9 nous avons lanc\u00e9 de petites subventions accessibles pour soutenir l&rsquo;acc\u00e8s des membres \u00e0 l&rsquo;acquisition de connaissances.<\/p>\n<\/div><\/div><\/div>\n<\/div><\/div>\n\n<div class=\"wp-block-stackable-columns alignfull stk-block-columns stk-block stk-0a99e47 stk-block-background\" data-block-id=\"0a99e47\"><style>.stk-0a99e47 {background-color:#faf9f0 !important;margin-top:0px !important;margin-bottom:0px !important;}.stk-0a99e47:before{background-color:#faf9f0 !important;}<\/style><div class=\"stk-row stk-inner-blocks stk-block-content stk-content-align stk-0a99e47-column\">\n<div class=\"wp-block-stackable-column stk-block-column stk-column stk-block stk-4f9f54c\" data-v=\"4\" data-block-id=\"4f9f54c\"><div class=\"stk-column-wrapper stk-block-column__content stk-container stk-4f9f54c-container stk--no-background stk--no-padding\"><div class=\"stk-block-content stk-inner-blocks stk-4f9f54c-inner-blocks\">\n<div class=\"wp-block-stackable-heading stk-block-heading stk-block-heading--v2 stk-block stk-73db88a\" id=\"bipoc-events\" data-block-id=\"73db88a\"><h2 class=\"stk-block-heading__text has-text-align-center\">\u00c9v\u00e9nements PANDC<\/h2><\/div>\n\n\n\n<p>Le Caucus PANDC de l&rsquo;UNF se r\u00e9unit mensuellement en ligne via zoom pour se connecter et \u00e9laborer des strat\u00e9gies avec des fermi\u00e8res, des travailleurs agricoles et des gestionnaires de terres PANDC de tout le pays. En plus de nos r\u00e9unions mensuelles r\u00e9guli\u00e8res, nous visons \u00e0 faciliter et \u00e0 organiser des rassemblements locaux.<\/p>\n\n\n\n<p>Consultez le <a href=\"https:\/\/www.nfu.ca\/events\">calendrier des \u00e9v\u00e9nements de l&rsquo;UNF<\/a> pour trouver les \u00e9v\u00e9nements du caucus PANDC pr\u00e8s de chez vous ou impliquez-vous dans le caucus pour apprendre, participer et planifier les \u00e9v\u00e9nements futurs !<\/p>\n<\/div><\/div><\/div>\n<\/div><\/div>\n\n<div class=\"wp-block-stackable-columns alignfull stk-block-columns stk-block stk-23bbc5d stk-block-background\" data-block-id=\"23bbc5d\"><style>.stk-23bbc5d {background-color:#fffdba !important;margin-top:0px !important;margin-bottom:24px !important;}.stk-23bbc5d:before{background-color:#fffdba !important;}<\/style><div class=\"stk-row stk-inner-blocks stk-block-content stk-content-align stk-23bbc5d-column\">\n<div class=\"wp-block-stackable-column stk-block-column stk-column stk-block stk-013e25c\" data-v=\"4\" data-block-id=\"013e25c\"><div class=\"stk-column-wrapper stk-block-column__content stk-container stk-013e25c-container stk--no-background stk--no-padding\"><div class=\"stk-block-content stk-inner-blocks stk-013e25c-inner-blocks\">\n<div class=\"wp-block-stackable-heading stk-block-heading stk-block-heading--v2 stk-block stk-c999920\" id=\"interested-in-getting-involved\" data-block-id=\"c999920\"><h2 class=\"stk-block-heading__text has-text-align-center\">Vous souhaitez vous impliquer ?<\/h2><\/div>\n\n\n\n<div class=\"wp-block-columns is-layout-flex wp-container-core-columns-is-layout-9d6595d7 wp-block-columns-is-layout-flex\">\n<div class=\"wp-block-column is-layout-flow wp-block-column-is-layout-flow\">\n<div class=\"wp-block-stackable-heading stk-block-heading stk-block-heading--v2 stk-block stk-c818740\" id=\"membership-criteria\" data-block-id=\"c818740\"><h4 class=\"stk-block-heading__text has-text-align-center\">Crit\u00e8res d&rsquo;adh\u00e9sion<\/h4><\/div>\n\n\n\n<p>Pour faire partie du Caucus PANDC de l&rsquo;UNF, vous devez \u00eatre PANDC, et nous vous encourageons \u00e0 <a href=\"https:\/\/www.nfu.ca\/fr\/adherez\/\">\u00eatre membre de l&rsquo;UNF<\/a>, si vous ne l&rsquo;\u00eates pas d\u00e9j\u00e0.<\/p>\n<\/div>\n\n\n\n<div class=\"wp-block-column is-layout-flow wp-block-column-is-layout-flow\">\n<div class=\"wp-block-stackable-heading stk-block-heading stk-block-heading--v2 stk-block stk-b9bc571\" id=\"ways-to-participate\" data-block-id=\"b9bc571\"><h4 class=\"stk-block-heading__text has-text-align-center\">Fa\u00e7ons de participer<\/h4><\/div>\n\n\n\n<p>Les fermiers, les travailleurs agricoles et les gestionnaires des terres du PANDC peuvent s&rsquo;inscrire au groupe Google du caucus du PANDC pour recevoir toutes les nouvelles du caucus et les invitations \u00e0 s&rsquo;impliquer. Vous \u00eates encourag\u00e9 \u00e0 participer aux r\u00e9unions mensuelles et \u00e0 contribuer \u00e0 la direction de notre travail collectif, dans la mesure o\u00f9 les capacit\u00e9s le permettent. Contactez <a href=\"mailto:koon@nfu.ca\">claireperttula@gmail.com<\/a> pour prendre contact.<\/p>\n<\/div>\n<\/div>\n<\/div><\/div><\/div>\n<\/div><\/div>\n\n<div class=\"wp-block-stackable-columns stk-block-columns stk-block stk-2dc8372\" data-block-id=\"2dc8372\"><style>.stk-2dc8372-column{max-width:1170px !important;min-width:auto !important;}<\/style><div class=\"stk-row stk-inner-blocks stk-block-content stk-content-align stk-2dc8372-column\">\n<div class=\"wp-block-stackable-column stk-block-column stk-column stk-block stk-38cee6b stk-block-background\" data-v=\"4\" data-block-id=\"38cee6b\"><style>.stk-38cee6b {background-color:#e7dfcc !important;border-top-left-radius:24px !important;border-top-right-radius:24px !important;border-bottom-right-radius:24px !important;border-bottom-left-radius:24px !important;overflow:hidden !important;}.stk-38cee6b:before{background-color:#e7dfcc !important;}<\/style><div class=\"stk-column-wrapper stk-block-column__content stk-container stk-38cee6b-container stk--no-background stk--no-padding\"><div class=\"stk-block-content stk-inner-blocks stk-38cee6b-inner-blocks\">\n<div class=\"wp-block-stackable-columns stk-block-columns stk-block stk-397bc2c\" data-block-id=\"397bc2c\"><div class=\"stk-row stk-inner-blocks stk-block-content stk-content-align stk-397bc2c-column\">\n<div class=\"wp-block-stackable-column stk-block-column stk-column stk-block stk-c4faff9\" data-v=\"4\" data-block-id=\"c4faff9\"><style>@media screen and (min-width: 768px){.stk-c4faff9 {flex:var(--stk-flex-grow, 1) 1 66.7% !important;}}<\/style><div class=\"stk-column-wrapper stk-block-column__content stk-container stk-c4faff9-container stk--no-background stk--no-padding\"><div class=\"stk-block-content stk-inner-blocks stk-c4faff9-inner-blocks\">\n<div class=\"wp-block-stackable-heading stk-block-heading stk-block-heading--v2 stk-block stk-e57dcd4\" id=\"nfu-bipoc-updates\" data-block-id=\"e57dcd4\"><h3 class=\"stk-block-heading__text\">Mise \u00e0 jour du PANDC de l&rsquo;UNF<\/h3><\/div>\n<\/div><\/div><\/div>\n\n\n\n<div class=\"wp-block-stackable-column stk-block-column stk-column stk-block stk-5c71efa\" data-v=\"4\" data-block-id=\"5c71efa\"><style>@media screen and (min-width: 768px){.stk-5c71efa {flex:var(--stk-flex-grow, 1) 1 33.3% !important;}}<\/style><div class=\"stk-column-wrapper stk-block-column__content stk-container stk-5c71efa-container stk--no-background stk--no-padding\"><div class=\"has-text-align-right stk-block-content stk-inner-blocks stk-5c71efa-inner-blocks\">\n<div class=\"wp-block-stackable-button-group stk-block-button-group stk-block stk-860a180\" data-block-id=\"860a180\"><div class=\"stk-row stk-inner-blocks stk-block-content stk-button-group\">\n<div class=\"wp-block-stackable-button stk-block-button stk-block stk-77c75ee\" data-block-id=\"77c75ee\"><style>.stk-77c75ee .stk-button{background:#212529 !important;border-top-left-radius:24px !important;border-top-right-radius:24px !important;border-bottom-right-radius:24px !important;border-bottom-left-radius:24px !important;}.stk-77c75ee .stk-button:before{border-color:#28a745 !important;}.stk-77c75ee .stk-button .stk--inner-svg svg:last-child, .stk-77c75ee .stk-button .stk--inner-svg svg:last-child :is(g, path, rect, polygon, ellipse){fill:#fff !important;}.stk-77c75ee .stk-button__inner-text{color:#ffffff !important;}<\/style><a class=\"stk-link stk-button stk--hover-effect-darken\" href=\"https:\/\/www.nfu.ca\/fr\/sujet\/pande-bipoc\/\"><span class=\"has-text-color stk-button__inner-text\">En savoir plus<\/span><span class=\"stk--svg-wrapper\"><div class=\"stk--inner-svg\"><svg aria-hidden=\"true\" focusable=\"false\" data-prefix=\"fas\" data-icon=\"arrow-right\" class=\"svg-inline--fa fa-arrow-right fa-w-14\" xmlns=\"http:\/\/www.w3.org\/2000\/svg\" viewbox=\"0 0 448 512\" width=\"32\" height=\"32\"><path fill=\"currentColor\" d=\"M190.5 66.9l22.2-22.2c9.4-9.4 24.6-9.4 33.9 0L441 239c9.4 9.4 9.4 24.6 0 33.9L246.6 467.3c-9.4 9.4-24.6 9.4-33.9 0l-22.2-22.2c-9.5-9.5-9.3-25 .4-34.3L311.4 296H24c-13.3 0-24-10.7-24-24v-32c0-13.3 10.7-24 24-24h287.4L190.9 101.2c-9.8-9.3-10-24.8-.4-34.3z\"><\/path><\/svg><\/div><\/span><\/a><\/div>\n<\/div><\/div>\n<\/div><\/div><\/div>\n<\/div><\/div>\n\n\n\n<div class=\"wp-block-query is-layout-flow wp-block-query-is-layout-flow\"><ul class=\"columns-4 wp-block-post-template is-layout-grid wp-container-core-post-template-is-layout-b954fd2f wp-block-post-template-is-layout-grid\"><li class=\"wp-block-post post-51700 post type-post status-publish format-standard has-post-thumbnail hentry category-communique-de-presse tag-autochtone tag-comite-des-programmes-internationaux tag-communaute-rurale tag-femmes tag-la-via-campesina-lvc-fr tag-les-jeunes tag-pande-bipoc tag-solidarite-internationale tag-souverainete-alimentaire\">\n\n<div class=\"wp-block-group is-layout-flow wp-block-group-is-layout-flow\" style=\"padding-top:30px;padding-right:30px;padding-bottom:30px;padding-left:30px\"><figure style=\"aspect-ratio:4\/3;\" class=\"wp-block-post-featured-image\"><a href=\"https:\/\/www.nfu.ca\/fr\/agrarian-reform-transformative-rural-development-in-na\/\" target=\"_self\"  ><img loading=\"lazy\" decoding=\"async\" width=\"920\" height=\"347\" src=\"https:\/\/www.nfu.ca\/wp-content\/uploads\/2026\/03\/icarrd-20-launch-banner_02.jpg\" class=\"attachment-post-thumbnail size-post-thumbnail wp-post-image\" alt=\"Les mouvements de fermiers aux \u00c9tats-Unis et au Canada appellent \u00e0 une r\u00e9forme agraire et \u00e0 un d\u00e9veloppement rural transformateur en Am\u00e9rique du Nord\" style=\"width:100%;height:100%;object-fit:cover;\" srcset=\"https:\/\/www.nfu.ca\/wp-content\/uploads\/2026\/03\/icarrd-20-launch-banner_02.jpg 920w, https:\/\/www.nfu.ca\/wp-content\/uploads\/2026\/03\/icarrd-20-launch-banner_02-300x113.jpg 300w, https:\/\/www.nfu.ca\/wp-content\/uploads\/2026\/03\/icarrd-20-launch-banner_02-768x290.jpg 768w\" sizes=\"auto, (max-width: 920px) 100vw, 920px\" \/><\/a><\/figure>\n\n<div class=\"wp-block-post-date\"><time datetime=\"2026-03-12T15:44:53-06:00\">12 mars 2026<\/time><\/div>\n\n<h6 class=\"wp-block-post-title\"><a href=\"https:\/\/www.nfu.ca\/fr\/agrarian-reform-transformative-rural-development-in-na\/\" target=\"_self\" >Les mouvements de fermiers aux \u00c9tats-Unis et au Canada appellent \u00e0 une r\u00e9forme agraire et \u00e0 un d\u00e9veloppement rural transformateur en Am\u00e9rique du Nord<\/a><\/h6><\/div>\n\n<\/li><li class=\"wp-block-post post-26536 post type-post status-publish format-standard has-post-thumbnail hentry category-lettre tag-pande-bipoc tag-solidarite-internationale tag-souverainete-alimentaire\">\n\n<div class=\"wp-block-group is-layout-flow wp-block-group-is-layout-flow\" style=\"padding-top:30px;padding-right:30px;padding-bottom:30px;padding-left:30px\"><figure style=\"aspect-ratio:4\/3;\" class=\"wp-block-post-featured-image\"><a href=\"https:\/\/www.nfu.ca\/fr\/re-demande-de-communication-au-gouvernement-bresilien-sur-les-plantations-deucalyptus\/\" target=\"_self\"  ><img loading=\"lazy\" decoding=\"async\" width=\"1800\" height=\"1200\" src=\"https:\/\/www.nfu.ca\/wp-content\/uploads\/2023\/10\/Copy-of-Cutting-eucalyptus-Orin-Langelle-2.jpeg\" class=\"attachment-post-thumbnail size-post-thumbnail wp-post-image\" alt=\"RE : Demande de communication au gouvernement br\u00e9silien sur les plantations d&rsquo;eucalyptus\" style=\"width:100%;height:100%;object-fit:cover;\" srcset=\"https:\/\/www.nfu.ca\/wp-content\/uploads\/2023\/10\/Copy-of-Cutting-eucalyptus-Orin-Langelle-2.jpeg 1800w, https:\/\/www.nfu.ca\/wp-content\/uploads\/2023\/10\/Copy-of-Cutting-eucalyptus-Orin-Langelle-2-300x200.jpeg 300w, https:\/\/www.nfu.ca\/wp-content\/uploads\/2023\/10\/Copy-of-Cutting-eucalyptus-Orin-Langelle-2-1024x683.jpeg 1024w, https:\/\/www.nfu.ca\/wp-content\/uploads\/2023\/10\/Copy-of-Cutting-eucalyptus-Orin-Langelle-2-768x512.jpeg 768w, https:\/\/www.nfu.ca\/wp-content\/uploads\/2023\/10\/Copy-of-Cutting-eucalyptus-Orin-Langelle-2-1536x1024.jpeg 1536w, https:\/\/www.nfu.ca\/wp-content\/uploads\/2023\/10\/Copy-of-Cutting-eucalyptus-Orin-Langelle-2-1600x1067.jpeg 1600w\" sizes=\"auto, (max-width: 1800px) 100vw, 1800px\" \/><\/a><\/figure>\n\n<div class=\"wp-block-post-date\"><time datetime=\"2024-03-04T08:28:44-06:00\">4 mars 2024<\/time><\/div>\n\n<h6 class=\"wp-block-post-title\"><a href=\"https:\/\/www.nfu.ca\/fr\/re-demande-de-communication-au-gouvernement-bresilien-sur-les-plantations-deucalyptus\/\" target=\"_self\" >RE : Demande de communication au gouvernement br\u00e9silien sur les plantations d&rsquo;eucalyptus<\/a><\/h6><\/div>\n\n<\/li><li class=\"wp-block-post post-26518 post type-post status-publish format-standard has-post-thumbnail hentry category-communique-de-presse tag-comite-des-programmes-internationaux tag-la-via-campesina-lvc-fr tag-pande-bipoc tag-travailleurs-agricoles post_campaign-sante-mentale-fr\">\n\n<div class=\"wp-block-group is-layout-flow wp-block-group-is-layout-flow\" style=\"padding-top:30px;padding-right:30px;padding-bottom:30px;padding-left:30px\"><figure style=\"aspect-ratio:4\/3;\" class=\"wp-block-post-featured-image\"><a href=\"https:\/\/www.nfu.ca\/fr\/lunf-demande-au-gouvernement-dagir-pour-remedier-a-linjustice-systemique-dont-sont-victimes-les-travailleurs-etrangers-au-noir\/\" target=\"_self\"  ><img loading=\"lazy\" decoding=\"async\" width=\"989\" height=\"681\" src=\"https:\/\/www.nfu.ca\/wp-content\/uploads\/2020\/09\/Migrant-rights-demo.jpg\" class=\"attachment-post-thumbnail size-post-thumbnail wp-post-image\" alt=\"\u00c0 l&rsquo;occasion de la Journ\u00e9e internationale des migrants, l&rsquo;UNF demande au gouvernement d&rsquo;agir pour rem\u00e9dier \u00e0 l&rsquo;injustice syst\u00e9mique des programmes canadiens de travailleurs \u00e9trangers temporaires.\" style=\"width:100%;height:100%;object-fit:cover;\" srcset=\"https:\/\/www.nfu.ca\/wp-content\/uploads\/2020\/09\/Migrant-rights-demo.jpg 989w, https:\/\/www.nfu.ca\/wp-content\/uploads\/2020\/09\/Migrant-rights-demo-300x207.jpg 300w, https:\/\/www.nfu.ca\/wp-content\/uploads\/2020\/09\/Migrant-rights-demo-768x529.jpg 768w\" sizes=\"auto, (max-width: 989px) 100vw, 989px\" \/><\/a><\/figure>\n\n<div class=\"wp-block-post-date\"><time datetime=\"2023-12-18T08:31:33-06:00\">18 d\u00e9cembre 2023<\/time><\/div>\n\n<h6 class=\"wp-block-post-title\"><a href=\"https:\/\/www.nfu.ca\/fr\/lunf-demande-au-gouvernement-dagir-pour-remedier-a-linjustice-systemique-dont-sont-victimes-les-travailleurs-etrangers-au-noir\/\" target=\"_self\" >\u00c0 l&rsquo;occasion de la Journ\u00e9e internationale des migrants, l&rsquo;UNF demande au gouvernement d&rsquo;agir pour rem\u00e9dier \u00e0 l&rsquo;injustice syst\u00e9mique des programmes canadiens de travailleurs \u00e9trangers temporaires.<\/a><\/h6><\/div>\n\n<\/li><\/ul><\/div>\n<\/div><\/div><\/div>\n<\/div><\/div>\n","protected":false},"excerpt":{"rendered":"<p>des personnes de couleur, des fermiers, des travailleurs agricoles et des intendants de la terre travaillant ensemble pour offrir un soutien de pair \u00e0 pair, des opportunit\u00e9s de partage des connaissances, un espace pour les personnes PANDC pour d\u00e9velopper des liens profonds, et pour d\u00e9manteler les barri\u00e8res \u00e0 l&rsquo;entr\u00e9e et \u00e0 la r\u00e9ussite dans l&rsquo;agriculture, alors que nous travaillons vers un syst\u00e8me alimentaire \u00e9quitable.<\/p>\n","protected":false},"author":3,"featured_media":25988,"parent":26418,"menu_order":1,"comment_status":"closed","ping_status":"closed","template":"tmpl-blocks-contained.php","meta":{"_acf_changed":false,"_tec_requires_first_save":true,"_EventAllDay":false,"_EventTimezone":"","_EventStartDate":"","_EventEndDate":"","_EventStartDateUTC":"","_EventEndDateUTC":"","_EventShowMap":false,"_EventShowMapLink":false,"_EventURL":"","_EventCost":"","_EventCostDescription":"","_EventCurrencySymbol":"","_EventCurrencyCode":"","_EventCurrencyPosition":"","_EventDateTimeSeparator":"","_EventTimeRangeSeparator":"","_EventOrganizerID":[],"_EventVenueID":[],"_OrganizerEmail":"","_OrganizerPhone":"","_OrganizerWebsite":"","_VenueAddress":"","_VenueCity":"","_VenueCountry":"","_VenueProvince":"","_VenueState":"","_VenueZip":"","_VenuePhone":"","_VenueURL":"","_VenueStateProvince":"","_VenueLat":"","_VenueLng":"","_VenueShowMap":false,"_VenueShowMapLink":false,"_tribe_blocks_recurrence_rules":"","_tribe_blocks_recurrence_description":"","_tribe_blocks_recurrence_exclusions":"","_ecp_custom_4":"","_ecp_custom_7":"","_ecp_custom_9":"","_ecp_custom_10":"","_ecp_custom_12":"","_ecp_custom_13":"","footnotes":""},"post_region":[],"post_campaign":[],"class_list":["post-26248","page","type-page","status-publish","has-post-thumbnail","hentry"],"acf":[],"_links":{"self":[{"href":"https:\/\/www.nfu.ca\/fr\/wp-json\/wp\/v2\/pages\/26248","targetHints":{"allow":["GET"]}}],"collection":[{"href":"https:\/\/www.nfu.ca\/fr\/wp-json\/wp\/v2\/pages"}],"about":[{"href":"https:\/\/www.nfu.ca\/fr\/wp-json\/wp\/v2\/types\/page"}],"author":[{"embeddable":true,"href":"https:\/\/www.nfu.ca\/fr\/wp-json\/wp\/v2\/users\/3"}],"replies":[{"embeddable":true,"href":"https:\/\/www.nfu.ca\/fr\/wp-json\/wp\/v2\/comments?post=26248"}],"version-history":[{"count":6,"href":"https:\/\/www.nfu.ca\/fr\/wp-json\/wp\/v2\/pages\/26248\/revisions"}],"predecessor-version":[{"id":49738,"href":"https:\/\/www.nfu.ca\/fr\/wp-json\/wp\/v2\/pages\/26248\/revisions\/49738"}],"up":[{"embeddable":true,"href":"https:\/\/www.nfu.ca\/fr\/wp-json\/wp\/v2\/pages\/26418"}],"wp:featuredmedia":[{"embeddable":true,"href":"https:\/\/www.nfu.ca\/fr\/wp-json\/wp\/v2\/media\/25988"}],"wp:attachment":[{"href":"https:\/\/www.nfu.ca\/fr\/wp-json\/wp\/v2\/media?parent=26248"}],"wp:term":[{"taxonomy":"post_region","embeddable":true,"href":"https:\/\/www.nfu.ca\/fr\/wp-json\/wp\/v2\/post_region?post=26248"},{"taxonomy":"post_campaign","embeddable":true,"href":"https:\/\/www.nfu.ca\/fr\/wp-json\/wp\/v2\/post_campaign?post=26248"}],"curies":[{"name":"wp","href":"https:\/\/api.w.org\/{rel}","templated":true}]}}