
{"id":26145,"date":"2024-04-04T15:34:45","date_gmt":"2024-04-04T21:34:45","guid":{"rendered":"https:\/\/www.nfu.ca\/le-betail\/bibliotheque-video-du-betail\/"},"modified":"2024-07-10T16:33:25","modified_gmt":"2024-07-10T22:33:25","slug":"bibliotheque-video-du-betail","status":"publish","type":"page","link":"https:\/\/www.nfu.ca\/fr\/apprendre\/le-betail\/bibliotheque-video-du-betail\/","title":{"rendered":"B\u00e9tail &#8211; Vid\u00e9oth\u00e8que"},"content":{"rendered":"\n<header class=\"wp-block-cover alignfull has-custom-content-position is-position-bottom-center banner-top\" id=\"banner-top\"><span aria-hidden=\"true\" class=\"wp-block-cover__background has-background-dim has-background-gradient\" style=\"background:linear-gradient(180deg,rgba(0,0,0,0.97) 0%,rgba(0,0,0,0.05) 69%)\"><\/span><img loading=\"lazy\" decoding=\"async\" width=\"1900\" height=\"734\" src=\"https:\/\/www.nfu.ca\/wp-content\/uploads\/2024\/04\/nfu-learn-issues-livestock-cows.jpeg\" class=\"wp-block-cover__image-background wp-post-image\" alt=\"\" data-object-fit=\"cover\" srcset=\"https:\/\/www.nfu.ca\/wp-content\/uploads\/2024\/04\/nfu-learn-issues-livestock-cows.jpeg 1900w, https:\/\/www.nfu.ca\/wp-content\/uploads\/2024\/04\/nfu-learn-issues-livestock-cows-300x116.jpeg 300w, https:\/\/www.nfu.ca\/wp-content\/uploads\/2024\/04\/nfu-learn-issues-livestock-cows-1024x396.jpeg 1024w, https:\/\/www.nfu.ca\/wp-content\/uploads\/2024\/04\/nfu-learn-issues-livestock-cows-768x297.jpeg 768w, https:\/\/www.nfu.ca\/wp-content\/uploads\/2024\/04\/nfu-learn-issues-livestock-cows-1536x593.jpeg 1536w, https:\/\/www.nfu.ca\/wp-content\/uploads\/2024\/04\/nfu-learn-issues-livestock-cows-1600x618.jpeg 1600w\" sizes=\"auto, (max-width: 1900px) 100vw, 1900px\" \/><div class=\"wp-block-cover__inner-container is-layout-flow wp-block-cover-is-layout-flow\">\n<p class=\"has-text-align-left has-large-font-size\"><\/p>\n<\/div><\/header>\n<ol class=\"breadcrumb\"><li><a href=\"https:\/\/www.nfu.ca\/fr\/\">National Farmers Union<\/a><\/li><\/ol>\n\n<div class=\"wp-block-stackable-heading stk-block-heading stk-block-heading--v2 stk-block stk-c87b61d\" id=\"livestock-video-library\" data-block-id=\"c87b61d\"><h1 class=\"stk-block-heading__text\">\u00c9levage &#8211; Vid\u00e9oth\u00e8que<\/h1><\/div>\n\n<div class=\"wp-block-stackable-columns stk-block-columns stk-block stk-54b76e7 content-upper\" id=\"content-upper\" data-block-id=\"54b76e7\"><div class=\"stk-row stk-inner-blocks has-text-align-left stk-block-content stk-content-align stk-54b76e7-column\">\n<div class=\"wp-block-stackable-column stk-block-column stk-column stk-block stk-ef63229\" data-v=\"4\" data-block-id=\"ef63229\"><style>@media screen and (min-width:768px){.stk-ef63229{flex:var(--stk-flex-grow,1) 1 calc(66.666% - var(--stk-column-gap,0px) * 1 \/ 2 ) !important}}<\/style><div class=\"stk-column-wrapper stk-block-column__content stk-container stk-ef63229-container stk--no-background stk--no-padding\"><div class=\"has-text-align-left stk-block-content stk-inner-blocks stk-ef63229-inner-blocks\">\n<ul class=\"wp-block-list\">\n<li>Back to Roots Farm &#8211; Profondeur de champ<a rel=\"noopener\" target=\"_blank\" href=\"https:\/\/youtu.be\/TaA_SYq-faE?si=Z5WsQtnfEDlBmaaw\">(https:\/\/youtu.be\/TaA_SYq-faE?si=Z5WsQtnfEDlBmaaw)<\/a>\n<ul class=\"wp-block-list\">\n<li>Back to Roots Farm est une ferme familiale qui cultive des l\u00e9gumes vari\u00e9s, des ch\u00e8vres en libert\u00e9 et des poules pondeuses pour les \u0153ufs sur 78 acres. Ils croient en la n\u00e9cessit\u00e9 de reconnecter les gens avec leur source de nourriture et en l&rsquo;importance des mod\u00e8les d&rsquo;agriculture r\u00e9g\u00e9n\u00e9ratrice, tels que le p\u00e2turage en rotation, qui cr\u00e9e un \u00e9cosyst\u00e8me \u00e9quilibr\u00e9 sur l&rsquo;exploitation.  <\/li>\n\n\n\n<li>L&rsquo;UNF s&rsquo;est associ\u00e9e aux documentaristes prim\u00e9s de March Forth Creative Inc. pour produire et pr\u00e9senter Depth of Field : Films sur l&rsquo;agriculture &#8211; une s\u00e9rie de courts documentaires pr\u00e9sentant des histoires de fermes individuelles \u00e0 travers le Canada et mettant l&rsquo;accent sur l&rsquo;agriculture durable. Pour visionner d&rsquo;autres films sur les \u00e9leveurs de b\u00e9tail et autres fermiers, visitez le site <a href=\"https:\/\/www.youtube.com\/redirect?event=video_description&amp;redir_token=QUFFLUhqbnBTYXhSY0otZFc1c2w2NHItMVlVeW40Y1hsd3xBQ3Jtc0ttOFBiUkEycVJ4clUwanRNbFVSUHQtWGxpTzBiUlM2SXMtRUxGbTFTQ0hzYm9BcUFncnl1RGNPaGJ6ZXItU1VmNE1KMUpJTUNxODQ1UFQ0dnpteFdNWnZtNm11V2V5Wk5MUHlXU2pQZWRGYTdzNTctdw&amp;q=https%3A%2F%2Fwww.nfu.ca%2Ffilmsaboutfarming%2F&amp;v=TaA_SYq-faE\">https:\/\/www.nfu.ca\/filmsaboutfarming\/<\/a>.<\/li>\n<\/ul>\n<\/li>\n\n\n\n<li>Les fermiers face \u00e0 la concentration avec Julia Smith sur la production de viande \u00e0 petite \u00e9chelle<a rel=\"noopener\" target=\"_blank\" href=\"https:\/\/youtu.be\/ageaefUHtsE\">(https:\/\/youtu.be\/ageaefUHtsE)<\/a>\n<ul class=\"wp-block-list\">\n<li>Novembre 2022<\/li>\n\n\n\n<li>Julia Smith est membre du comit\u00e9 de l&rsquo;\u00e9levage de l&rsquo;UNF. Elle est \u00e9galement directrice ex\u00e9cutive et chef de projet de l&rsquo;association des producteurs de viande \u00e0 petite \u00e9chelle de la Colombie-Britannique. Elle est une avocate d\u00e9termin\u00e9e et franche de la d\u00e9centralisation des syst\u00e8mes alimentaires, et de la production de viande en particulier.  <\/li>\n<\/ul>\n<\/li>\n\n\n\n<li>Gestion des p\u00e2turages : Un outil de base dans notre bo\u00eete \u00e0 outils du changement climatique<a rel=\"noopener\" target=\"_blank\" href=\"https:\/\/youtu.be\/r34Kj2oJSUw\">(https:\/\/youtu.be\/r34Kj2oJSUw)<\/a>\n<ul class=\"wp-block-list\">\n<li>13 janvier 2022<\/li>\n\n\n\n<li>Lydia Carpenter (MB) et Paul Slomp (QC), membres de l&rsquo;UNF, partagent leurs exp\u00e9riences et analyses sur le terrain concernant le p\u00e2turage, la gestion de l&rsquo;herbe, la construction des sols, l&rsquo;adaptation au climat, la r\u00e9silience et l&rsquo;\u00e9conomie de la production animale. Une plong\u00e9e profonde dans la fa\u00e7on dont l&rsquo;herbe, les p\u00e2turages, le sol, les nutriments et les animaux peuvent \u00eatre des \u00e9l\u00e9ments cl\u00e9s des solutions agricoles globales en mati\u00e8re de climat. Une session inspirante anim\u00e9e par deux fermi\u00e8res leaders de l&rsquo;UNF !<\/li>\n<\/ul>\n<\/li>\n\n\n\n<li>Davey Creek Ranch &#8211; Profondeur de champ<a rel=\"noopener\" target=\"_blank\" href=\"https:\/\/youtu.be\/BEcETxizJmA?si=0JIRgPFYOoB2_wza\">(https:\/\/youtu.be\/BEcETxizJmA?si=0JIRgPFYOoB2_wza)<\/a>\n<ul class=\"wp-block-list\">\n<li>Davey Creek Ranch est une ferme situ\u00e9e dans le centre-sud de l&rsquo;Alberta, d\u00e9tenue et exploit\u00e9e par Glenn et Patricia Norman. \u00c0 l&rsquo;origine, il s&rsquo;agissait d&rsquo;une exploitation d&rsquo;\u00e9levage de vaches et de veaux qui produisait tous ses propres aliments, mais face \u00e0 des d\u00e9cennies de prix bas du b\u00e9tail et au vieillissement des exploitants, il fallait changer les choses. Il y a une dizaine d&rsquo;ann\u00e9es, ils ont donc transform\u00e9 la ferme en une entreprise de vente directe. Ils ont r\u00e9duit le nombre de leurs vaches et ont choisi de commercialiser directement aux consommateurs la viande de b\u0153uf finie \u00e9lev\u00e9e \u00e0 la ferme. Ils produisent et commercialisent \u00e9galement du foin et du miel de qualit\u00e9.<\/li>\n\n\n\n<li>L&rsquo;UNF s&rsquo;est associ\u00e9e aux documentaristes prim\u00e9s de March Forth Creative Inc. pour produire et pr\u00e9senter Depth of Field : Films sur l&rsquo;agriculture &#8211; une s\u00e9rie de courts documentaires pr\u00e9sentant des histoires de fermes individuelles \u00e0 travers le Canada et mettant l&rsquo;accent sur l&rsquo;agriculture durable. Pour visionner d&rsquo;autres films sur les \u00e9leveurs de b\u00e9tail et autres fermiers, visitez le site <a href=\"https:\/\/www.youtube.com\/redirect?event=video_description&amp;redir_token=QUFFLUhqbnBTYXhSY0otZFc1c2w2NHItMVlVeW40Y1hsd3xBQ3Jtc0ttOFBiUkEycVJ4clUwanRNbFVSUHQtWGxpTzBiUlM2SXMtRUxGbTFTQ0hzYm9BcUFncnl1RGNPaGJ6ZXItU1VmNE1KMUpJTUNxODQ1UFQ0dnpteFdNWnZtNm11V2V5Wk5MUHlXU2pQZWRGYTdzNTctdw&amp;q=https%3A%2F%2Fwww.nfu.ca%2Ffilmsaboutfarming%2F&amp;v=TaA_SYq-faE\">https:\/\/www.nfu.ca\/filmsaboutfarming\/<\/a>.<\/li>\n<\/ul>\n<\/li>\n\n\n\n<li>Faire le point sur les r\u00e9glementations relatives aux abattoirs | Convention de l&rsquo;UNF 2021<a rel=\"noopener\" target=\"_blank\" href=\"https:\/\/youtu.be\/ui_dz936jDc\">(https:\/\/youtu.be\/ui_dz936jDc<\/a>)\n<ul class=\"wp-block-list\">\n<li>Novembre 2021<\/li>\n\n\n\n<li>Tim Dowling co-g\u00e8re 80 t\u00eates de bovins nourris \u00e0 l&rsquo;herbe, du v\u00ealage \u00e0 la finition, sur l&rsquo;\u00eele Howe, en Ontario. Il se concentre sur la gestion des p\u00e2turages en rotation afin d&rsquo;am\u00e9liorer la vie du sol et la productivit\u00e9 des animaux. Auparavant, il a \u00e9t\u00e9 pr\u00e9sident du comit\u00e9 national de l&rsquo;\u00e9levage de l&rsquo;UNF et membre du groupe de travail sur les abattoirs dans la r\u00e9gion 3 (Ontario).<\/li>\n<\/ul>\n<\/li>\n\n\n\n<li>\u00c0 qui profitent les \u00ab\u00a0fausses viandes\u00a0\u00bb ? La Silicone Valley et l&rsquo;avenir de l&rsquo;agriculture<a rel=\"noopener\" target=\"_blank\" href=\"https:\/\/youtu.be\/BAHdPx8QzbQ\">(https:\/\/youtu.be\/BAHdPx8QzbQ)<\/a>\n<ul class=\"wp-block-list\">\n<li>29 avril 2021<\/li>\n\n\n\n<li>Elisabeth Abergel est professeur au d\u00e9partement de sociologie et \u00e0 l&rsquo;Institut des sciences de l&rsquo;environnement de l&rsquo;Universit\u00e9 du Qu\u00e9bec \u00e0 Montr\u00e9al (UQAM). Son intervention porte sur l&rsquo;\u00e9valuation critique du domaine de l&rsquo;agriculture cellulaire et remet en question ses pr\u00e9tentions en mati\u00e8re de sant\u00e9, de bien-\u00eatre animal et d&rsquo;att\u00e9nuation des effets du changement climatique. Qu&rsquo;est-ce que l&rsquo;expansion des produits de remplacement des animaux implique pour les fermi\u00e8res canadiennes ? Cliquez ici pour la version fran\u00e7aise.<a rel=\"noopener\" target=\"_blank\" href=\"https:\/\/youtu.be\/A-olqMJ_aL4\">(https:\/\/youtu.be\/A-olqMJ_aL4)<\/a><\/li>\n<\/ul>\n<\/li>\n\n\n\n<li>Black Sheep Farm &#8211; Profondeur de champ<a rel=\"noopener\" target=\"_blank\" href=\"https:\/\/youtu.be\/hLKF-BIXv9A?si=wGVzfxNbkrImtVg7\">(https:\/\/youtu.be\/hLKF-BIXv9A?si=wGVzfxNbkrImtVg7)<\/a>\n<ul class=\"wp-block-list\">\n<li>Black Sheep Farm est une ferme agro\u00e9cologique dirig\u00e9e par Brenda Hsueh et Skyler Radojkovic. Ils \u00e9l\u00e8vent des moutons dans des p\u00e2turages g\u00e9r\u00e9s de mani\u00e8re intensive, afin de maximiser les effets des ruminants sur l&rsquo;\u00e9dification des sols, tout en produisant de la viande et des fibres \u00e0 partir de l&rsquo;herbe et de la lumi\u00e8re du soleil. Ils veulent que l&rsquo;agriculture devienne le sauveur de la crise climatique qu&rsquo;elle devrait \u00eatre, en construisant des sols, en pi\u00e9geant le carbone, en \u00e9tant une \u00e9ponge \u00e0 humidit\u00e9, en augmentant la biodiversit\u00e9, tout en nourrissant les gens sans s&rsquo;exploiter eux-m\u00eames ou les personnes avec lesquelles ils travaillent.<\/li>\n\n\n\n<li>L&rsquo;UNF s&rsquo;est associ\u00e9e aux documentaristes prim\u00e9s de March Forth Creative Inc. pour produire et pr\u00e9senter Depth of Field : Films sur l&rsquo;agriculture &#8211; une s\u00e9rie de courts documentaires pr\u00e9sentant des histoires de fermes individuelles \u00e0 travers le Canada et mettant l&rsquo;accent sur l&rsquo;agriculture durable. Pour visionner d&rsquo;autres films sur les \u00e9leveurs de b\u00e9tail et autres fermiers, visitez le site <a href=\"https:\/\/www.youtube.com\/redirect?event=video_description&amp;redir_token=QUFFLUhqbnBTYXhSY0otZFc1c2w2NHItMVlVeW40Y1hsd3xBQ3Jtc0ttOFBiUkEycVJ4clUwanRNbFVSUHQtWGxpTzBiUlM2SXMtRUxGbTFTQ0hzYm9BcUFncnl1RGNPaGJ6ZXItU1VmNE1KMUpJTUNxODQ1UFQ0dnpteFdNWnZtNm11V2V5Wk5MUHlXU2pQZWRGYTdzNTctdw&amp;q=https%3A%2F%2Fwww.nfu.ca%2Ffilmsaboutfarming%2F&amp;v=TaA_SYq-faE\">https:\/\/www.nfu.ca\/filmsaboutfarming\/<\/a>.<\/li>\n<\/ul>\n<\/li>\n\n\n\n<li>Mooove over Cargill ! | Convention de l&rsquo;UNF 2020<a rel=\"noopener\" target=\"_blank\" href=\"https:\/\/youtu.be\/sB76tDTT7RU\">(https:\/\/youtu.be\/sB76tDTT7RU)<\/a>\n<ul class=\"wp-block-list\">\n<li>Novembre 2020<\/li>\n<\/ul>\n<\/li>\n<\/ul>\n\n\n\n<p>La consolidation des entreprises dans le secteur de l&rsquo;\u00e9levage a aggrav\u00e9 la situation des fermi\u00e8res, des travailleurs, des consommateurs et de l&rsquo;\u00e9cosyst\u00e8me. Le conf\u00e9rencier <a href=\"https:\/\/www.nfu.ca\/conf-speaker\/devlin-kuyek\/\">Devlin Kuyek<\/a> examinera comment le syst\u00e8me canadien du b\u00e9tail et de la viande est pass\u00e9 d&rsquo;un secteur dispers\u00e9, r\u00e9gional et appartenant \u00e0 des int\u00e9r\u00eats canadiens au syst\u00e8me hautement concentr\u00e9 et appartenant \u00e0 des int\u00e9r\u00eats \u00e9trangers que nous connaissons aujourd&rsquo;hui &#8211; et les impacts que ce changement a eus. <a href=\"https:\/\/www.nfu.ca\/conf-speaker\/tony-mcquail\/\">Tony McQuail<\/a> expliquera comment le b\u00e9tail joue un r\u00f4le dans les syst\u00e8mes alimentaires \u00e9cologiques d&rsquo;aujourd&rsquo;hui. Ensemble, les participants au webinaire discuteront et envisageront un avenir meilleur pour les fermiers, les travailleurs, les consommateurs, les animaux et l&rsquo;environnement &#8211; et proposeront de nouvelles id\u00e9es de politiques qui peuvent nous mener vers une vision de l&rsquo;agro\u00e9cologie et de la souverainet\u00e9 alimentaire pour le Canada.<\/p>\n<\/div><\/div><\/div>\n\n\n\n<div class=\"wp-block-stackable-column stk-block-column stk-column stk-block stk-5eb44eb\" data-v=\"4\" data-block-id=\"5eb44eb\"><style>@media screen and (min-width:768px){.stk-5eb44eb{flex:var(--stk-flex-grow,1) 1 calc(33.334% - var(--stk-column-gap,0px) * 1 \/ 2 ) !important}}<\/style><div class=\"stk-column-wrapper stk-block-column__content stk-container stk-5eb44eb-container stk--no-background stk--no-padding\"><div class=\"stk-block-content stk-inner-blocks stk-5eb44eb-inner-blocks\"><nav class=\"is-vertical no-wrap wp-block-navigation is-nowrap is-layout-flex wp-container-core-navigation-is-layout-947ac36b wp-block-navigation-is-layout-flex\" aria-label=\"Issue Nav - Livestock\"><ul class=\"wp-block-navigation__container  is-vertical no-wrap wp-block-navigation\"><li class=\" wp-block-navigation-item wp-block-navigation-link\"><a class=\"wp-block-navigation-item__content\"  href=\"https:\/\/www.nfu.ca\/learn\/livestock\/\"><span class=\"wp-block-navigation-item__label\">Livestock &#8211; Overview<\/span><\/a><\/li><li class=\" wp-block-navigation-item wp-block-navigation-link\"><a class=\"wp-block-navigation-item__content\"  href=\"https:\/\/www.nfu.ca\/learn\/livestock\/livestock-video-library\/\"><span class=\"wp-block-navigation-item__label\">Video Library<\/span><\/a><\/li><li class=\" wp-block-navigation-item wp-block-navigation-link\"><a class=\"wp-block-navigation-item__content\"  href=\"https:\/\/www.nfu.ca\/learn\/livestock\/corporate-concentration-of-the-livestock-industry\/\"><span class=\"wp-block-navigation-item__label\">Corporate concentration of the livestock industry<\/span><\/a><\/li><li class=\" wp-block-navigation-item wp-block-navigation-link\"><a class=\"wp-block-navigation-item__content\"  href=\"https:\/\/www.nfu.ca\/learn\/livestock\/direct-marketing-and-local-food\/\"><span class=\"wp-block-navigation-item__label\">Direct marketing and local food<\/span><\/a><\/li><li class=\" wp-block-navigation-item wp-block-navigation-link\"><a class=\"wp-block-navigation-item__content\"  href=\"https:\/\/www.nfu.ca\/learn\/livestock\/animal-health-and-welfare\/\"><span class=\"wp-block-navigation-item__label\">Animal health and welfare<\/span><\/a><\/li><li class=\" wp-block-navigation-item wp-block-navigation-link\"><a class=\"wp-block-navigation-item__content\"  href=\"https:\/\/www.nfu.ca\/learn\/livestock\/livestock-and-trade\/\"><span class=\"wp-block-navigation-item__label\">Livestock and trade<\/span><\/a><\/li><li class=\" wp-block-navigation-item wp-block-navigation-link\"><a class=\"wp-block-navigation-item__content\"  href=\"https:\/\/www.nfu.ca\/learn\/livestock\/livestock-and-land\/\"><span class=\"wp-block-navigation-item__label\">Livestock and Land<\/span><\/a><\/li><\/ul><\/nav><\/div><\/div><\/div>\n<\/div><\/div>\n","protected":false},"excerpt":{"rendered":"<p>Parcourez notre vid\u00e9oth\u00e8que sur les questions li\u00e9es \u00e0 l&rsquo;\u00e9levage au Canada.<\/p>\n","protected":false},"author":3,"featured_media":26018,"parent":26139,"menu_order":0,"comment_status":"closed","ping_status":"closed","template":"tmpl-blocks-contained.php","meta":{"_acf_changed":false,"_tec_requires_first_save":true,"_EventAllDay":false,"_EventTimezone":"","_EventStartDate":"","_EventEndDate":"","_EventStartDateUTC":"","_EventEndDateUTC":"","_EventShowMap":false,"_EventShowMapLink":false,"_EventURL":"","_EventCost":"","_EventCostDescription":"","_EventCurrencySymbol":"","_EventCurrencyCode":"","_EventCurrencyPosition":"","_EventDateTimeSeparator":"","_EventTimeRangeSeparator":"","_EventOrganizerID":[],"_EventVenueID":[],"_OrganizerEmail":"","_OrganizerPhone":"","_OrganizerWebsite":"","_VenueAddress":"","_VenueCity":"","_VenueCountry":"","_VenueProvince":"","_VenueState":"","_VenueZip":"","_VenuePhone":"","_VenueURL":"","_VenueStateProvince":"","_VenueLat":"","_VenueLng":"","_VenueShowMap":false,"_VenueShowMapLink":false,"_tribe_blocks_recurrence_rules":"","_tribe_blocks_recurrence_description":"","_tribe_blocks_recurrence_exclusions":"","_ecp_custom_4":"","_ecp_custom_7":"","_ecp_custom_9":"","_ecp_custom_10":"","_ecp_custom_12":"","_ecp_custom_13":"","footnotes":""},"post_region":[],"post_campaign":[342],"class_list":["post-26145","page","type-page","status-publish","has-post-thumbnail","hentry","post_campaign-betail"],"acf":[],"_links":{"self":[{"href":"https:\/\/www.nfu.ca\/fr\/wp-json\/wp\/v2\/pages\/26145","targetHints":{"allow":["GET"]}}],"collection":[{"href":"https:\/\/www.nfu.ca\/fr\/wp-json\/wp\/v2\/pages"}],"about":[{"href":"https:\/\/www.nfu.ca\/fr\/wp-json\/wp\/v2\/types\/page"}],"author":[{"embeddable":true,"href":"https:\/\/www.nfu.ca\/fr\/wp-json\/wp\/v2\/users\/3"}],"replies":[{"embeddable":true,"href":"https:\/\/www.nfu.ca\/fr\/wp-json\/wp\/v2\/comments?post=26145"}],"version-history":[{"count":0,"href":"https:\/\/www.nfu.ca\/fr\/wp-json\/wp\/v2\/pages\/26145\/revisions"}],"up":[{"embeddable":true,"href":"https:\/\/www.nfu.ca\/fr\/wp-json\/wp\/v2\/pages\/26139"}],"wp:featuredmedia":[{"embeddable":true,"href":"https:\/\/www.nfu.ca\/fr\/wp-json\/wp\/v2\/media\/26018"}],"wp:attachment":[{"href":"https:\/\/www.nfu.ca\/fr\/wp-json\/wp\/v2\/media?parent=26145"}],"wp:term":[{"taxonomy":"post_region","embeddable":true,"href":"https:\/\/www.nfu.ca\/fr\/wp-json\/wp\/v2\/post_region?post=26145"},{"taxonomy":"post_campaign","embeddable":true,"href":"https:\/\/www.nfu.ca\/fr\/wp-json\/wp\/v2\/post_campaign?post=26145"}],"curies":[{"name":"wp","href":"https:\/\/api.w.org\/{rel}","templated":true}]}}